{"id":87411,"date":"2025-10-17T22:59:10","date_gmt":"2025-10-17T20:59:10","guid":{"rendered":"https:\/\/www.klaus-janowitz.de\/wordpress\/?page_id=87411"},"modified":"2025-10-26T08:25:05","modified_gmt":"2025-10-26T07:25:05","slug":"zur-diskussion","status":"publish","type":"page","link":"https:\/\/www.klaus-janowitz.de\/wordpress\/zur-diskussion\/","title":{"rendered":"Zur Diskussion"},"content":{"rendered":"<p>Auf dieser Seite stehen Texte und Materialen zur Dokumentation. An den Diskussionen bin ich (zumindest im weiteren Sinne) beteiligt &#8211; aber (noch) nicht soweit, dazu einen ausf\u00fchrlichen Text zu schreiben.<\/p>\n<figure id=\"attachment_87289\" aria-describedby=\"caption-attachment-87289\" style=\"width: 374px\" class=\"wp-caption alignleft\"><a href=\"https:\/\/i0.wp.com\/www.klaus-janowitz.de\/wordpress\/wp-content\/uploads\/2025\/09\/alex-shuper-3Ft0a5sK2dk-unsplash-scaled.jpg?ssl=1\"><img data-recalc-dims=\"1\" fetchpriority=\"high\" decoding=\"async\" class=\"wp-image-87289\" src=\"https:\/\/i0.wp.com\/www.klaus-janowitz.de\/wordpress\/wp-content\/uploads\/2025\/09\/alex-shuper-3Ft0a5sK2dk-unsplash.jpg?resize=374%2C249&#038;ssl=1\" alt=\"\" width=\"374\" height=\"249\" srcset=\"https:\/\/i0.wp.com\/www.klaus-janowitz.de\/wordpress\/wp-content\/uploads\/2025\/09\/alex-shuper-3Ft0a5sK2dk-unsplash-scaled.jpg?resize=300%2C200&amp;ssl=1 300w, https:\/\/i0.wp.com\/www.klaus-janowitz.de\/wordpress\/wp-content\/uploads\/2025\/09\/alex-shuper-3Ft0a5sK2dk-unsplash-scaled.jpg?w=1050&amp;ssl=1 1050w, https:\/\/i0.wp.com\/www.klaus-janowitz.de\/wordpress\/wp-content\/uploads\/2025\/09\/alex-shuper-3Ft0a5sK2dk-unsplash-scaled.jpg?w=1575&amp;ssl=1 1575w\" sizes=\"(max-width: 374px) 100vw, 374px\" \/><\/a><figcaption id=\"caption-attachment-87289\" class=\"wp-caption-text\">Bild: alex-shuper &#8211; unsplash +<\/figcaption><\/figure>\n<p>&nbsp;<\/p>\n<p>&nbsp;<\/p>\n<p>&nbsp;<\/p>\n<p>&nbsp;<\/p>\n<p>&nbsp;<\/p>\n<p>&nbsp;<\/p>\n<p>&nbsp;<\/p>\n<p>Ende August (28.08) hatten wir in den K\u00f6lner <em>Startplatz<\/em>\u00a0eingeladen:\u00a0<em><a href=\"https:\/\/www.klaus-janowitz.de\/wordpress\/stille-umbrueche-was-ki-wirklich-veraendert\/\" target=\"_blank\" rel=\"noopener\">Stille Umbr\u00fcche\u00a0 \u2013 Was KI wirklich ver\u00e4ndert<\/a>,<\/em>\u00a0eine Diskussion\u00a0 mit dem Autor\u00a0<em><strong>Frank Witt<\/strong><\/em> zu dessen Buch <em>K\u00fcnstliche Intelligenz: Transformation und Krisen in Wirtschaft und Gesellschaft <\/em>(erschienen Mai 2025 &#8211; <a href=\"https:\/\/www.klaus-janowitz.de\/wordpress\/die-sozialisation-von-maschinen-kuenstliche-intelligenz-transformation-und-krisen-in-wirtschaft-und-gesellschaft\/\" target=\"_blank\" rel=\"noopener\"><em>Link zur Rezension<\/em><\/a>).<\/p>\n<p style=\"text-align: justify;\">Im Anschluss kam es zu engagierten Gespr\u00e4chen zur Zukunft und den Auswirkungen\u00a0 von KI.\u00a0 <em><strong>Detlef Bleise<\/strong> aus Hagen erw\u00e4hnte dabei ein von ihm <\/em>entwickeltes Modell mit dem Titel <em>Think2Move. <\/em>Detlef Bleise ist promovierter Maschinenbau-Ingenieur und seit rund 30 Jahren als Berater t\u00e4tig. Das Modell beruht auf seinen Erfahrungen und enth\u00e4lt zahlreiche Analogien aus dem Denken des Maschinenbaus und der Kognitionswissenschaft \u2013 Begriffe und Konzepte, die f\u00fcr Laien zun\u00e4chst nicht leicht zug\u00e4nglich sind.<em><br \/>\n<\/em>Einige Wochen sp\u00e4ter stellte er das Modell gemeinsam mit<em> Eckhart Siegmann<\/em>, ebenfalls Maschinenbau-Ingenieur, im Startplatz D\u00fcsseldorf vor. Aus den Aufzeichnungen dieses Vortrags wurde das folgende <a href=\"https:\/\/www.klaus-janowitz.de\/pdf\/Vortrag_Bleise_Denkmaschine.pdf\" target=\"_blank\" rel=\"noopener\"><em><strong data-start=\"1520\" data-end=\"1533\">Protokoll<\/strong><\/em><\/a> erstellt. Es dient als Einstieg in die Diskussion und erhebt noch keinen Anspruch auf wissenschaftliche Vollst\u00e4ndigkeit oder Begutachtung.<em><br \/>\nThink2Move-Denkmaschine<\/em> ist\u00a0 ein systematisches Innovationsmodell, das \u00fcber 30 Jahre entwickelt wurde. Ziel ist es, Innovation methodisch zu erzeugen, und zwar durch 28 Denkoperatoren, die in vier Phasen gegliedert sind: Reduzieren, Transformieren, Differenzieren, Integrieren.<\/p>\n<p><a href=\"https:\/\/www.klaus-janowitz.de\/pdf\/Vortrag_Bleise_Denkmaschine.pdf\" target=\"_blank\" rel=\"noopener\">Protokoll Vortrag <em>Think2Move-Denkmaschine <\/em>D\u00fcsseldorf 10.10<\/a>.<\/p>\n<p><!-- Matomo --><br \/>\n<script type=\"text\/javascript\">\n  var _paq = window._paq || [];\n  \/* tracker methods like \"setCustomDimension\" should be called before \"trackPageView\" *\/\n  _paq.push(['trackPageView']);\n  _paq.push(['enableLinkTracking']);\n  (function() {\n    var u=\"\/\/www.klaus-janowitz.de\/piwik\/\";\n    _paq.push(['setTrackerUrl', u+'matomo.php']);\n    _paq.push(['setSiteId', '1']);\n    var d=document, g=d.createElement('script'), s=d.getElementsByTagName('script')[0];\n    g.type='text\/javascript'; g.async=true; g.defer=true; g.src=u+'matomo.js'; s.parentNode.insertBefore(g,s);\n  })();\n<\/script><br \/>\n<!-- End Matomo Code --><\/p>\n","protected":false},"excerpt":{"rendered":"<p>Auf dieser Seite stehen Texte und Materialen zur Dokumentation. An den Diskussionen bin ich (zumindest im weiteren Sinne) beteiligt &#8211; aber (noch) nicht soweit, dazu einen ausf\u00fchrlichen Text zu schreiben. &nbsp; &nbsp; &nbsp; &nbsp; &nbsp; &nbsp; &nbsp; Ende August (28.08) hatten wir in den K\u00f6lner Startplatz\u00a0eingeladen:\u00a0Stille Umbr\u00fcche\u00a0 \u2013 Was KI wirklich ver\u00e4ndert,\u00a0eine Diskussion\u00a0 mit dem &hellip; <\/p>\n<p class=\"link-more\"><a href=\"https:\/\/www.klaus-janowitz.de\/wordpress\/zur-diskussion\/\" class=\"more-link\"><span class=\"screen-reader-text\">\u201eZur Diskussion\u201c <\/span>weiterlesen<\/a><\/p>\n","protected":false},"author":1,"featured_media":0,"parent":0,"menu_order":0,"comment_status":"closed","ping_status":"closed","template":"","meta":{"jetpack_post_was_ever_published":false,"activitypub_content_warning":"","activitypub_content_visibility":"","activitypub_max_image_attachments":4,"activitypub_interaction_policy_quote":"","activitypub_status":"","footnotes":""},"class_list":["post-87411","page","type-page","status-publish","hentry"],"yoast_head":"<!-- This site is optimized with the Yoast SEO plugin v27.4 - https:\/\/yoast.com\/product\/yoast-seo-wordpress\/ -->\n<title>Zur Diskussion - Netnographie &amp; Digitaler Wandel<\/title>\n<meta name=\"robots\" content=\"index, follow, max-snippet:-1, max-image-preview:large, max-video-preview:-1\" \/>\n<link rel=\"canonical\" href=\"https:\/\/www.klaus-janowitz.de\/wordpress\/zur-diskussion\/\" \/>\n<meta property=\"og:locale\" content=\"de_DE\" \/>\n<meta property=\"og:type\" content=\"article\" \/>\n<meta property=\"og:title\" content=\"Zur Diskussion - Netnographie &amp; Digitaler Wandel\" \/>\n<meta property=\"og:description\" content=\"Auf dieser Seite stehen Texte und Materialen zur Dokumentation. An den Diskussionen bin ich (zumindest im weiteren Sinne) beteiligt &#8211; aber (noch) nicht soweit, dazu einen ausf\u00fchrlichen Text zu schreiben. &nbsp; &nbsp; &nbsp; &nbsp; &nbsp; &nbsp; &nbsp; Ende August (28.08) hatten wir in den K\u00f6lner Startplatz\u00a0eingeladen:\u00a0Stille Umbr\u00fcche\u00a0 \u2013 Was KI wirklich ver\u00e4ndert,\u00a0eine Diskussion\u00a0 mit dem &hellip; \u201eZur Diskussion\u201c weiterlesen\" \/>\n<meta property=\"og:url\" content=\"https:\/\/www.klaus-janowitz.de\/wordpress\/zur-diskussion\/\" \/>\n<meta property=\"og:site_name\" content=\"Netnographie &amp; Digitaler Wandel\" \/>\n<meta property=\"article:modified_time\" content=\"2025-10-26T07:25:05+00:00\" \/>\n<meta property=\"og:image\" content=\"https:\/\/www.klaus-janowitz.de\/wordpress\/wp-content\/uploads\/2025\/09\/alex-shuper-3Ft0a5sK2dk-unsplash-300x200.jpg\" \/>\n<meta name=\"twitter:card\" content=\"summary_large_image\" \/>\n<meta name=\"twitter:label1\" content=\"Gesch\u00e4tzte Lesezeit\" \/>\n\t<meta name=\"twitter:data1\" content=\"2\u00a0Minuten\" \/>\n<script type=\"application\/ld+json\" class=\"yoast-schema-graph\">{\"@context\":\"https:\\\/\\\/schema.org\",\"@graph\":[{\"@type\":\"WebPage\",\"@id\":\"https:\\\/\\\/www.klaus-janowitz.de\\\/wordpress\\\/zur-diskussion\\\/\",\"url\":\"https:\\\/\\\/www.klaus-janowitz.de\\\/wordpress\\\/zur-diskussion\\\/\",\"name\":\"Zur Diskussion - Netnographie &amp; Digitaler Wandel\",\"isPartOf\":{\"@id\":\"https:\\\/\\\/www.klaus-janowitz.de\\\/wordpress\\\/#website\"},\"primaryImageOfPage\":{\"@id\":\"https:\\\/\\\/www.klaus-janowitz.de\\\/wordpress\\\/zur-diskussion\\\/#primaryimage\"},\"image\":{\"@id\":\"https:\\\/\\\/www.klaus-janowitz.de\\\/wordpress\\\/zur-diskussion\\\/#primaryimage\"},\"thumbnailUrl\":\"https:\\\/\\\/www.klaus-janowitz.de\\\/wordpress\\\/wp-content\\\/uploads\\\/2025\\\/09\\\/alex-shuper-3Ft0a5sK2dk-unsplash-300x200.jpg\",\"datePublished\":\"2025-10-17T20:59:10+00:00\",\"dateModified\":\"2025-10-26T07:25:05+00:00\",\"breadcrumb\":{\"@id\":\"https:\\\/\\\/www.klaus-janowitz.de\\\/wordpress\\\/zur-diskussion\\\/#breadcrumb\"},\"inLanguage\":\"de\",\"potentialAction\":[{\"@type\":\"ReadAction\",\"target\":[\"https:\\\/\\\/www.klaus-janowitz.de\\\/wordpress\\\/zur-diskussion\\\/\"]}]},{\"@type\":\"ImageObject\",\"inLanguage\":\"de\",\"@id\":\"https:\\\/\\\/www.klaus-janowitz.de\\\/wordpress\\\/zur-diskussion\\\/#primaryimage\",\"url\":\"https:\\\/\\\/i0.wp.com\\\/www.klaus-janowitz.de\\\/wordpress\\\/wp-content\\\/uploads\\\/2025\\\/09\\\/alex-shuper-3Ft0a5sK2dk-unsplash-scaled.jpg?fit=2560%2C1707&ssl=1\",\"contentUrl\":\"https:\\\/\\\/i0.wp.com\\\/www.klaus-janowitz.de\\\/wordpress\\\/wp-content\\\/uploads\\\/2025\\\/09\\\/alex-shuper-3Ft0a5sK2dk-unsplash-scaled.jpg?fit=2560%2C1707&ssl=1\",\"width\":2560,\"height\":1707},{\"@type\":\"BreadcrumbList\",\"@id\":\"https:\\\/\\\/www.klaus-janowitz.de\\\/wordpress\\\/zur-diskussion\\\/#breadcrumb\",\"itemListElement\":[{\"@type\":\"ListItem\",\"position\":1,\"name\":\"Startseite\",\"item\":\"https:\\\/\\\/www.klaus-janowitz.de\\\/wordpress\\\/\"},{\"@type\":\"ListItem\",\"position\":2,\"name\":\"Zur Diskussion\"}]},{\"@type\":\"WebSite\",\"@id\":\"https:\\\/\\\/www.klaus-janowitz.de\\\/wordpress\\\/#website\",\"url\":\"https:\\\/\\\/www.klaus-janowitz.de\\\/wordpress\\\/\",\"name\":\"Netnographie &amp; Digitaler Wandel\",\"description\":\"Blog rund um die Themen Netnographie, Online-Kultur und Digitalen Wandel\",\"potentialAction\":[{\"@type\":\"SearchAction\",\"target\":{\"@type\":\"EntryPoint\",\"urlTemplate\":\"https:\\\/\\\/www.klaus-janowitz.de\\\/wordpress\\\/?s={search_term_string}\"},\"query-input\":{\"@type\":\"PropertyValueSpecification\",\"valueRequired\":true,\"valueName\":\"search_term_string\"}}],\"inLanguage\":\"de\"}]}<\/script>\n<!-- \/ Yoast SEO plugin. -->","yoast_head_json":{"title":"Zur Diskussion - Netnographie &amp; Digitaler Wandel","robots":{"index":"index","follow":"follow","max-snippet":"max-snippet:-1","max-image-preview":"max-image-preview:large","max-video-preview":"max-video-preview:-1"},"canonical":"https:\/\/www.klaus-janowitz.de\/wordpress\/zur-diskussion\/","og_locale":"de_DE","og_type":"article","og_title":"Zur Diskussion - Netnographie &amp; Digitaler Wandel","og_description":"Auf dieser Seite stehen Texte und Materialen zur Dokumentation. An den Diskussionen bin ich (zumindest im weiteren Sinne) beteiligt &#8211; aber (noch) nicht soweit, dazu einen ausf\u00fchrlichen Text zu schreiben. &nbsp; &nbsp; &nbsp; &nbsp; &nbsp; &nbsp; &nbsp; Ende August (28.08) hatten wir in den K\u00f6lner Startplatz\u00a0eingeladen:\u00a0Stille Umbr\u00fcche\u00a0 \u2013 Was KI wirklich ver\u00e4ndert,\u00a0eine Diskussion\u00a0 mit dem &hellip; \u201eZur Diskussion\u201c weiterlesen","og_url":"https:\/\/www.klaus-janowitz.de\/wordpress\/zur-diskussion\/","og_site_name":"Netnographie &amp; Digitaler Wandel","article_modified_time":"2025-10-26T07:25:05+00:00","og_image":[{"url":"https:\/\/www.klaus-janowitz.de\/wordpress\/wp-content\/uploads\/2025\/09\/alex-shuper-3Ft0a5sK2dk-unsplash-300x200.jpg","type":"","width":"","height":""}],"twitter_card":"summary_large_image","twitter_misc":{"Gesch\u00e4tzte Lesezeit":"2\u00a0Minuten"},"schema":{"@context":"https:\/\/schema.org","@graph":[{"@type":"WebPage","@id":"https:\/\/www.klaus-janowitz.de\/wordpress\/zur-diskussion\/","url":"https:\/\/www.klaus-janowitz.de\/wordpress\/zur-diskussion\/","name":"Zur Diskussion - Netnographie &amp; Digitaler Wandel","isPartOf":{"@id":"https:\/\/www.klaus-janowitz.de\/wordpress\/#website"},"primaryImageOfPage":{"@id":"https:\/\/www.klaus-janowitz.de\/wordpress\/zur-diskussion\/#primaryimage"},"image":{"@id":"https:\/\/www.klaus-janowitz.de\/wordpress\/zur-diskussion\/#primaryimage"},"thumbnailUrl":"https:\/\/www.klaus-janowitz.de\/wordpress\/wp-content\/uploads\/2025\/09\/alex-shuper-3Ft0a5sK2dk-unsplash-300x200.jpg","datePublished":"2025-10-17T20:59:10+00:00","dateModified":"2025-10-26T07:25:05+00:00","breadcrumb":{"@id":"https:\/\/www.klaus-janowitz.de\/wordpress\/zur-diskussion\/#breadcrumb"},"inLanguage":"de","potentialAction":[{"@type":"ReadAction","target":["https:\/\/www.klaus-janowitz.de\/wordpress\/zur-diskussion\/"]}]},{"@type":"ImageObject","inLanguage":"de","@id":"https:\/\/www.klaus-janowitz.de\/wordpress\/zur-diskussion\/#primaryimage","url":"https:\/\/i0.wp.com\/www.klaus-janowitz.de\/wordpress\/wp-content\/uploads\/2025\/09\/alex-shuper-3Ft0a5sK2dk-unsplash-scaled.jpg?fit=2560%2C1707&ssl=1","contentUrl":"https:\/\/i0.wp.com\/www.klaus-janowitz.de\/wordpress\/wp-content\/uploads\/2025\/09\/alex-shuper-3Ft0a5sK2dk-unsplash-scaled.jpg?fit=2560%2C1707&ssl=1","width":2560,"height":1707},{"@type":"BreadcrumbList","@id":"https:\/\/www.klaus-janowitz.de\/wordpress\/zur-diskussion\/#breadcrumb","itemListElement":[{"@type":"ListItem","position":1,"name":"Startseite","item":"https:\/\/www.klaus-janowitz.de\/wordpress\/"},{"@type":"ListItem","position":2,"name":"Zur Diskussion"}]},{"@type":"WebSite","@id":"https:\/\/www.klaus-janowitz.de\/wordpress\/#website","url":"https:\/\/www.klaus-janowitz.de\/wordpress\/","name":"Netnographie &amp; Digitaler Wandel","description":"Blog rund um die Themen Netnographie, Online-Kultur und Digitalen Wandel","potentialAction":[{"@type":"SearchAction","target":{"@type":"EntryPoint","urlTemplate":"https:\/\/www.klaus-janowitz.de\/wordpress\/?s={search_term_string}"},"query-input":{"@type":"PropertyValueSpecification","valueRequired":true,"valueName":"search_term_string"}}],"inLanguage":"de"}]}},"jetpack_sharing_enabled":true,"jetpack_shortlink":"https:\/\/wp.me\/P15Wn2-mJR","jetpack_likes_enabled":true,"jetpack-related-posts":[{"id":9447,"url":"https:\/\/www.klaus-janowitz.de\/wordpress\/rueckblick-transformation-der-systeme\/","url_meta":{"origin":87411,"position":0},"title":"R\u00fcckblick: Transformation der Systeme","author":"KlausMJan","date":"16. Januar 2017","format":false,"excerpt":"16\/01\/17\u00a0kmjan\u00a0 Zwar liegt die 7. Internetwoche K\u00f6ln (24. - 28.10. 16) schon eine Zeit zur\u00fcck. An zweien der Veranstaltungen war ich massgeblich beteiligt\u00a0- und es lohnt sich auf die Ergebnisse zur\u00fcckzublicken. Zun\u00e4chst die Diskussionsveranstaltung Education 2.0\u00a0im Startplatz am 24.10., am Folgetag dann mit thematischer und personeller \u00dcberschneidung der Workshop Transformation\u2026","rel":"","context":"\u00c4hnlicher Beitrag","block_context":{"text":"\u00c4hnlicher Beitrag","link":""},"img":{"alt_text":"","src":"https:\/\/i0.wp.com\/www.klaus-janowitz.de\/wordpress\/wp-content\/uploads\/2016\/12\/Handel-300x225.jpg?resize=350%2C200","width":350,"height":200},"classes":[]},{"id":7749,"url":"https:\/\/www.klaus-janowitz.de\/wordpress\/digital-signage-touchpoint-und-gamification\/","url_meta":{"origin":87411,"position":1},"title":"Digital Signage, Touchpoint und Gamification","author":"KlausMJan","date":"30. April 2016","format":false,"excerpt":"30\/04\/16\u00a0kmjan Displays sind die\u00a0Fenster in die digitale Welt - Schnittstellen von Information, Kommunikation und oft auch Kaufentscheidungen.\u00a0Allgegenw\u00e4rtig auf den Schreibtischen, als Smartphones in den H\u00e4nden - und\u00a0immer \u00f6fter auch im \u00f6ffentlichen Raum: programmierbare Displays\u00a0treten\u00a0an die Stelle von Informationstafeln, Wegeleitungen und klassischen Werbefl\u00e4chen: Digital Signage\u00a0- auf deutsch nicht ganz treffend \u00a0Digitale\u2026","rel":"","context":"\u00c4hnlicher Beitrag","block_context":{"text":"\u00c4hnlicher Beitrag","link":""},"img":{"alt_text":"MediaLounge","src":"https:\/\/i0.wp.com\/www.klaus-janowitz.de\/wordpress\/wp-content\/uploads\/2016\/04\/MediaLounge-163x300.jpg?resize=350%2C200","width":350,"height":200},"classes":[]},{"id":10090,"url":"https:\/\/www.klaus-janowitz.de\/wordpress\/zukunft-2030\/","url_meta":{"origin":87411,"position":2},"title":"Zukunft 2030 &#8211; Szenarios der Transformation","author":"KlausMJan","date":"5. Juli 2017","format":false,"excerpt":"4\/07\/17\u00a0kmjan Wenn es um Digitalen Wandel bzw.\u00a0Digitale Transformation\u00a0geht es immer auch um Aussagen zur Zukunft. Wohin treibt der Wandel? Wie transformieren sich Systeme?\u00a0Digitale Innovationen haben in den vergangenen Jahrzehnten eine Branche nach der anderen umgekrempelt, \u00a0die \u00f6ffentliche Kommunikation neu definiert, weiterhin treibt Digitalisierung Ver\u00e4nderungen in Wirtschaft und Gesellschaft an. Immer\u2026","rel":"","context":"\u00c4hnlicher Beitrag","block_context":{"text":"\u00c4hnlicher Beitrag","link":""},"img":{"alt_text":"","src":"https:\/\/i0.wp.com\/www.klaus-janowitz.de\/wordpress\/wp-content\/uploads\/2017\/07\/Zukunftslandkarte-277x300.jpg?resize=350%2C200&ssl=1","width":350,"height":200},"classes":[]},{"id":1245,"url":"https:\/\/www.klaus-janowitz.de\/wordpress\/vom-cyberspace-zu-social-media\/","url_meta":{"origin":87411,"position":3},"title":"Vom Cyberspace zu Social Media und weiter&#8230;","author":"KlausMJan","date":"28. Dezember 2011","format":false,"excerpt":"27\/12\/11\u00a0kmjan Web 2.0 - das klingt mittlerweile wie ein Sommerhit der Vorsaison, und so sprang mir neulich ein Titel von einem B\u00fcchertisch mit Restauflagen ins Auge. Web 2.0 war als Konzeptbegriff ungeheuer erfolgreich, er begleitete die Durchsetzung des Internets als offenem, interaktivem Medium. Das Schlagwort mit der Versionsnummer bezeichnete die\u2026","rel":"","context":"\u00c4hnlicher Beitrag","block_context":{"text":"\u00c4hnlicher Beitrag","link":""},"img":{"alt_text":"","src":"https:\/\/i0.wp.com\/www.klaus-janowitz.de\/wordpress\/wp-content\/uploads\/2011\/12\/Holzmedium-300x224.jpg?resize=350%2C200&ssl=1","width":350,"height":200},"classes":[]},{"id":8920,"url":"https:\/\/www.klaus-janowitz.de\/wordpress\/in-die-diskussion-zurueckgeholt-prekarisierung\/","url_meta":{"origin":87411,"position":4},"title":"In die Diskussion zur\u00fcckgeholt: Prekarisierung, Normarbeitsverh\u00e4ltnis und der Wandel von Organisation","author":"KlausMJan","date":"4. August 2016","format":false,"excerpt":"4\/08\/16\u00a0kmjan Begriffe haben ihre Konjunktur und ihre Moden und manchmal verschwinden sie, als w\u00e4re der Zeitgeist \u00fcber sie hinweggegangen. In einigen aktuellen Diskussionen tauchte ein Begriff wieder auf, der vor zehn Jahren sehr pr\u00e4sent war - vor dem Hintergrund der Durchsetzung der sog. Agenda 2010\/Hartz 4: \u00a0Prekarisierung. Prekarisierung bezeichnete die\u2026","rel":"","context":"\u00c4hnlicher Beitrag","block_context":{"text":"\u00c4hnlicher Beitrag","link":""},"img":{"alt_text":"Normarbeit 9 to 5","src":"https:\/\/i0.wp.com\/www.klaus-janowitz.de\/wordpress\/wp-content\/uploads\/2016\/08\/Aktenschrank-224x300.jpg?resize=350%2C200","width":350,"height":200},"classes":[]},{"id":2299,"url":"https:\/\/www.klaus-janowitz.de\/wordpress\/zur-zukunft-von-social-media\/","url_meta":{"origin":87411,"position":5},"title":"Zur Zukunft von Social Media","author":"KlausMJan","date":"11. Juni 2012","format":false,"excerpt":"27\/06\/12 kmjan Nichts hat die Online-Kommunikation so nachhaltig ver\u00e4ndert wie die zahlreichen Social Media-Angebote und -Instrumente, die in den vergangenen Jahren gro\u00dfe\u00a0Nutzerkreise erreicht haben und Individual- wie Unternehmenskommunikation nachhaltig ver\u00e4ndert haben.* Hinzuf\u00fcgen will ich die Durchsetzung des mobilen Internet: Die mobile\u00a0Revolution hat bereits stattgefunden.\u00a0Tim Krischak\u00a0und Kai Heddergott,\u00a0Kommunikationsberater aus Essen und\u2026","rel":"","context":"\u00c4hnlicher Beitrag","block_context":{"text":"\u00c4hnlicher Beitrag","link":""},"img":{"alt_text":"","src":"https:\/\/i0.wp.com\/www.klaus-janowitz.de\/wordpress\/wp-content\/uploads\/2012\/06\/Zukunft1-300x300.jpg?resize=350%2C200","width":350,"height":200},"classes":[]}],"_links":{"self":[{"href":"https:\/\/www.klaus-janowitz.de\/wordpress\/wp-json\/wp\/v2\/pages\/87411","targetHints":{"allow":["GET"]}}],"collection":[{"href":"https:\/\/www.klaus-janowitz.de\/wordpress\/wp-json\/wp\/v2\/pages"}],"about":[{"href":"https:\/\/www.klaus-janowitz.de\/wordpress\/wp-json\/wp\/v2\/types\/page"}],"author":[{"embeddable":true,"href":"https:\/\/www.klaus-janowitz.de\/wordpress\/wp-json\/wp\/v2\/users\/1"}],"replies":[{"embeddable":true,"href":"https:\/\/www.klaus-janowitz.de\/wordpress\/wp-json\/wp\/v2\/comments?post=87411"}],"version-history":[{"count":16,"href":"https:\/\/www.klaus-janowitz.de\/wordpress\/wp-json\/wp\/v2\/pages\/87411\/revisions"}],"predecessor-version":[{"id":87481,"href":"https:\/\/www.klaus-janowitz.de\/wordpress\/wp-json\/wp\/v2\/pages\/87411\/revisions\/87481"}],"wp:attachment":[{"href":"https:\/\/www.klaus-janowitz.de\/wordpress\/wp-json\/wp\/v2\/media?parent=87411"}],"curies":[{"name":"wp","href":"https:\/\/api.w.org\/{rel}","templated":true}]}}