{"id":716,"date":"2011-07-17T14:13:22","date_gmt":"2011-07-17T12:13:22","guid":{"rendered":"http:\/\/www.klaus-janowitz.de\/wordpress\/?page_id=716"},"modified":"2017-01-07T00:02:03","modified_gmt":"2017-01-06T23:02:03","slug":"fairtrade-in-social-media","status":"publish","type":"page","link":"https:\/\/www.klaus-janowitz.de\/wordpress\/fairtrade-in-social-media\/","title":{"rendered":"Fairtrade in Social Media"},"content":{"rendered":"<p style=\"text-align: justify;\">30\/06\/11&nbsp;<a href=\"http:\/\/www.klaus-janowitz.de\/\">kmjan<\/a><br \/>\n<script type=\"text\/javascript\">\/\/ <![CDATA[ var pageTracker = _gat._getTracker(\"UA-5982947-1\"); pageTracker._trackPageview(); \/\/ ]]><\/script><em><span style=\"font-size: 10pt; line-height: 12px;\">Fairer Handel ist eine Handelspartnerschaft, die auf Dialog, Transparenz und gegenseitigem Respekt beruht und mehr Gerechtigkeit im internationalen Handel anstrebt. Durch bessere Handelsbedingungen und die Sicherung sozialer Rechte f\u00fcr benachteiligte Produzenten und Arbeiter leistet der Faire Handel einen Beitrag zu nachhaltiger Entwicklung. Organisationen des fairen Handels (die von Verbrauchern unterst\u00fctzt werden) sind aktiv damit besch\u00e4ftigt, die Hersteller zu unterst\u00fctzen, das Bewusstsein zu steigern und sich f\u00fcr Ver\u00e4nderungen bei den Regeln und der Ausf\u00fchrung des konventionellen internationalen Handels einzusetzen <\/span><span style=\"font-size: x-small; line-height: 10px;\"> (\u00fcbersetzt nach FINE, informeller Zusammenschlu\u00df der vier f\u00fchrenden FairTrade Organisationen*, 2001). <\/span><br \/>\n<\/em><\/p>\n<p style=\"text-align: justify;\">Kommunikation in den Social Media ist nicht repr\u00e4sentativ, doch wird darin die Resonanz, die ein Thema in der Gesellschaft findet, deutlich. Einblicke in verbreitete Meinungen und Einstellungen sind m\u00f6glich. Zu den wesentlichen Konsumtrends der letzten Jahre z\u00e4hlt der zum nachhaltigen Konsum mit sozialer und \u00f6kologischer Verantwortung. Gemeinsam mit \u00d6ko-Produkten steht <em>Fairtrade<\/em> daf\u00fcr. Grund genug, &nbsp;im Rahmen einer umfangreichen Studie eine Teilstudie in Social Media durchzuf\u00fchren*. Anla\u00df war die Teilnahme der Stadt Bonn an der Kampagne <em>Fairtradestadt<\/em>: Wie wird das Thema Fairtrade in den Social Media aufgenommen und diskutiert?<br \/>\n<em>Fairtrade <\/em>hat den Nischenmarkt verlassen und ist dabei&nbsp;<em> &#8220;sich in der Mitte der Gesellschaft zu etablieren&#8221;<\/em> <span style=\"font-size: xx-small; line-height: 10 px;\"> (so D. Overath, GF Transfair) <\/span>. Fair gehandelte Produkte sind mittlerweile auch in Superm\u00e4rkten und bei Discountern zu finden. Im Mai legte der Tr\u00e4gerverein Transfair die Umsatzzahlen zertifizierter Fairtrade-Produkte f\u00fcr das Jahr 2010 vor: Nach mehreren Jahren mit Umsatzsteigerungen von mehr als 20% in Folge, liegt der Umsatz bei 340 Mill. \u20ac, ein Wachstum gegen\u00fcber dem Vorjahr von 27%. Traditionell umsatzst\u00e4rkstes Produkt ist Kaffee, hinzu kommen Schnittblumen, Kakao und Schokolade, Fu\u00dfb\u00e4lle, Baumwollprodukte, Fr\u00fcchte etc. &#8211; &nbsp;mit wenigen Ausnahmen landwirtschaftliche Erzeugnisse.<\/p>\n<p style=\"text-align: justify;\">Social Media enthalten sehr umfangreiche und sehr unterschiedliche Informationen zum Thema <em>Fairtrade<\/em>: Hinweise auf Nachrichten und Pressemeldungen, Veranstaltungs- und Terminank\u00fcndigungen, Meinungsbekundungen, PR-Hinweise zu Kampagnen und Labels, Grundsatz- und Detaildiskussionen aus Blogs und Foren &#8211; reflektierte Beitr\u00e4ge und ganz subjektive Bemerkungen. Die ausgew\u00e4hlten Beitr\u00e4ge k\u00f6nnen als \u00f6ffentliche Kommunikation betrachtet werden &#8211; gesch\u00fctzte Beitr\u00e4ge waren nicht zug\u00e4nglich. Bei der Recherche stand die Monitoring -Software von <a href=\"http:\/\/www.vico-research.com\" target=\"_blank\">Vico Research &amp; Consulting<\/a> zur Verf\u00fcgung.<\/p>\n<p style=\"text-align: justify;\"><img data-recalc-dims=\"1\" fetchpriority=\"high\" decoding=\"async\" class=\"alignleft size-full wp-image-632\" title=\"fairer_Dialog\" src=\"https:\/\/i0.wp.com\/www.klaus-janowitz.de\/wordpress\/wp-content\/uploads\/2011\/06\/fairer_Dialog.jpg?resize=525%2C131\" alt=\"\" width=\"525\" height=\"131\" srcset=\"https:\/\/i0.wp.com\/www.klaus-janowitz.de\/wordpress\/wp-content\/uploads\/2011\/06\/fairer_Dialog.jpg?w=640&amp;ssl=1 640w, https:\/\/i0.wp.com\/www.klaus-janowitz.de\/wordpress\/wp-content\/uploads\/2011\/06\/fairer_Dialog.jpg?resize=300%2C75&amp;ssl=1 300w\" sizes=\"(max-width: 525px) 100vw, 525px\" \/><\/p>\n<p style=\"text-align: justify;\">Die Meinungen zu <em>Fairtrade<\/em> sind erstaunlich wenig kontrovers. Weder am Gesamtkonzept des fairen Handels selber, noch an der Umsetzung wird nennenswert Kritik ge\u00fcbt. Auch Zweifel an den Intentionen von Fairtrade, an Integrit\u00e4t und Glaubw\u00fcrdigkeit der zertifizierenden Stellen werden &#8211; zumindest in dieser Auswahl &#8211; nicht genannt. Produktqualit\u00e4t wird selten als ein eigenst\u00e4ndiges Thema behandelt &#8211; &nbsp;aber immer wieder positiv hervorgehoben.<br \/>\nKritische Untert\u00f6ne werden deutlich, wenn es um die zertifizierte Produktpalette geht, die sich im wesentlichen auf landwirtschaftliche Erzeugnisse beschr\u00e4nkt. So taucht schnell die Frage auf, warum denn etwa f\u00fcr Handys und Mainboards nicht gelten solle, was bei Schokolade und Kaffee Sinn macht. Faire Arbeitsbedingungen in der Consumerelektronik sind ein Thema von wachsendem Interesse.<\/p>\n<p style=\"text-align: justify;\"><em>Fairtrade<\/em> steht zwischen zivilgesellschaftlichem Engagement und Markenbildung.&nbsp;Ging es in den Urspr\u00fcngen des fairen Handels um Solidarit\u00e4tsbekundungen durch einen alternativen Handel au\u00dferhalb der herrschenden \u00d6konomie, geht es heute um Marktchancen fair gehandelter Produkte. Einkaufsverhalten von Verbrauchern bedeutet Einflu\u00df auf M\u00e4rkte.&nbsp;Mit der Wahl fair gehandelter Produkte k\u00f6nnen &#8211; zumindest in begrenztem Ausma\u00df &#8211; soziale Standards durchgesetzt werden. Gelegentlich wird die Ansicht vertreten, Fairtrade nutze mehr dem guten Gef\u00fchl, dem Seelenfrieden der Konsumenten, die sich mit fairem Einkauf <em>auf der Seite des Guten<\/em> sehen k\u00f6nnen.<br \/>\n<em>Fairtrade<\/em> ist aber auch Marke. Zum einen die Marke, die dem engagierten Konsumenten mit einheitlichem Logo soziale und \u00f6kologische Standards bei der Produktion garantiert &#8211; und zunehmend auch selber Teil von Markenidentit\u00e4ten.<br \/>\nEine relativ neue Erscheinung sind Modelabels, unter&nbsp;<em>Ecodesign<\/em>&nbsp;zusammengefasst, die sich nach den Prinzipien der Nachhaltigkeit richten. In diesem Zusammenhang wird immer wieder die modische Qualit\u00e4t herausgestellt um nachzuweisen, <em>dass \u00f6ko, fair und organic auch richtig gut aussehen kann<\/em>. <em>Organic Wear ist nun kein Schimpfwort meh<\/em>r.<\/p>\n<p style=\"text-align: justify;\">Naheliegend ist eine besondere Affinit\u00e4t zu Bio-Produkten, ebenso besteht sie&nbsp;zur Neuen Genu\u00dfkultur &#8211; vertreten durch&nbsp;<em>Slow Food, <\/em>dass sich authentischen, regional verwurzelten Produkten verpflichtet sieht. So fand im April in Stuttgart die Fairtrade Messe \u201eFair Handeln\u201c zeitgleich und am selben Ort mit dem \u201eMarkt des guten Geschmacks\u201c, veranstaltet von Slow Food Deutschland, statt. Gemeinsam ist der Bezug zur Nachhaltigkeit. Einige der fair gehandelten Produkte weisen in diese Richtung: Premium-Hochlandkaffees, ausgesuchte Schokoladen oder Oliven\u00f6l von alten Baumbest\u00e4nden sprechen die Neue Genu\u00dfkultur an. Fair gehandelte Produkte sind Teil eines auf nachhaltig produzierte Waren gerichteteten Konsumstils.<br \/>\nNachhaltigkeit steht im zeitgen\u00f6ssischen Wertekanon weit oben &#8211; sich weitgehend danach zu verhalten ist sozial besonders erw\u00fcnscht. Ob tats\u00e4chlich nach dem gelebt wird, was gesagt wird, ist eine andere Sache &#8211; und l\u00e4sst sich auf diesem Wege nicht erkennen. Tatsache ist aber, dass diesen Werten kaum \u00f6ffentlich widersprochen wird.<\/p>\n<p style=\"text-align: justify;\"><em><span style=\"font-size: small; line-height: 10px;\">* Die gesamte Studie besteht au\u00dferdem aus Umfragen i<\/span><\/em><em><span style=\"font-size: small; line-height: 10px;\">n&nbsp;<\/span><\/em><em><span style=\"font-size: small; line-height: 10px;\">der Bev\u00f6lkerung, in Handel und Gastronomie, sowie Expertengespr\u00e4chen, und wurde verantwortlich durchgef\u00fchrt von der <a href=\"http:\/\/www.fairtrade-consulting.com\/fairtrade.html\" target=\"_blank\">Fairtrade Consulting Cooperative<\/a> und der Unternehmensberatung <a href=\"http:\/\/www.pharos-services.com\/de\" target=\"_blank\">Pharos Services<\/a>, beide in Bonn ans\u00e4ssig, in Zusammenarbeit mit&nbsp;<a href=\"http:\/\/www.connosco.de\" target=\"_blank\">Connosco, K\u00f6ln<\/a>, Social Media Analyse von <a href=\"http:\/\/www.klaus-janowitz.de\">Klaus Janowitz<\/a> &#8211; die gesamte Auswertung ist im Laufe der kommenden Monate zu erwarten.<\/span><\/em><\/p>\n<form action=\"\" method=\"get\">\n<table style=\"display: none;\">\n<tbody id=\"com-reply\">\n<tr id=\"replyrow\" style=\"display: none;\">\n<td class=\"colspanchange\" colspan=\"2\">\n<div id=\"replyhead\" style=\"display: none;\">Antwort auf Kommentar<\/div>\n<div id=\"edithead\" style=\"display: none;\">\n<div class=\"inside\"><label for=\"author\">Name<\/label><br \/>\n<input id=\"author\" tabindex=\"101\" name=\"newcomment_author\" size=\"50\" type=\"text\" value=\"\" \/><\/div>\n<div class=\"inside\"><label for=\"author-email\">E-Mail<\/label><br \/>\n<input id=\"author-email\" tabindex=\"102\" name=\"newcomment_author_email\" size=\"50\" type=\"text\" value=\"\" \/><\/div>\n<div class=\"inside\"><label for=\"author-url\">URL<\/label><br \/>\n<input id=\"author-url\" tabindex=\"103\" name=\"newcomment_author_url\" size=\"103\" type=\"text\" value=\"\" \/><\/div>\n<\/div>\n<div id=\"replycontainer\"><textarea id=\"replycontent\" tabindex=\"104\" cols=\"40\" name=\"replycontent\" rows=\"8\"><\/textarea><\/div>\n<\/td>\n<\/tr>\n<\/tbody>\n<\/table>\n<\/form>\n<p><!-- Piwik --><br \/>\n<script type=\"text\/javascript\">\/\/ <![CDATA[ var pkBaseURL = ((\"https:\" == document.location.protocol) ? \"https:\/\/www.klaus-janowitz.de\/piwik\/\" : \"http:\/\/www.klaus-janowitz.de\/piwik\/\"); document.write(unescape(\"%3Cscript src='\" + pkBaseURL + \"piwik.js' type='text\/javascript'%3E%3C\/script%3E\")); \/\/ ]]><\/script><script type=\"text\/javascript\">\/\/ <![CDATA[ try { var piwikTracker = Piwik.getTracker(pkBaseURL + \"piwik.php\", 1); piwikTracker.trackPageView(); piwikTracker.enableLinkTracking(); } catch( err ) {} \/\/ ]]><\/script><\/p>\n","protected":false},"excerpt":{"rendered":"<p>30\/06\/11&nbsp;kmjan Fairer Handel ist eine Handelspartnerschaft, die auf Dialog, Transparenz und gegenseitigem Respekt beruht und mehr Gerechtigkeit im internationalen Handel anstrebt. Durch bessere Handelsbedingungen und die Sicherung sozialer Rechte f\u00fcr benachteiligte Produzenten und Arbeiter leistet der Faire Handel einen Beitrag zu nachhaltiger Entwicklung. Organisationen des fairen Handels (die von Verbrauchern unterst\u00fctzt werden) sind aktiv damit &hellip; <\/p>\n<p class=\"link-more\"><a href=\"https:\/\/www.klaus-janowitz.de\/wordpress\/fairtrade-in-social-media\/\" class=\"more-link\"><span class=\"screen-reader-text\">\u201eFairtrade in Social Media\u201c <\/span>weiterlesen<\/a><\/p>\n","protected":false},"author":1,"featured_media":0,"parent":0,"menu_order":0,"comment_status":"open","ping_status":"open","template":"","meta":{"jetpack_post_was_ever_published":false,"activitypub_content_warning":"","activitypub_content_visibility":"","activitypub_max_image_attachments":4,"activitypub_interaction_policy_quote":"","activitypub_status":"","footnotes":""},"class_list":["post-716","page","type-page","status-publish","hentry"],"yoast_head":"<!-- This site is optimized with the Yoast SEO plugin v27.5 - https:\/\/yoast.com\/product\/yoast-seo-wordpress\/ -->\n<title>Fairtrade in Social Media - Netnographie &amp; Digitaler Wandel<\/title>\n<meta name=\"robots\" content=\"index, follow, max-snippet:-1, max-image-preview:large, max-video-preview:-1\" \/>\n<link rel=\"canonical\" href=\"https:\/\/www.klaus-janowitz.de\/wordpress\/fairtrade-in-social-media\/\" \/>\n<meta property=\"og:locale\" content=\"de_DE\" \/>\n<meta property=\"og:type\" content=\"article\" \/>\n<meta property=\"og:title\" content=\"Fairtrade in Social Media - Netnographie &amp; Digitaler Wandel\" \/>\n<meta property=\"og:description\" content=\"30\/06\/11&nbsp;kmjan Fairer Handel ist eine Handelspartnerschaft, die auf Dialog, Transparenz und gegenseitigem Respekt beruht und mehr Gerechtigkeit im internationalen Handel anstrebt. Durch bessere Handelsbedingungen und die Sicherung sozialer Rechte f\u00fcr benachteiligte Produzenten und Arbeiter leistet der Faire Handel einen Beitrag zu nachhaltiger Entwicklung. Organisationen des fairen Handels (die von Verbrauchern unterst\u00fctzt werden) sind aktiv damit &hellip; \u201eFairtrade in Social Media\u201c weiterlesen\" \/>\n<meta property=\"og:url\" content=\"https:\/\/www.klaus-janowitz.de\/wordpress\/fairtrade-in-social-media\/\" \/>\n<meta property=\"og:site_name\" content=\"Netnographie &amp; Digitaler Wandel\" \/>\n<meta property=\"article:modified_time\" content=\"2017-01-06T23:02:03+00:00\" \/>\n<meta property=\"og:image\" content=\"http:\/\/www.klaus-janowitz.de\/wordpress\/wp-content\/uploads\/2011\/06\/fairer_Dialog.jpg\" \/>\n<meta name=\"twitter:card\" content=\"summary_large_image\" \/>\n<meta name=\"twitter:label1\" content=\"Gesch\u00e4tzte Lesezeit\" \/>\n\t<meta name=\"twitter:data1\" content=\"4\u00a0Minuten\" \/>\n<script type=\"application\/ld+json\" class=\"yoast-schema-graph\">{\"@context\":\"https:\\\/\\\/schema.org\",\"@graph\":[{\"@type\":\"WebPage\",\"@id\":\"https:\\\/\\\/www.klaus-janowitz.de\\\/wordpress\\\/fairtrade-in-social-media\\\/\",\"url\":\"https:\\\/\\\/www.klaus-janowitz.de\\\/wordpress\\\/fairtrade-in-social-media\\\/\",\"name\":\"Fairtrade in Social Media - Netnographie &amp; Digitaler Wandel\",\"isPartOf\":{\"@id\":\"https:\\\/\\\/www.klaus-janowitz.de\\\/wordpress\\\/#website\"},\"primaryImageOfPage\":{\"@id\":\"https:\\\/\\\/www.klaus-janowitz.de\\\/wordpress\\\/fairtrade-in-social-media\\\/#primaryimage\"},\"image\":{\"@id\":\"https:\\\/\\\/www.klaus-janowitz.de\\\/wordpress\\\/fairtrade-in-social-media\\\/#primaryimage\"},\"thumbnailUrl\":\"http:\\\/\\\/www.klaus-janowitz.de\\\/wordpress\\\/wp-content\\\/uploads\\\/2011\\\/06\\\/fairer_Dialog.jpg\",\"datePublished\":\"2011-07-17T12:13:22+00:00\",\"dateModified\":\"2017-01-06T23:02:03+00:00\",\"breadcrumb\":{\"@id\":\"https:\\\/\\\/www.klaus-janowitz.de\\\/wordpress\\\/fairtrade-in-social-media\\\/#breadcrumb\"},\"inLanguage\":\"de\",\"potentialAction\":[{\"@type\":\"ReadAction\",\"target\":[\"https:\\\/\\\/www.klaus-janowitz.de\\\/wordpress\\\/fairtrade-in-social-media\\\/\"]}]},{\"@type\":\"ImageObject\",\"inLanguage\":\"de\",\"@id\":\"https:\\\/\\\/www.klaus-janowitz.de\\\/wordpress\\\/fairtrade-in-social-media\\\/#primaryimage\",\"url\":\"http:\\\/\\\/www.klaus-janowitz.de\\\/wordpress\\\/wp-content\\\/uploads\\\/2011\\\/06\\\/fairer_Dialog.jpg\",\"contentUrl\":\"http:\\\/\\\/www.klaus-janowitz.de\\\/wordpress\\\/wp-content\\\/uploads\\\/2011\\\/06\\\/fairer_Dialog.jpg\"},{\"@type\":\"BreadcrumbList\",\"@id\":\"https:\\\/\\\/www.klaus-janowitz.de\\\/wordpress\\\/fairtrade-in-social-media\\\/#breadcrumb\",\"itemListElement\":[{\"@type\":\"ListItem\",\"position\":1,\"name\":\"Startseite\",\"item\":\"https:\\\/\\\/www.klaus-janowitz.de\\\/wordpress\\\/\"},{\"@type\":\"ListItem\",\"position\":2,\"name\":\"Fairtrade in Social Media\"}]},{\"@type\":\"WebSite\",\"@id\":\"https:\\\/\\\/www.klaus-janowitz.de\\\/wordpress\\\/#website\",\"url\":\"https:\\\/\\\/www.klaus-janowitz.de\\\/wordpress\\\/\",\"name\":\"Netnographie &amp; Digitaler Wandel\",\"description\":\"Blog rund um die Themen Netnographie, Online-Kultur und Digitalen Wandel\",\"potentialAction\":[{\"@type\":\"SearchAction\",\"target\":{\"@type\":\"EntryPoint\",\"urlTemplate\":\"https:\\\/\\\/www.klaus-janowitz.de\\\/wordpress\\\/?s={search_term_string}\"},\"query-input\":{\"@type\":\"PropertyValueSpecification\",\"valueRequired\":true,\"valueName\":\"search_term_string\"}}],\"inLanguage\":\"de\"}]}<\/script>\n<!-- \/ Yoast SEO plugin. -->","yoast_head_json":{"title":"Fairtrade in Social Media - Netnographie &amp; Digitaler Wandel","robots":{"index":"index","follow":"follow","max-snippet":"max-snippet:-1","max-image-preview":"max-image-preview:large","max-video-preview":"max-video-preview:-1"},"canonical":"https:\/\/www.klaus-janowitz.de\/wordpress\/fairtrade-in-social-media\/","og_locale":"de_DE","og_type":"article","og_title":"Fairtrade in Social Media - Netnographie &amp; Digitaler Wandel","og_description":"30\/06\/11&nbsp;kmjan Fairer Handel ist eine Handelspartnerschaft, die auf Dialog, Transparenz und gegenseitigem Respekt beruht und mehr Gerechtigkeit im internationalen Handel anstrebt. Durch bessere Handelsbedingungen und die Sicherung sozialer Rechte f\u00fcr benachteiligte Produzenten und Arbeiter leistet der Faire Handel einen Beitrag zu nachhaltiger Entwicklung. Organisationen des fairen Handels (die von Verbrauchern unterst\u00fctzt werden) sind aktiv damit &hellip; \u201eFairtrade in Social Media\u201c weiterlesen","og_url":"https:\/\/www.klaus-janowitz.de\/wordpress\/fairtrade-in-social-media\/","og_site_name":"Netnographie &amp; Digitaler Wandel","article_modified_time":"2017-01-06T23:02:03+00:00","og_image":[{"url":"http:\/\/www.klaus-janowitz.de\/wordpress\/wp-content\/uploads\/2011\/06\/fairer_Dialog.jpg","type":"","width":"","height":""}],"twitter_card":"summary_large_image","twitter_misc":{"Gesch\u00e4tzte Lesezeit":"4\u00a0Minuten"},"schema":{"@context":"https:\/\/schema.org","@graph":[{"@type":"WebPage","@id":"https:\/\/www.klaus-janowitz.de\/wordpress\/fairtrade-in-social-media\/","url":"https:\/\/www.klaus-janowitz.de\/wordpress\/fairtrade-in-social-media\/","name":"Fairtrade in Social Media - Netnographie &amp; Digitaler Wandel","isPartOf":{"@id":"https:\/\/www.klaus-janowitz.de\/wordpress\/#website"},"primaryImageOfPage":{"@id":"https:\/\/www.klaus-janowitz.de\/wordpress\/fairtrade-in-social-media\/#primaryimage"},"image":{"@id":"https:\/\/www.klaus-janowitz.de\/wordpress\/fairtrade-in-social-media\/#primaryimage"},"thumbnailUrl":"http:\/\/www.klaus-janowitz.de\/wordpress\/wp-content\/uploads\/2011\/06\/fairer_Dialog.jpg","datePublished":"2011-07-17T12:13:22+00:00","dateModified":"2017-01-06T23:02:03+00:00","breadcrumb":{"@id":"https:\/\/www.klaus-janowitz.de\/wordpress\/fairtrade-in-social-media\/#breadcrumb"},"inLanguage":"de","potentialAction":[{"@type":"ReadAction","target":["https:\/\/www.klaus-janowitz.de\/wordpress\/fairtrade-in-social-media\/"]}]},{"@type":"ImageObject","inLanguage":"de","@id":"https:\/\/www.klaus-janowitz.de\/wordpress\/fairtrade-in-social-media\/#primaryimage","url":"http:\/\/www.klaus-janowitz.de\/wordpress\/wp-content\/uploads\/2011\/06\/fairer_Dialog.jpg","contentUrl":"http:\/\/www.klaus-janowitz.de\/wordpress\/wp-content\/uploads\/2011\/06\/fairer_Dialog.jpg"},{"@type":"BreadcrumbList","@id":"https:\/\/www.klaus-janowitz.de\/wordpress\/fairtrade-in-social-media\/#breadcrumb","itemListElement":[{"@type":"ListItem","position":1,"name":"Startseite","item":"https:\/\/www.klaus-janowitz.de\/wordpress\/"},{"@type":"ListItem","position":2,"name":"Fairtrade in Social Media"}]},{"@type":"WebSite","@id":"https:\/\/www.klaus-janowitz.de\/wordpress\/#website","url":"https:\/\/www.klaus-janowitz.de\/wordpress\/","name":"Netnographie &amp; Digitaler Wandel","description":"Blog rund um die Themen Netnographie, Online-Kultur und Digitalen Wandel","potentialAction":[{"@type":"SearchAction","target":{"@type":"EntryPoint","urlTemplate":"https:\/\/www.klaus-janowitz.de\/wordpress\/?s={search_term_string}"},"query-input":{"@type":"PropertyValueSpecification","valueRequired":true,"valueName":"search_term_string"}}],"inLanguage":"de"}]}},"jetpack_sharing_enabled":true,"jetpack_shortlink":"https:\/\/wp.me\/P15Wn2-by","jetpack_likes_enabled":true,"jetpack-related-posts":[{"id":9447,"url":"https:\/\/www.klaus-janowitz.de\/wordpress\/rueckblick-transformation-der-systeme\/","url_meta":{"origin":716,"position":0},"title":"R\u00fcckblick: Transformation der Systeme","author":"KlausMJan","date":"16. Januar 2017","format":false,"excerpt":"16\/01\/17\u00a0kmjan\u00a0 Zwar liegt die 7. Internetwoche K\u00f6ln (24. - 28.10. 16) schon eine Zeit zur\u00fcck. An zweien der Veranstaltungen war ich massgeblich beteiligt\u00a0- und es lohnt sich auf die Ergebnisse zur\u00fcckzublicken. Zun\u00e4chst die Diskussionsveranstaltung Education 2.0\u00a0im Startplatz am 24.10., am Folgetag dann mit thematischer und personeller \u00dcberschneidung der Workshop Transformation\u2026","rel":"","context":"\u00c4hnlicher Beitrag","block_context":{"text":"\u00c4hnlicher Beitrag","link":""},"img":{"alt_text":"","src":"https:\/\/i0.wp.com\/www.klaus-janowitz.de\/wordpress\/wp-content\/uploads\/2016\/12\/Handel-300x225.jpg?resize=350%2C200","width":350,"height":200},"classes":[]},{"id":1858,"url":"https:\/\/www.klaus-janowitz.de\/wordpress\/kleine-netnographie-der-schokolade\/","url_meta":{"origin":716,"position":1},"title":"Schokolade im Netz: eine (kleine) Netnographie","author":"KlausMJan","date":"14. M\u00e4rz 2012","format":false,"excerpt":"14\/03\/12\u00a0kmjan (Fast) jeder mag Schokolade. Schokolade ist Genu\u00df, Belohnung, Kindheitserinnerung, manchmal Versuchung, schlimmstenfalls Ersatz. Unser Bild von der Schokolade ist von der 100g Tafel gepr\u00e4gt, die es lange Zeit in nur in wenigen Geschmacksrichtungen gab: Vollmilch, Zartbitter, Nuss, dazu Varianten mit verschiedensten F\u00fcllungen. Der Markt wurde von einigen Gro\u00dfproduzenten bestimmt,\u2026","rel":"","context":"\u00c4hnlicher Beitrag","block_context":{"text":"\u00c4hnlicher Beitrag","link":""},"img":{"alt_text":"","src":"https:\/\/i0.wp.com\/www.klaus-janowitz.de\/wordpress\/wp-content\/uploads\/2012\/02\/Schoggi-300x201.jpg?resize=350%2C200","width":350,"height":200},"classes":[]},{"id":13195,"url":"https:\/\/www.klaus-janowitz.de\/wordpress\/rechtspopulismus-im-globalen-zeitalter-rez\/","url_meta":{"origin":716,"position":2},"title":"Die Gesellschaft des Zorns. Rechtspopulismus im Globalen Zeitalter (Rez.)","author":"KlausMJan","date":"18. Juli 2019","format":false,"excerpt":"27\/07\/19 kmjan Die Gesellschaft des Zorns - Rechtspopulismus im globalen Zeitalter von Cornelia Koppetsch (TU Darmstadt) erschien in diesem Fr\u00fchjahr, war schnell vergriffen und wurde im Juli als Sachbuch des Monats ausgezeichnet.\u00a0 Das macht deutlich, wie aktuell das Thema und wie gross der Bedarf nach Erkl\u00e4rungen ist. Kernthese der Autorin\u2026","rel":"","context":"\u00c4hnlicher Beitrag","block_context":{"text":"\u00c4hnlicher Beitrag","link":""},"img":{"alt_text":"","src":"https:\/\/i0.wp.com\/www.klaus-janowitz.de\/wordpress\/wp-content\/uploads\/2019\/06\/Gesellschaft-des-Zorns-198x300.jpg?resize=350%2C200&ssl=1","width":350,"height":200},"classes":[]},{"id":9081,"url":"https:\/\/www.klaus-janowitz.de\/wordpress\/world-cafe-transformation-der-systeme\/","url_meta":{"origin":716,"position":3},"title":"World Caf\u00e9 &#8211; Transformation der Systeme","author":"KlausMJan","date":"20. September 2016","format":false,"excerpt":"22\/09\/16\u00a0kmjan Jedes Jahr \u00a0im Herbst, in der letzten Oktoberwoche, startet die Internetwoche K\u00f6ln. Mittlerweile bei Nummer 7 angelangt und diesmal mit dem Untertitel \"Das Festival f\u00fcr die digitale Wirtschaft und Gesellschaft\". Beteiligt sind\u00a0Akteure der digitalen Szene K\u00f6ln: StartUps und andere Unternehmen, Hochschulen, \u00f6ffentliche Einrichtungen, Verb\u00e4nde, Anwaltskanzleien (!) und unabh\u00e4ngige Veranstalter.\u2026","rel":"","context":"\u00c4hnlicher Beitrag","block_context":{"text":"\u00c4hnlicher Beitrag","link":""},"img":{"alt_text":"Hashtag","src":"https:\/\/i0.wp.com\/www.klaus-janowitz.de\/wordpress\/wp-content\/uploads\/2016\/03\/Hashtag-300x248.jpg?resize=350%2C200","width":350,"height":200},"classes":[]},{"id":5775,"url":"https:\/\/www.klaus-janowitz.de\/wordpress\/netzwerk-vs-plattformgesellschaft\/","url_meta":{"origin":716,"position":4},"title":"Netzwerk- vs Plattformgesellschaft","author":"KlausMJan","date":"18. Juni 2015","format":false,"excerpt":"16\/06\/15 kmjan Das\u00a0Netzwerk\u00a0ist der\u00a0Lieblingsbegriff\u00a0der digitalen Moderne\u00a0-\u00a0in der\u00a0technischen Infrastruktur wie in der\u00a0sozialen Organisation. Es steht f\u00fcr eine\u00a0dezentrale Perspektive von Wirtschaft und Gesellschaft. Gutes Netzwerken gilt als Voraussetzung f\u00fcr Erfolg. Blickt man ein paar Jahrzehnte zur\u00fcck, war der Netzwerkgedanke in den Alternativbewegungen der 70er und 80er Jahre das herrschaftsfreie Gegenmodell (zumindest strebte\u2026","rel":"","context":"\u00c4hnlicher Beitrag","block_context":{"text":"\u00c4hnlicher Beitrag","link":""},"img":{"alt_text":"Netzwerke","src":"https:\/\/i0.wp.com\/www.klaus-janowitz.de\/wordpress\/wp-content\/uploads\/2015\/06\/Netzwerk-300x204.jpg?resize=350%2C200","width":350,"height":200},"classes":[]},{"id":10367,"url":"https:\/\/www.klaus-janowitz.de\/wordpress\/faire-mode\/","url_meta":{"origin":716,"position":5},"title":"Faire Mode","author":"KlausMJan","date":"31. Oktober 2017","format":false,"excerpt":"30\/10\/17\u00a0kmjan \"\u00d6ko ist teuer! Fairtrade nur in Eine Welt L\u00e4den zu finden! Organic klingt nach heiler Welt .... An einem Tag im Sommer zeigten wir, dass \u00f6ko, fair und organic auch richtig gut aussehen kann.\" Ein Zitat aus Social Media, eingefangen im Fr\u00fchjahr 2011 bei einer Studie zu Fairtrade.\u00a0Faire Mode\u2026","rel":"","context":"\u00c4hnlicher Beitrag","block_context":{"text":"\u00c4hnlicher Beitrag","link":""},"img":{"alt_text":"","src":"https:\/\/i0.wp.com\/www.klaus-janowitz.de\/wordpress\/wp-content\/uploads\/2017\/10\/IMG_8786-225x300.jpg?resize=350%2C200","width":350,"height":200},"classes":[]}],"_links":{"self":[{"href":"https:\/\/www.klaus-janowitz.de\/wordpress\/wp-json\/wp\/v2\/pages\/716","targetHints":{"allow":["GET"]}}],"collection":[{"href":"https:\/\/www.klaus-janowitz.de\/wordpress\/wp-json\/wp\/v2\/pages"}],"about":[{"href":"https:\/\/www.klaus-janowitz.de\/wordpress\/wp-json\/wp\/v2\/types\/page"}],"author":[{"embeddable":true,"href":"https:\/\/www.klaus-janowitz.de\/wordpress\/wp-json\/wp\/v2\/users\/1"}],"replies":[{"embeddable":true,"href":"https:\/\/www.klaus-janowitz.de\/wordpress\/wp-json\/wp\/v2\/comments?post=716"}],"version-history":[{"count":44,"href":"https:\/\/www.klaus-janowitz.de\/wordpress\/wp-json\/wp\/v2\/pages\/716\/revisions"}],"predecessor-version":[{"id":9652,"href":"https:\/\/www.klaus-janowitz.de\/wordpress\/wp-json\/wp\/v2\/pages\/716\/revisions\/9652"}],"wp:attachment":[{"href":"https:\/\/www.klaus-janowitz.de\/wordpress\/wp-json\/wp\/v2\/media?parent=716"}],"curies":[{"name":"wp","href":"https:\/\/api.w.org\/{rel}","templated":true}]}}