{"id":7119,"date":"2015-12-18T15:14:33","date_gmt":"2015-12-18T14:14:33","guid":{"rendered":"http:\/\/www.klaus-janowitz.de\/wordpress\/?page_id=7119"},"modified":"2018-05-20T00:37:54","modified_gmt":"2018-05-19T22:37:54","slug":"bildung-digital","status":"publish","type":"page","link":"https:\/\/www.klaus-janowitz.de\/wordpress\/bildung-digital\/","title":{"rendered":"Digitale Bildung"},"content":{"rendered":"<p style=\"text-align: justify;\">3\/01\/16\u00a0<a href=\"http:\/\/www.klaus-janowitz.de\/\">kmjan<\/a><br \/>\nAlles was sinnvoll digitalisiert werden kann, wird auch digitalisiert. Das gilt f\u00fcr Medienformate,\u00a0wie f\u00fcr Dienste\u00a0und\u00a0Branchen,\u00a0die\u00a0darauf\u00a0zur\u00fcckgreifen.\u00a0Digitaler Wandel ist technologischer und gesellschaftlicher Wandel, eine Medienrevolution, die h\u00f6chstens mit der\u00a0Einf\u00fchrung\u00a0des Buchdruck\u00a0vergleichbar ist. Es gibt unz\u00e4hlige M\u00f6glichkeiten <em>Wissen<\/em> zu verbreiten &#8211; <em>Bildung<\/em> ist es, der Wissensvermittlung eine Form zu geben.\u00a0\u00a0Genau wie die\u00a0<em>Zukunft der Arbeit<\/em> ist die\u00a0<em>Zukunft der Bildung<\/em>\u00a0eines der ganz gro\u00dfen Themen der Digitalisierung. Digitaler Wandel kann in einigen F\u00e4llen\u00a0<em>disruptiv\u00a0<\/em>sein und bestehende Angebote verdr\u00e4ngen,\u00a0kann aber auch\u00a0eine langfristige\u00a0Entwicklung bedeuten.<\/p>\n<figure id=\"attachment_7168\" aria-describedby=\"caption-attachment-7168\" style=\"width: 300px\" class=\"wp-caption alignleft\"><img data-recalc-dims=\"1\" fetchpriority=\"high\" decoding=\"async\" class=\"wp-image-7168 size-medium\" src=\"https:\/\/i0.wp.com\/www.klaus-janowitz.de\/wordpress\/wp-content\/uploads\/2015\/12\/2stu%CC%88hle-1-300x193.jpg?resize=300%2C193\" width=\"300\" height=\"193\" srcset=\"https:\/\/i0.wp.com\/www.klaus-janowitz.de\/wordpress\/wp-content\/uploads\/2015\/12\/2stu%CC%88hle-1.jpg?resize=300%2C193&amp;ssl=1 300w, https:\/\/i0.wp.com\/www.klaus-janowitz.de\/wordpress\/wp-content\/uploads\/2015\/12\/2stu%CC%88hle-1.jpg?resize=768%2C494&amp;ssl=1 768w, https:\/\/i0.wp.com\/www.klaus-janowitz.de\/wordpress\/wp-content\/uploads\/2015\/12\/2stu%CC%88hle-1.jpg?resize=1024%2C658&amp;ssl=1 1024w, https:\/\/i0.wp.com\/www.klaus-janowitz.de\/wordpress\/wp-content\/uploads\/2015\/12\/2stu%CC%88hle-1.jpg?w=1979&amp;ssl=1 1979w, https:\/\/i0.wp.com\/www.klaus-janowitz.de\/wordpress\/wp-content\/uploads\/2015\/12\/2stu%CC%88hle-1.jpg?w=1575&amp;ssl=1 1575w\" sizes=\"(max-width: 300px) 100vw, 300px\" \/><figcaption id=\"caption-attachment-7168\" class=\"wp-caption-text\">Jeder ist Sender und Empf\u00e4nger &#8211; und kann auch Lehrender und Lernender sein<\/figcaption><\/figure>\n<p style=\"text-align: justify;\">Entscheidend sind zwei\u00a0M\u00f6glichkeiten. Die <em>Konnektivit\u00e4t<\/em>: Jeder Teilnehmer des Social Web kann sich mit jedem anderen verbinden.\u00a0Jeder kann Sender und Empf\u00e4nger, Kunde und Anbieter &#8211; und auch Lehrender und Lernender sein.\u00a0Die minimal n\u00f6tige\u00a0technische Ausstattung ist nahezu weltweit verbreitet und braucht kaum jemandem mehr\u00a0\u00a0erkl\u00e4rt zu werden. Kommunikation im Netz ist l\u00e4ngst\u00a0nicht mehr an die Schriftform gebunden, sondern in weiten Teilen visuell.\u00a0Videos, Podcasts und Life- Streaming k\u00f6nnen mit einfachen Mitteln erstellt und verbreitet werden. Erkl\u00e4rvideos, im Bildungsbereich oft zu Mathematik, beruhen darauf. Gut gemachte Videos ersetzen z.B. unz\u00e4hlige Nachhilfestunden.<br \/>\nUnd es gibt die M\u00f6glichkeit der <em>Personalisierung<\/em>: ein\u00a0Verteiler von Bildungsangeboten kann ma\u00dfgeschneiderte Angebote erstellen. Ohne pers\u00f6nliche Daten ist Personalisierung aber nicht zu haben &#8211;\u00a0genauso wenig wie ein ma\u00dfgeschneiderter Anzug ohne Ma\u00dfe.\u00a0<strong><br \/>\nE-Learning<\/strong> z\u00e4hlt seit ca. 20 Jahren zu den verbreiteten Lernangeboten, anfangs\u00a0oft mit Lern- CDs, mit dem schneller werdenden Internet online.\u00a0<em>Blended Learning<\/em>\u00a0verbindet online mit Pr\u00e4senzveranstaltungen. Zumeist bedeutet es\u00a0didaktisch aufbereitete, in Weiterbildungsangebote integrierte Lehrinhalte. Dabei wird sehr oft die\u00a0(open source) Lernplattform\u00a0<em>Moodle <\/em>genutzt.<br \/>\nWas unterscheidet die aktuellen Trends bzw. die neueren\u00a0\u00a0M\u00f6glichkeiten der <em>digitalen Bildung<\/em> davon? &#8220;Klassisches&#8221; E-Learning findet meist in geschlossenen Lerngruppen mit begrenzter Teilnehmerzahl statt. &#8220;<em>Digitale Bildung<\/em>&#8221; richtet sich potentiell an eine unbeschr\u00e4nkte Nutzerzahl. Das gilt f\u00fcr die Erkl\u00e4rvideos, wie auch f\u00fcr\u00a0<em><strong>Moocs <\/strong>&#8211;\u00a0Massive Open Online Courses\u00a0<\/em>&#8211; f\u00fcr die online Verbreitung aufgezeichnete Vorlesungen,\u00a0wie sie zun\u00e4chst von\u00a0<strong><em>Sebastian Thrun<\/em> <\/strong>(Vizepr\u00e4s. von Google, ehem. Prof. f\u00fcr KI in Stanford, Gr\u00fcnder der Online Akademie <em>Udacity<\/em>) &#8211; entwickelt worden sind.<\/p>\n<figure id=\"attachment_7248\" aria-describedby=\"caption-attachment-7248\" style=\"width: 188px\" class=\"wp-caption alignright\"><img data-recalc-dims=\"1\" decoding=\"async\" class=\"size-medium wp-image-7248\" src=\"https:\/\/i0.wp.com\/www.klaus-janowitz.de\/wordpress\/wp-content\/uploads\/2015\/12\/dig_Bildung-188x300.jpg?resize=188%2C300\" alt=\"In der Diskussion\" width=\"188\" height=\"300\" srcset=\"https:\/\/i0.wp.com\/www.klaus-janowitz.de\/wordpress\/wp-content\/uploads\/2015\/12\/dig_Bildung.jpg?resize=188%2C300&amp;ssl=1 188w, https:\/\/i0.wp.com\/www.klaus-janowitz.de\/wordpress\/wp-content\/uploads\/2015\/12\/dig_Bildung.jpg?w=486&amp;ssl=1 486w\" sizes=\"(max-width: 188px) 100vw, 188px\" \/><figcaption id=\"caption-attachment-7248\" class=\"wp-caption-text\">In der Diskussion<\/figcaption><\/figure>\n<p style=\"text-align: justify;\">Eine eing\u00e4ngige Einf\u00fchrung und Zusammenfassung\u00a0aktueller Entwicklungen bietet\u00a0&#8220;<em><strong>Die Digitale Bildungsrevolution<\/strong><\/em>&#8221; von <em>J\u00f6rg Dr\u00e4ger<\/em> (Vorstandsmitglied der Bertelsmann- Stiftung, ehem. Bildungssenator in Hamburg) und <em>Ralph M\u00fcller-Enselt.\u00a0<\/em>Mit Begeisterung vertreten die Autoren ein\u00a0Leitbild <em>Zugang f\u00fcr jeden<\/em> und <em>Personalisierung f\u00fcr alle &#8211; <\/em>und sehen darin eine Demokratisierung<em>\u00a0<\/em>wissenschaftlicher Bildung.<em>\u00a0Moocs <\/em>stehen dabei\u00a0im\u00a0Vordergrund\u00a0und bisher haben sich mehrere Millionen Nutzer zu solchen\u00a0angemeldet, haupts\u00e4chlich in mathematisch-naturwissenschaftlichen F\u00e4chern. \u00a0Sicherlich ist\u00a0die digitale \u00d6ffnung bislang limitierter\u00a0Hochschulbildung insbesondere im kostenpflichtigen Bildungssystem der USA eine Innovation\u00a0&#8211; und <em>Moocs<\/em> bieten einige Vorteile\u00a0gegen\u00fcber Massenveranstaltungen in H\u00f6rs\u00e4len. Genauso erschliessen sie Unternehmen talentierte Mitarbeiter minder privilegierter Herkunft, das\u00a0pakistanische M\u00e4dchen mit dem Berufsziel Physikerin ist da ein beliebtes Beispiel. \u00a0<em>Personalisierung f\u00fcr alle <\/em>bedeutet einen hohen Datenbedarf &#8211; in den H\u00e4nden der\u00a0Bildungsanbieter. Die Autoren thematisieren\u00a0die Problematik und fordern gesetzliche Regelungen zur Datensouverainit\u00e4t. Dazu &#8216;<em>neigen digitale M\u00e4rkte zu Monopolen<\/em>&#8216; (s. S. 171).<\/p>\n<p style=\"text-align: justify;\">Ob mit Moocs und personalisierten Angeboten bereits eine Bildungsrevolution beginnt, sei dahingestellt. Besonders bei der Personalisierung schimmert f\u00fcr mich eine Art &#8216;<em>wohlmeinender Bevormundung<\/em>&#8216; durch. Bildung ist vieles: ein riesiger Markt mit zahlreichen Akteuren mit jeweils eigenen Interessen, ein \u00f6ffentlich finanziertes, zumindest reguliertes System, sie ist ein Teil der Arbeitswelt, sie ist informeller und institutioneller Wissens- und Bef\u00e4higungserwerb. Letztendlich ist jede Bildung eine Frage menschlicher Kommunikation und sie ist Teil der Pers\u00f6nlichkeitsentwicklung &#8211; nur selten f\u00fchrt sie bruchlos zu einem vorgesehenen Ziel.\u00a0Zu allen Zeiten dienten Bildungsinstitutionen auch der Vermittlung eines jeweils speziellen <em>Habitus<\/em> &#8211; der Einheit von Haltung, Auftreten, Sprache und Geschmack\u00a0&#8211; oft war es dieser Habitus, der den beruflichen Erfolg garantierte. Digitale Technik erm\u00f6glicht uns neue Kommunikationsformen und sie nimmt uns standardisierte Arbeit ab. So wird sie\u00a0auch den\u00a0Bildungsbereich immer st\u00e4rker durchdringen.\u00a0Warum sollte sich nicht jeder Teilnehmer an Bildungssystemen eigenst\u00e4ndig Bildungsumgebungen zusammenstellen k\u00f6nnen?<\/p>\n<p style=\"text-align: justify;\"><span style=\"font-size: x-small; line-height: 10px;\"><strong>Dr\u00e4ger, J\u00f6rg &amp; M\u00fcller-Eiselt, Ralph<\/strong>.: Die Digitale Bildungsrevolution. Der radikale Wandel des Lernens und wie wir ihn gestalten k\u00f6nnen, 2015, 240 S. &#8211;\u00a0\u00a0Dem Beitrag liegt au\u00dferdem ein Gespr\u00e4ch mit <strong><a href=\"http:\/\/www.startplatz.de\/event\/die-zukunft-der-bildung\/\" target=\"_blank\">Pirmin Vlaho<\/a>, <\/strong>Gr\u00fcnder im Bereich Bildungsmanagement, \u00a0zu Grunde<br \/>\n<\/span><\/p>\n<p><!-- Piwik --><br \/>\n<script type=\"text\/javascript\">\n  var _paq = _paq || [];\n  _paq.push([\"setDomains\", [\"*.www.klaus-janowitz.de\"]]);\n  _paq.push(['trackPageView']);\n  _paq.push(['enableLinkTracking']);\n  (function() {\n    var u=\"\/\/www.klaus-janowitz.de\/piwik\/\";\n    _paq.push(['setTrackerUrl', u+'piwik.php']);\n    _paq.push(['setSiteId', '1']);\n    var d=document, g=d.createElement('script'), s=d.getElementsByTagName('script')[0];\n    g.type='text\/javascript'; g.async=true; g.defer=true; g.src=u+'piwik.js'; s.parentNode.insertBefore(g,s);\n  })();\n<\/script><br \/>\n<noscript><\/p>\n<p><img decoding=\"async\" src=\"\/\/www.klaus-janowitz.de\/piwik\/piwik.php?idsite=1\" style=\"border:0;\" alt=\"\" \/><\/p>\n<p><\/noscript><br \/>\n<!-- End Piwik Code --><\/p>\n","protected":false},"excerpt":{"rendered":"<p>3\/01\/16\u00a0kmjan Alles was sinnvoll digitalisiert werden kann, wird auch digitalisiert. Das gilt f\u00fcr Medienformate,\u00a0wie f\u00fcr Dienste\u00a0und\u00a0Branchen,\u00a0die\u00a0darauf\u00a0zur\u00fcckgreifen.\u00a0Digitaler Wandel ist technologischer und gesellschaftlicher Wandel, eine Medienrevolution, die h\u00f6chstens mit der\u00a0Einf\u00fchrung\u00a0des Buchdruck\u00a0vergleichbar ist. Es gibt unz\u00e4hlige M\u00f6glichkeiten Wissen zu verbreiten &#8211; Bildung ist es, der Wissensvermittlung eine Form zu geben.\u00a0\u00a0Genau wie die\u00a0Zukunft der Arbeit ist die\u00a0Zukunft der Bildung\u00a0eines &hellip; <\/p>\n<p class=\"link-more\"><a href=\"https:\/\/www.klaus-janowitz.de\/wordpress\/bildung-digital\/\" class=\"more-link\"><span class=\"screen-reader-text\">\u201eDigitale Bildung\u201c <\/span>weiterlesen<\/a><\/p>\n","protected":false},"author":1,"featured_media":0,"parent":0,"menu_order":0,"comment_status":"closed","ping_status":"closed","template":"","meta":{"jetpack_post_was_ever_published":false,"activitypub_content_warning":"","activitypub_content_visibility":"","activitypub_max_image_attachments":4,"activitypub_interaction_policy_quote":"","activitypub_status":"","footnotes":""},"class_list":["post-7119","page","type-page","status-publish","hentry"],"yoast_head":"<!-- This site is optimized with the Yoast SEO plugin v27.5 - https:\/\/yoast.com\/product\/yoast-seo-wordpress\/ -->\n<title>Digitale Bildung - Netnographie &amp; Digitaler Wandel<\/title>\n<meta name=\"robots\" content=\"index, follow, max-snippet:-1, max-image-preview:large, max-video-preview:-1\" \/>\n<link rel=\"canonical\" href=\"https:\/\/www.klaus-janowitz.de\/wordpress\/bildung-digital\/\" \/>\n<meta property=\"og:locale\" content=\"de_DE\" \/>\n<meta property=\"og:type\" content=\"article\" \/>\n<meta property=\"og:title\" content=\"Digitale Bildung - Netnographie &amp; Digitaler Wandel\" \/>\n<meta property=\"og:description\" content=\"3\/01\/16\u00a0kmjan Alles was sinnvoll digitalisiert werden kann, wird auch digitalisiert. Das gilt f\u00fcr Medienformate,\u00a0wie f\u00fcr Dienste\u00a0und\u00a0Branchen,\u00a0die\u00a0darauf\u00a0zur\u00fcckgreifen.\u00a0Digitaler Wandel ist technologischer und gesellschaftlicher Wandel, eine Medienrevolution, die h\u00f6chstens mit der\u00a0Einf\u00fchrung\u00a0des Buchdruck\u00a0vergleichbar ist. Es gibt unz\u00e4hlige M\u00f6glichkeiten Wissen zu verbreiten &#8211; Bildung ist es, der Wissensvermittlung eine Form zu geben.\u00a0\u00a0Genau wie die\u00a0Zukunft der Arbeit ist die\u00a0Zukunft der Bildung\u00a0eines &hellip; \u201eDigitale Bildung\u201c weiterlesen\" \/>\n<meta property=\"og:url\" content=\"https:\/\/www.klaus-janowitz.de\/wordpress\/bildung-digital\/\" \/>\n<meta property=\"og:site_name\" content=\"Netnographie &amp; Digitaler Wandel\" \/>\n<meta property=\"article:modified_time\" content=\"2018-05-19T22:37:54+00:00\" \/>\n<meta property=\"og:image\" content=\"http:\/\/www.klaus-janowitz.de\/wordpress\/wp-content\/uploads\/2015\/12\/dig_Bildung-188x300.jpg\" \/>\n<meta name=\"twitter:card\" content=\"summary_large_image\" \/>\n<meta name=\"twitter:label1\" content=\"Gesch\u00e4tzte Lesezeit\" \/>\n\t<meta name=\"twitter:data1\" content=\"4\u00a0Minuten\" \/>\n<script type=\"application\/ld+json\" class=\"yoast-schema-graph\">{\"@context\":\"https:\\\/\\\/schema.org\",\"@graph\":[{\"@type\":\"WebPage\",\"@id\":\"https:\\\/\\\/www.klaus-janowitz.de\\\/wordpress\\\/bildung-digital\\\/\",\"url\":\"https:\\\/\\\/www.klaus-janowitz.de\\\/wordpress\\\/bildung-digital\\\/\",\"name\":\"Digitale Bildung - Netnographie &amp; Digitaler Wandel\",\"isPartOf\":{\"@id\":\"https:\\\/\\\/www.klaus-janowitz.de\\\/wordpress\\\/#website\"},\"primaryImageOfPage\":{\"@id\":\"https:\\\/\\\/www.klaus-janowitz.de\\\/wordpress\\\/bildung-digital\\\/#primaryimage\"},\"image\":{\"@id\":\"https:\\\/\\\/www.klaus-janowitz.de\\\/wordpress\\\/bildung-digital\\\/#primaryimage\"},\"thumbnailUrl\":\"http:\\\/\\\/www.klaus-janowitz.de\\\/wordpress\\\/wp-content\\\/uploads\\\/2015\\\/12\\\/dig_Bildung-188x300.jpg\",\"datePublished\":\"2015-12-18T14:14:33+00:00\",\"dateModified\":\"2018-05-19T22:37:54+00:00\",\"breadcrumb\":{\"@id\":\"https:\\\/\\\/www.klaus-janowitz.de\\\/wordpress\\\/bildung-digital\\\/#breadcrumb\"},\"inLanguage\":\"de\",\"potentialAction\":[{\"@type\":\"ReadAction\",\"target\":[\"https:\\\/\\\/www.klaus-janowitz.de\\\/wordpress\\\/bildung-digital\\\/\"]}]},{\"@type\":\"ImageObject\",\"inLanguage\":\"de\",\"@id\":\"https:\\\/\\\/www.klaus-janowitz.de\\\/wordpress\\\/bildung-digital\\\/#primaryimage\",\"url\":\"http:\\\/\\\/www.klaus-janowitz.de\\\/wordpress\\\/wp-content\\\/uploads\\\/2015\\\/12\\\/dig_Bildung-188x300.jpg\",\"contentUrl\":\"http:\\\/\\\/www.klaus-janowitz.de\\\/wordpress\\\/wp-content\\\/uploads\\\/2015\\\/12\\\/dig_Bildung-188x300.jpg\"},{\"@type\":\"BreadcrumbList\",\"@id\":\"https:\\\/\\\/www.klaus-janowitz.de\\\/wordpress\\\/bildung-digital\\\/#breadcrumb\",\"itemListElement\":[{\"@type\":\"ListItem\",\"position\":1,\"name\":\"Startseite\",\"item\":\"https:\\\/\\\/www.klaus-janowitz.de\\\/wordpress\\\/\"},{\"@type\":\"ListItem\",\"position\":2,\"name\":\"Digitale Bildung\"}]},{\"@type\":\"WebSite\",\"@id\":\"https:\\\/\\\/www.klaus-janowitz.de\\\/wordpress\\\/#website\",\"url\":\"https:\\\/\\\/www.klaus-janowitz.de\\\/wordpress\\\/\",\"name\":\"Netnographie &amp; Digitaler Wandel\",\"description\":\"Blog rund um die Themen Netnographie, Online-Kultur und Digitalen Wandel\",\"potentialAction\":[{\"@type\":\"SearchAction\",\"target\":{\"@type\":\"EntryPoint\",\"urlTemplate\":\"https:\\\/\\\/www.klaus-janowitz.de\\\/wordpress\\\/?s={search_term_string}\"},\"query-input\":{\"@type\":\"PropertyValueSpecification\",\"valueRequired\":true,\"valueName\":\"search_term_string\"}}],\"inLanguage\":\"de\"}]}<\/script>\n<!-- \/ Yoast SEO plugin. -->","yoast_head_json":{"title":"Digitale Bildung - Netnographie &amp; Digitaler Wandel","robots":{"index":"index","follow":"follow","max-snippet":"max-snippet:-1","max-image-preview":"max-image-preview:large","max-video-preview":"max-video-preview:-1"},"canonical":"https:\/\/www.klaus-janowitz.de\/wordpress\/bildung-digital\/","og_locale":"de_DE","og_type":"article","og_title":"Digitale Bildung - Netnographie &amp; Digitaler Wandel","og_description":"3\/01\/16\u00a0kmjan Alles was sinnvoll digitalisiert werden kann, wird auch digitalisiert. Das gilt f\u00fcr Medienformate,\u00a0wie f\u00fcr Dienste\u00a0und\u00a0Branchen,\u00a0die\u00a0darauf\u00a0zur\u00fcckgreifen.\u00a0Digitaler Wandel ist technologischer und gesellschaftlicher Wandel, eine Medienrevolution, die h\u00f6chstens mit der\u00a0Einf\u00fchrung\u00a0des Buchdruck\u00a0vergleichbar ist. Es gibt unz\u00e4hlige M\u00f6glichkeiten Wissen zu verbreiten &#8211; Bildung ist es, der Wissensvermittlung eine Form zu geben.\u00a0\u00a0Genau wie die\u00a0Zukunft der Arbeit ist die\u00a0Zukunft der Bildung\u00a0eines &hellip; \u201eDigitale Bildung\u201c weiterlesen","og_url":"https:\/\/www.klaus-janowitz.de\/wordpress\/bildung-digital\/","og_site_name":"Netnographie &amp; Digitaler Wandel","article_modified_time":"2018-05-19T22:37:54+00:00","og_image":[{"url":"http:\/\/www.klaus-janowitz.de\/wordpress\/wp-content\/uploads\/2015\/12\/dig_Bildung-188x300.jpg","type":"","width":"","height":""}],"twitter_card":"summary_large_image","twitter_misc":{"Gesch\u00e4tzte Lesezeit":"4\u00a0Minuten"},"schema":{"@context":"https:\/\/schema.org","@graph":[{"@type":"WebPage","@id":"https:\/\/www.klaus-janowitz.de\/wordpress\/bildung-digital\/","url":"https:\/\/www.klaus-janowitz.de\/wordpress\/bildung-digital\/","name":"Digitale Bildung - Netnographie &amp; Digitaler Wandel","isPartOf":{"@id":"https:\/\/www.klaus-janowitz.de\/wordpress\/#website"},"primaryImageOfPage":{"@id":"https:\/\/www.klaus-janowitz.de\/wordpress\/bildung-digital\/#primaryimage"},"image":{"@id":"https:\/\/www.klaus-janowitz.de\/wordpress\/bildung-digital\/#primaryimage"},"thumbnailUrl":"http:\/\/www.klaus-janowitz.de\/wordpress\/wp-content\/uploads\/2015\/12\/dig_Bildung-188x300.jpg","datePublished":"2015-12-18T14:14:33+00:00","dateModified":"2018-05-19T22:37:54+00:00","breadcrumb":{"@id":"https:\/\/www.klaus-janowitz.de\/wordpress\/bildung-digital\/#breadcrumb"},"inLanguage":"de","potentialAction":[{"@type":"ReadAction","target":["https:\/\/www.klaus-janowitz.de\/wordpress\/bildung-digital\/"]}]},{"@type":"ImageObject","inLanguage":"de","@id":"https:\/\/www.klaus-janowitz.de\/wordpress\/bildung-digital\/#primaryimage","url":"http:\/\/www.klaus-janowitz.de\/wordpress\/wp-content\/uploads\/2015\/12\/dig_Bildung-188x300.jpg","contentUrl":"http:\/\/www.klaus-janowitz.de\/wordpress\/wp-content\/uploads\/2015\/12\/dig_Bildung-188x300.jpg"},{"@type":"BreadcrumbList","@id":"https:\/\/www.klaus-janowitz.de\/wordpress\/bildung-digital\/#breadcrumb","itemListElement":[{"@type":"ListItem","position":1,"name":"Startseite","item":"https:\/\/www.klaus-janowitz.de\/wordpress\/"},{"@type":"ListItem","position":2,"name":"Digitale Bildung"}]},{"@type":"WebSite","@id":"https:\/\/www.klaus-janowitz.de\/wordpress\/#website","url":"https:\/\/www.klaus-janowitz.de\/wordpress\/","name":"Netnographie &amp; Digitaler Wandel","description":"Blog rund um die Themen Netnographie, Online-Kultur und Digitalen Wandel","potentialAction":[{"@type":"SearchAction","target":{"@type":"EntryPoint","urlTemplate":"https:\/\/www.klaus-janowitz.de\/wordpress\/?s={search_term_string}"},"query-input":{"@type":"PropertyValueSpecification","valueRequired":true,"valueName":"search_term_string"}}],"inLanguage":"de"}]}},"jetpack_sharing_enabled":true,"jetpack_shortlink":"https:\/\/wp.me\/P15Wn2-1QP","jetpack_likes_enabled":true,"jetpack-related-posts":[{"id":7503,"url":"https:\/\/www.klaus-janowitz.de\/wordpress\/dematerialisierung-und-digitale-transformation\/","url_meta":{"origin":7119,"position":0},"title":"Dematerialisierung und Digitale Transformation  (Rez.)","author":"KlausMJan","date":"9. Februar 2016","format":false,"excerpt":"9\/02\/16\u00a0kmjan\u00a0 \"Dematerialisierung - Die Neuverteilung der Welt in Zeiten des digitalen Darwinismus\"\u00a0ist das zweite Buch des Autorengespanns Ralf T. Kreuzer & Karl-Heinz Land zum \"Digitalen Darwinismus\" - der Leitbegriff meint den Selektionsproze\u00df, der Unternehmen und auch ganze Branchen trifft \"wenn sich Technologien und die Gesellschaft schneller ver\u00e4ndern als die F\u00e4higkeit\u2026","rel":"","context":"\u00c4hnlicher Beitrag","block_context":{"text":"\u00c4hnlicher Beitrag","link":""},"img":{"alt_text":"Dematerialisierung","src":"https:\/\/i0.wp.com\/www.klaus-janowitz.de\/wordpress\/wp-content\/uploads\/2016\/01\/Dematerialisierung-211x300.jpg?resize=350%2C200","width":350,"height":200},"classes":[]},{"id":8266,"url":"https:\/\/www.klaus-janowitz.de\/wordpress\/digitale-transformation-und-digitaler-wandel\/","url_meta":{"origin":7119,"position":1},"title":"Digitale Transformation und Digitaler Wandel","author":"KlausMJan","date":"18. Mai 2016","format":false,"excerpt":"18\/05\/16\u00a0kmjan Digitalisierung ist seit langem ein Megathema \u2013 immer wieder sprechen wir dar\u00fcber unter anderen Leitbegriffen. Seit einigen Jahren\u00a0hei\u00dft es \u201eDigitaler Wandel\u201c bzw. \u201eDigitale Transformation\u201c. Oft werden die beiden Begriffe undifferenziert\u00a0nebeneinander gebraucht. Was unterscheidet sie inhaltlich\u00a0und was bedeuten sie\u00a0f\u00fcr Entwicklung und Trends in Wirtschaft und Gesellschaft? Digitalisierungssch\u00fcbe haben immer wieder\u2026","rel":"","context":"\u00c4hnlicher Beitrag","block_context":{"text":"\u00c4hnlicher Beitrag","link":""},"img":{"alt_text":"","src":"https:\/\/i0.wp.com\/www.klaus-janowitz.de\/wordpress\/wp-content\/uploads\/2016\/05\/IMG_4416-300x300.jpg?resize=350%2C200","width":350,"height":200},"classes":[]},{"id":9447,"url":"https:\/\/www.klaus-janowitz.de\/wordpress\/rueckblick-transformation-der-systeme\/","url_meta":{"origin":7119,"position":2},"title":"R\u00fcckblick: Transformation der Systeme","author":"KlausMJan","date":"16. Januar 2017","format":false,"excerpt":"16\/01\/17\u00a0kmjan\u00a0 Zwar liegt die 7. Internetwoche K\u00f6ln (24. - 28.10. 16) schon eine Zeit zur\u00fcck. An zweien der Veranstaltungen war ich massgeblich beteiligt\u00a0- und es lohnt sich auf die Ergebnisse zur\u00fcckzublicken. Zun\u00e4chst die Diskussionsveranstaltung Education 2.0\u00a0im Startplatz am 24.10., am Folgetag dann mit thematischer und personeller \u00dcberschneidung der Workshop Transformation\u2026","rel":"","context":"\u00c4hnlicher Beitrag","block_context":{"text":"\u00c4hnlicher Beitrag","link":""},"img":{"alt_text":"","src":"https:\/\/i0.wp.com\/www.klaus-janowitz.de\/wordpress\/wp-content\/uploads\/2016\/12\/Handel-300x225.jpg?resize=350%2C200","width":350,"height":200},"classes":[]},{"id":9081,"url":"https:\/\/www.klaus-janowitz.de\/wordpress\/world-cafe-transformation-der-systeme\/","url_meta":{"origin":7119,"position":3},"title":"World Caf\u00e9 &#8211; Transformation der Systeme","author":"KlausMJan","date":"20. September 2016","format":false,"excerpt":"22\/09\/16\u00a0kmjan Jedes Jahr \u00a0im Herbst, in der letzten Oktoberwoche, startet die Internetwoche K\u00f6ln. Mittlerweile bei Nummer 7 angelangt und diesmal mit dem Untertitel \"Das Festival f\u00fcr die digitale Wirtschaft und Gesellschaft\". Beteiligt sind\u00a0Akteure der digitalen Szene K\u00f6ln: StartUps und andere Unternehmen, Hochschulen, \u00f6ffentliche Einrichtungen, Verb\u00e4nde, Anwaltskanzleien (!) und unabh\u00e4ngige Veranstalter.\u2026","rel":"","context":"\u00c4hnlicher Beitrag","block_context":{"text":"\u00c4hnlicher Beitrag","link":""},"img":{"alt_text":"Hashtag","src":"https:\/\/i0.wp.com\/www.klaus-janowitz.de\/wordpress\/wp-content\/uploads\/2016\/03\/Hashtag-300x248.jpg?resize=350%2C200","width":350,"height":200},"classes":[]},{"id":10090,"url":"https:\/\/www.klaus-janowitz.de\/wordpress\/zukunft-2030\/","url_meta":{"origin":7119,"position":4},"title":"Zukunft 2030 &#8211; Szenarios der Transformation","author":"KlausMJan","date":"5. Juli 2017","format":false,"excerpt":"4\/07\/17\u00a0kmjan Wenn es um Digitalen Wandel bzw.\u00a0Digitale Transformation\u00a0geht es immer auch um Aussagen zur Zukunft. Wohin treibt der Wandel? Wie transformieren sich Systeme?\u00a0Digitale Innovationen haben in den vergangenen Jahrzehnten eine Branche nach der anderen umgekrempelt, \u00a0die \u00f6ffentliche Kommunikation neu definiert, weiterhin treibt Digitalisierung Ver\u00e4nderungen in Wirtschaft und Gesellschaft an. Immer\u2026","rel":"","context":"\u00c4hnlicher Beitrag","block_context":{"text":"\u00c4hnlicher Beitrag","link":""},"img":{"alt_text":"","src":"https:\/\/i0.wp.com\/www.klaus-janowitz.de\/wordpress\/wp-content\/uploads\/2017\/07\/Zukunftslandkarte-277x300.jpg?resize=350%2C200&ssl=1","width":350,"height":200},"classes":[]},{"id":7174,"url":"https:\/\/www.klaus-janowitz.de\/wordpress\/machtbalance-und-figuration\/","url_meta":{"origin":7119,"position":5},"title":"Machtbalance,  Figuration und digitaler Wandel","author":"KlausMJan","date":"20. Dezember 2015","format":false,"excerpt":"28\/12\/15\u00a0kmjan In einem der letzten Beitr\u00e4ge hatte ich den digitalen Wandel in die Perspektive der Zivilisationstheorie\u00a0von Norbert Elias gestellt. Digitaler Wandel l\u00e4sst sich so als ein langfristiger Prozess verstehen, in dem technologische und gesellschaftliche Entwicklungen miteinander verkn\u00fcpft sind. Digitaler Wandel bedeutet nicht, dass bestehende Strukturen in ein neues Format \u00fcbersetzt\u2026","rel":"","context":"\u00c4hnlicher Beitrag","block_context":{"text":"\u00c4hnlicher Beitrag","link":""},"img":{"alt_text":"","src":"https:\/\/i0.wp.com\/www.klaus-janowitz.de\/wordpress\/wp-content\/uploads\/2011\/01\/elias.jpg?resize=350%2C200&ssl=1","width":350,"height":200},"classes":[]}],"_links":{"self":[{"href":"https:\/\/www.klaus-janowitz.de\/wordpress\/wp-json\/wp\/v2\/pages\/7119","targetHints":{"allow":["GET"]}}],"collection":[{"href":"https:\/\/www.klaus-janowitz.de\/wordpress\/wp-json\/wp\/v2\/pages"}],"about":[{"href":"https:\/\/www.klaus-janowitz.de\/wordpress\/wp-json\/wp\/v2\/types\/page"}],"author":[{"embeddable":true,"href":"https:\/\/www.klaus-janowitz.de\/wordpress\/wp-json\/wp\/v2\/users\/1"}],"replies":[{"embeddable":true,"href":"https:\/\/www.klaus-janowitz.de\/wordpress\/wp-json\/wp\/v2\/comments?post=7119"}],"version-history":[{"count":109,"href":"https:\/\/www.klaus-janowitz.de\/wordpress\/wp-json\/wp\/v2\/pages\/7119\/revisions"}],"predecessor-version":[{"id":11042,"href":"https:\/\/www.klaus-janowitz.de\/wordpress\/wp-json\/wp\/v2\/pages\/7119\/revisions\/11042"}],"wp:attachment":[{"href":"https:\/\/www.klaus-janowitz.de\/wordpress\/wp-json\/wp\/v2\/media?parent=7119"}],"curies":[{"name":"wp","href":"https:\/\/api.w.org\/{rel}","templated":true}]}}