{"id":5962,"date":"2015-07-14T22:24:54","date_gmt":"2015-07-14T20:24:54","guid":{"rendered":"http:\/\/www.klaus-janowitz.de\/wordpress\/?page_id=5962"},"modified":"2023-10-31T23:32:56","modified_gmt":"2023-10-31T22:32:56","slug":"vegan-eine-kleine-netnographie","status":"publish","type":"page","link":"https:\/\/www.klaus-janowitz.de\/wordpress\/vegan-eine-kleine-netnographie\/","title":{"rendered":"Vegan &#8211; eine (kleine) Netnographie"},"content":{"rendered":"<p><a href=\"https:\/\/i0.wp.com\/www.klaus-janowitz.de\/wordpress\/wp-content\/uploads\/2015\/07\/Rinder-e1436448525280.jpg?ssl=1\"><img data-recalc-dims=\"1\" fetchpriority=\"high\" decoding=\"async\" class=\"alignright size-medium wp-image-6163\" src=\"https:\/\/i0.wp.com\/www.klaus-janowitz.de\/wordpress\/wp-content\/uploads\/2015\/07\/Rinder.jpg?resize=300%2C225&#038;ssl=1\" alt=\"\" width=\"300\" height=\"225\" \/><\/a><\/p>\n<p style=\"text-align: justify;\">14\/07\/15 <a href=\"http:\/\/www.klaus-janowitz.de\/\">kmjan<\/a><br \/>\nDie Sorge um richtige Ern\u00e4hrung treibt\u00a0viele Menschen um. Es geht nicht nur um Genu\u00df und Gesundheit + finanzieller Erw\u00e4gungen, Werthaltungen spielen eine Rolle. Zwei davon lassen sich hervorheben: Prinzipien der <em>Nachhaltigkeit<\/em> und <em>vegane Lebensweise<\/em>.\u00a0In weiten Teilen \u00fcberschneiden sie sich, bei beiden spielt das Unbehagen an industrieller Landwirtschaft und insbes. Massentierhaltung eine Rolle.\u00a0In entscheidenden Punkten stehen sie sich aber entgegen. Steht bei den Werten der Nachhaltigkeit, wie sie etwa von <em>Slow Food<\/em> vertreten werden, die Frage &#8220;<em>Unter welchen\u00a0\u00f6kologischen und sozialen Bedingungen und in welcher handwerklichen Qualit\u00e4t wird produziert und welche Auswirkungen hat das lokal und global?<\/em>&#8220;\u00b9\u00a0im Vordergrund, geht es bei der veganen Lebensweise um die vollst\u00e4ndige Vermeidung von Produkten tierischer Herkunft, bis hin zu Wolle,\u00a0Daunen und Honig. Es geht um moralische Gr\u00fcnde, Tierleid zu vermeiden\u00a0und es ist jeweils eine\u00a0pers\u00f6nliche Entscheidung, seine Lebensweise daran anzupassen. Die Tierrechtsorganisation PETA beansprucht eine Meinungsf\u00fchrerschaft. Wie weitgehend\u00a0deren &#8220;<em>antispeziezistische \u00b2<\/em>&#8221; Positionen geteilt werden, kann aber nicht gesagt werden.<\/p>\n<figure id=\"attachment_6120\" aria-describedby=\"caption-attachment-6120\" style=\"width: 300px\" class=\"wp-caption alignleft\"><a href=\"https:\/\/i0.wp.com\/www.klaus-janowitz.de\/wordpress\/wp-content\/uploads\/2015\/07\/Vegan_Gro%C3%9FeDaten.jpg\"><img data-recalc-dims=\"1\" decoding=\"async\" class=\"size-medium wp-image-6120\" src=\"https:\/\/i0.wp.com\/www.klaus-janowitz.de\/wordpress\/wp-content\/uploads\/2015\/07\/Vegan_Gro%C3%9FeDaten-300x200.jpg?resize=300%2C200\" alt=\"Online-Kommunikation zu \u201cVegan&quot; im Juni 2015\" width=\"300\" height=\"200\" srcset=\"https:\/\/i0.wp.com\/www.klaus-janowitz.de\/wordpress\/wp-content\/uploads\/2015\/07\/Vegan_Gro%C3%9FeDaten.jpg?resize=300%2C200&amp;ssl=1 300w, https:\/\/i0.wp.com\/www.klaus-janowitz.de\/wordpress\/wp-content\/uploads\/2015\/07\/Vegan_Gro%C3%9FeDaten.jpg?w=605&amp;ssl=1 605w\" sizes=\"(max-width: 300px) 100vw, 300px\" \/><\/a><figcaption id=\"caption-attachment-6120\" class=\"wp-caption-text\">Online-Kommunikation zu \u201cVegan&#8221; im Juni 2015<\/figcaption><\/figure>\n<p style=\"text-align: justify;\">Wir haben \u00fcber einen Monat (Juni 2015) die Online-Kommunikation zum Thema <em>Vegan<\/em>\u00a0 beobachtet, dabei stand die aktuelle Version der Monitoringsoftware <strong><em>Radarly<\/em><\/strong> von <a href=\"http:\/\/linkfluence.com\/de\/\" target=\"_blank\" rel=\"noopener\">linkfluence<\/a> zur Verf\u00fcgung. Wie erwartet ist das Thema <em>Vegan<\/em> im SocialWeb \u00fcberaus pr\u00e4sent. Das beginnt mit den zahllosen mit #<em>vegan<\/em> versehenen Bildern auf <em>instagram <\/em>(insges. sind es 14 Mill.- weltweit und seitdem <em>instagram<\/em> besteht).\u00a0<em>Facebook<\/em>\u00a0dient der Gruppenkommunikation und wird genau wie\u00a0<em>Twitter<\/em>\u00a0h\u00e4ufig f\u00fcr\u00a0Linkverweise oder als Container f\u00fcr Bilder oder Videos genutzt.\u00a0<em>Youtube\u00a0<\/em>bietet den\u00a0einzelnen <em>Online- Akteuren<\/em> die wohl besten M\u00f6glichkeiten und steht f\u00fcr Videoblogs mit Produkttests, Koch- \u00a0und Backrezepten, aber auch Meinungsbeitr\u00e4gen, Video-Tageb\u00fcchern und einigen handwerklich gutgemachten Dokumentationen.\u00a0Kernst\u00fcck des <em>veganen<\/em> Netzes bilden einige Websites, Blogs und Foren. In den entsprechenden Foren geht es um alle\u00a0Fragen veganer Lebensf\u00fchrung bzw. den Weg dorthin, die Kommunikation bleibt <em>unter Gleichgesinnten<\/em>. Es sind v.a. Fragen zur Ern\u00e4hrung\u00a0und der Ern\u00e4hrungsumstellung, aber auch des Umgangs mit der <em>omnivoren <\/em>(alles essenden)\u00a0\u00a0Umgebung. Auffallend ist u.a. die gr\u00f6ssere Zahl von\u00a0Beitr\u00e4gen zu Kosmetik als zur Bekleidung.<br \/>\n\u201e<em>Eine steigende Zahl von Verbrauchern sieht keine andere M\u00f6glichkeit mehr, Tiere zu sch\u00fctzen, als auf tierische Produkte zu verzichten und sich vegan zu ern\u00e4hren&#8221;\u00b3.<\/em>\u00a0Die Entscheidung dazu\u00a0bedeutet\u00a0eine <em>klare Kante <\/em>mit eindeutigen Regeln. In den letzten Jahren hat sie sich verbreitet und damit steigt das \u00f6ffentliche Interesse. So\u00a0taucht auch mehrfach die Formulierung &#8220;<em>im Mainstream\u00a0angekommen&#8221;<\/em> auf. Man kann zwar noch von einer\u00a0<em>veganen<\/em>\u00a0<em>Szene<\/em>\u00a0sprechen, sie zeigt sich aber in unterschiedlichen Umgebungen und erstreckt sich \u00fcber mehrere <a href=\"http:\/\/www.klaus-janowitz.de\/wordpress\/digitale-milieus\" target=\"_blank\" rel=\"noopener\">Milieus<\/a>. <em>Vegan<\/em> steht\u00a0im Umfeld klassisch gr\u00fcner Themen von\u00a0<em>Klimaschutz<\/em>\u00a0bis\u00a0<em>Urban Gardening, <\/em>von\u00a0<em>Lifestyle &amp; Fashion, <\/em>es gibt<em>\u00a0<\/em>Sparversionen (<em>wie kann ich g\u00fcnstig vegan leben?<\/em>) und den\u00a0graswurzelanarchistischen Slogan &#8220;<em>Kein Gott- kein Staat &#8211; kein Fleischsalat&#8221;. Vegan <\/em>ist aber vor allem weiblich:\u00a0in den meisten Studien wird ein Frauenanteil von 75 &#8211; 80% genannt.<\/p>\n<figure id=\"attachment_6109\" aria-describedby=\"caption-attachment-6109\" style=\"width: 225px\" class=\"wp-caption alignleft\"><a href=\"https:\/\/i0.wp.com\/www.klaus-janowitz.de\/wordpress\/wp-content\/uploads\/2015\/06\/VeganSoja.jpg\"><img data-recalc-dims=\"1\" decoding=\"async\" class=\"size-medium wp-image-6109\" src=\"https:\/\/i0.wp.com\/www.klaus-janowitz.de\/wordpress\/wp-content\/uploads\/2015\/06\/VeganSoja-225x300.jpg?resize=225%2C300\" alt=\"Veganes Warenangebot: Ersatzprodukte\" width=\"225\" height=\"300\" srcset=\"https:\/\/i0.wp.com\/www.klaus-janowitz.de\/wordpress\/wp-content\/uploads\/2015\/06\/VeganSoja.jpg?resize=225%2C300&amp;ssl=1 225w, https:\/\/i0.wp.com\/www.klaus-janowitz.de\/wordpress\/wp-content\/uploads\/2015\/06\/VeganSoja.jpg?resize=768%2C1024&amp;ssl=1 768w, https:\/\/i0.wp.com\/www.klaus-janowitz.de\/wordpress\/wp-content\/uploads\/2015\/06\/VeganSoja.jpg?resize=300%2C400&amp;ssl=1 300w, https:\/\/i0.wp.com\/www.klaus-janowitz.de\/wordpress\/wp-content\/uploads\/2015\/06\/VeganSoja.jpg?w=960&amp;ssl=1 960w\" sizes=\"(max-width: 225px) 100vw, 225px\" \/><\/a><figcaption id=\"caption-attachment-6109\" class=\"wp-caption-text\">Veganes Warenangebot: Sojaprodukte<\/figcaption><\/figure>\n<p style=\"text-align: justify;\">Kritik und Auseinandersetzungen zur veganen Lebensweise finden sowohl auf sachlicher wie \u00a0auf polemischer\u00a0und manchmal auch aggressiver Ebene statt. Massentierhaltung ist dabei kaum ein\u00a0Thema, deren Ablehnung\u00a0ist hier Konsens &#8211; in der Diskussion gibt es niemanden der sie bef\u00fcrwortet. Angriffspunkte\u00a0sind eher Landwirtschaftsbereiche mit h\u00f6herer Akzeptanz, wie Milchwirtschaft und zertifizierte Bio- Fleischproduktion. Auf der anderen Seite gibt es Argumente f\u00fcr eine nachhaltigere Landwirtschaft, in der\u00a0Weidewirtschaft bestimmte Ressourcen besser nutzt. Zudem ist die Produktion pflanzlicher Nahrungsmittel nicht per se nachhaltig.<br \/>\nKritik gibt es am radikalen Tierschutz und Aktionismus, wie er von PETA praktiziert wird. Derzeit f\u00fchrt PETA den Contest &#8220;<em>Germany&#8217;s Sexiest Vegan<\/em> 2015&#8243; durch. In der Sprache f\u00e4llt oft eine ausgepr\u00e4gte Vermenschlichung von Tieren (so ist\u00a0beim Fleisch von <em>Mord<\/em> und <em>Leichenteilen auf dem Teller<\/em> die Rede), im weiteren ein oft belehrender Ton auf. Darauf beziehen sich\u00a0<em>antivegane<\/em> Affekte, wie sie in einigen anti-vegan Blogs zum Ausdruck kommen. Zusammenfassen kann man sie mit dem &#8211; erkennbar an\u00a0Gentrifizierung angelehnten &#8211; etwas h\u00e4mischen &#8211; Begriff \u00a0 <em>Bambifizierung.<\/em>\u00a0&#8220;<em>Man k\u00f6nnte wohl leichter mit dem Veganismus umgehen, wenn die Leute die so leben wollen ihre missionarische Seite ablegen w\u00fcrden&#8221;.<\/em><\/p>\n<figure id=\"attachment_6158\" aria-describedby=\"caption-attachment-6158\" style=\"width: 300px\" class=\"wp-caption alignright\"><a href=\"https:\/\/i0.wp.com\/www.klaus-janowitz.de\/wordpress\/wp-content\/uploads\/2015\/07\/Vegan_Suppen.jpg\"><img data-recalc-dims=\"1\" loading=\"lazy\" decoding=\"async\" class=\"size-medium wp-image-6158\" src=\"https:\/\/i0.wp.com\/www.klaus-janowitz.de\/wordpress\/wp-content\/uploads\/2015\/07\/Vegan_Suppen-300x259.jpg?resize=300%2C259\" alt=\"Veganes Warenangebot: Convenience Food\" width=\"300\" height=\"259\" srcset=\"https:\/\/i0.wp.com\/www.klaus-janowitz.de\/wordpress\/wp-content\/uploads\/2015\/07\/Vegan_Suppen.jpg?resize=300%2C259&amp;ssl=1 300w, https:\/\/i0.wp.com\/www.klaus-janowitz.de\/wordpress\/wp-content\/uploads\/2015\/07\/Vegan_Suppen.jpg?resize=1024%2C884&amp;ssl=1 1024w, https:\/\/i0.wp.com\/www.klaus-janowitz.de\/wordpress\/wp-content\/uploads\/2015\/07\/Vegan_Suppen.jpg?w=1112&amp;ssl=1 1112w\" sizes=\"(max-width: 300px) 100vw, 300px\" \/><\/a><figcaption id=\"caption-attachment-6158\" class=\"wp-caption-text\">Veganes Warenangebot: Convenience Food<\/figcaption><\/figure>\n<p style=\"text-align: justify;\">Nachfrage erzeugt Angebote: In der Beobachtungszeit war z.B. die (meist als gelungen bewertete) vegane Wurstvariante von\u00a0<em>R\u00fcgenwalder M\u00fchle <\/em>Thema<em>.\u00a0<\/em>Das Angebot\u00a0veganer Produkte hat sich grunds\u00e4tzlich verbreitert, nicht nur bei Ersatzprodukten, und es wird auch\u00a0von Nicht- Veganern angenommen. Vegane Nachfrage ist aber auch\u00a0Innovationstreiber:\u00a0so bei der Entwicklung neuer Produkte aus Recyclingmaterialien.<\/p>\n<p style=\"text-align: justify;\">Das Themenfeld <strong><em>Vegan im Netz<\/em><\/strong>\u00a0ber\u00fchrt eine ganze Reihe von Aspekten: es geht um Ethik, Ern\u00e4hrung,\u00a0Konsum und Marktangebot<em>, <\/em>Vergemeinschaftung und Lebensstile, um\u00a0die Zukunft der Landwirtschaft.\u00a0<em><br \/>\n<\/em>Das <em>Essen<\/em> ist Teil des pers\u00f6nlichen Lebensstils geworden, der \u00f6ffentlich kommuniziert wird, wie Kleidung, Reisen oder Musikgeschmack. <em>Veganes<\/em> Essen reiht sich hier ein in eine Vielfalt von Stilen und steht neben den diversen Genu\u00df- Szenen (<em>Foodies<\/em>), die es zu Kaffee und Schokolade, zu <em>Craft Beer<\/em>, aber auch im\u00a0ambitionierten Fleischgenu\u00df (<em>z.B. Dry Aged Beef<\/em>) gibt. <em>Essens<\/em> Stile\u00a0und Genu\u00dfkulturen werden im Netz und bei Events (man denke an <em>Street Food Festivals<\/em>) inszeniert. So ist etwa\u00a0instagram\u00a0ein gigantisches \u00f6ffentliches Fotoalbum der zeitgen\u00f6ssischen Esskultur. Der althergebrachte\u00a0Gegensatz <em>Mainstream<\/em> vs <em>Subkulturen<\/em> hat sich \u00fcberholt.<br \/>\n<strong>Netnographie<\/strong> ist eine Methode, die qualitative Forschung auf die\u00a0\u00f6ffentliche Online- Kommunikation anwendet. Im Gegensatz zu Big Data, das sich auf die statistische Auswertung gro\u00dfer Datenmengen st\u00fctzt, werden hier ausgew\u00e4hlte (entsprechend einer Fragestellung) Inhalte auf die ihnen innewohnenden Bez\u00fcge mit Hilfe\u00a0<a href=\"http:\/\/www.klaus-janowitz.de\/wordpress\/qualitative-datenanalyse\" target=\"_blank\" rel=\"noopener\">qualitativer Datenanalyse <\/a>untersucht: <em>Small Data<\/em>. <strong>Radarly<\/strong> ist ein sehr geeignetes Werkzeug, die geeigneten Quellen zu erschlie\u00dfen. Die Software erm\u00f6glicht die Auswahl von Quellen in festgelegten Zeitabst\u00e4nden nach Stichw\u00f6rtern und selbst definierten\u00a0<em>Queries<\/em> (Abfragen).<\/p>\n<p style=\"text-align: justify;\"><span style=\"font-size: small; line-height: 12px;\">\u00b9: http:\/\/www.slowfood.de\/w\/files\/magazin\/sf_0413_gesellschaft.pdf \u00a0\u00a0<em>\u00b2<\/em>Antispeziezismus: wendet sich gegen\u00a0Diskriminierung aufgrund der Zugeh\u00f6rigkeit zu einer Art. \u00a0<em>\u00b3:\u00a0<\/em>s. http:\/\/www.topagrar.com\/news\/Home-top-News-Image-der-Landwirtschaft-traegt-zu-steigender-Zahl-an-Veganern-bei-1799704.html \u00a0<em>\u00a0<\/em><\/span><\/p>\n<p><!-- Matomo --><br \/>\n<script type=\"text\/javascript\">\n  var _paq = _paq || [];\n  \/* tracker methods like \"setCustomDimension\" should be called before \"trackPageView\" *\/\n  _paq.push(['trackPageView']);\n  _paq.push(['enableLinkTracking']);\n  (function() {\n    var u=\"\/\/www.klaus-janowitz.de\/piwik\/\";\n    _paq.push(['setTrackerUrl', u+'piwik.php']);\n    _paq.push(['setSiteId', '1']);\n    var d=document, g=d.createElement('script'), s=d.getElementsByTagName('script')[0];\n    g.type='text\/javascript'; g.async=true; g.defer=true; g.src=u+'piwik.js'; s.parentNode.insertBefore(g,s);\n  })();\n<\/script><br \/>\n<!-- End Matomo Code --><\/p>\n","protected":false},"excerpt":{"rendered":"<p>14\/07\/15 kmjan Die Sorge um richtige Ern\u00e4hrung treibt\u00a0viele Menschen um. Es geht nicht nur um Genu\u00df und Gesundheit + finanzieller Erw\u00e4gungen, Werthaltungen spielen eine Rolle. Zwei davon lassen sich hervorheben: Prinzipien der Nachhaltigkeit und vegane Lebensweise.\u00a0In weiten Teilen \u00fcberschneiden sie sich, bei beiden spielt das Unbehagen an industrieller Landwirtschaft und insbes. Massentierhaltung eine Rolle.\u00a0In entscheidenden &hellip; <\/p>\n<p class=\"link-more\"><a href=\"https:\/\/www.klaus-janowitz.de\/wordpress\/vegan-eine-kleine-netnographie\/\" class=\"more-link\"><span class=\"screen-reader-text\">\u201eVegan &#8211; eine (kleine) Netnographie\u201c <\/span>weiterlesen<\/a><\/p>\n","protected":false},"author":1,"featured_media":0,"parent":0,"menu_order":0,"comment_status":"open","ping_status":"open","template":"","meta":{"jetpack_post_was_ever_published":false,"activitypub_content_warning":"","activitypub_content_visibility":"","activitypub_max_image_attachments":4,"activitypub_interaction_policy_quote":"","activitypub_status":"","footnotes":""},"class_list":["post-5962","page","type-page","status-publish","hentry"],"yoast_head":"<!-- This site is optimized with the Yoast SEO plugin v27.5 - https:\/\/yoast.com\/product\/yoast-seo-wordpress\/ -->\n<title>Vegan - eine (kleine) Netnographie - Netnographie &amp; Digitaler Wandel<\/title>\n<meta name=\"robots\" content=\"index, follow, max-snippet:-1, max-image-preview:large, max-video-preview:-1\" \/>\n<link rel=\"canonical\" href=\"https:\/\/www.klaus-janowitz.de\/wordpress\/vegan-eine-kleine-netnographie\/\" \/>\n<meta property=\"og:locale\" content=\"de_DE\" \/>\n<meta property=\"og:type\" content=\"article\" \/>\n<meta property=\"og:title\" content=\"Vegan - eine (kleine) Netnographie - Netnographie &amp; Digitaler Wandel\" \/>\n<meta property=\"og:description\" content=\"14\/07\/15 kmjan Die Sorge um richtige Ern\u00e4hrung treibt\u00a0viele Menschen um. Es geht nicht nur um Genu\u00df und Gesundheit + finanzieller Erw\u00e4gungen, Werthaltungen spielen eine Rolle. Zwei davon lassen sich hervorheben: Prinzipien der Nachhaltigkeit und vegane Lebensweise.\u00a0In weiten Teilen \u00fcberschneiden sie sich, bei beiden spielt das Unbehagen an industrieller Landwirtschaft und insbes. Massentierhaltung eine Rolle.\u00a0In entscheidenden &hellip; \u201eVegan &#8211; eine (kleine) Netnographie\u201c weiterlesen\" \/>\n<meta property=\"og:url\" content=\"https:\/\/www.klaus-janowitz.de\/wordpress\/vegan-eine-kleine-netnographie\/\" \/>\n<meta property=\"og:site_name\" content=\"Netnographie &amp; Digitaler Wandel\" \/>\n<meta property=\"article:modified_time\" content=\"2023-10-31T22:32:56+00:00\" \/>\n<meta property=\"og:image\" content=\"https:\/\/www.klaus-janowitz.de\/wordpress\/wp-content\/uploads\/2015\/07\/Rinder-300x225.jpg\" \/>\n<meta name=\"twitter:card\" content=\"summary_large_image\" \/>\n<meta name=\"twitter:label1\" content=\"Gesch\u00e4tzte Lesezeit\" \/>\n\t<meta name=\"twitter:data1\" content=\"6\u00a0Minuten\" \/>\n<script type=\"application\/ld+json\" class=\"yoast-schema-graph\">{\"@context\":\"https:\\\/\\\/schema.org\",\"@graph\":[{\"@type\":\"WebPage\",\"@id\":\"https:\\\/\\\/www.klaus-janowitz.de\\\/wordpress\\\/vegan-eine-kleine-netnographie\\\/\",\"url\":\"https:\\\/\\\/www.klaus-janowitz.de\\\/wordpress\\\/vegan-eine-kleine-netnographie\\\/\",\"name\":\"Vegan - eine (kleine) Netnographie - Netnographie &amp; Digitaler Wandel\",\"isPartOf\":{\"@id\":\"https:\\\/\\\/www.klaus-janowitz.de\\\/wordpress\\\/#website\"},\"primaryImageOfPage\":{\"@id\":\"https:\\\/\\\/www.klaus-janowitz.de\\\/wordpress\\\/vegan-eine-kleine-netnographie\\\/#primaryimage\"},\"image\":{\"@id\":\"https:\\\/\\\/www.klaus-janowitz.de\\\/wordpress\\\/vegan-eine-kleine-netnographie\\\/#primaryimage\"},\"thumbnailUrl\":\"https:\\\/\\\/www.klaus-janowitz.de\\\/wordpress\\\/wp-content\\\/uploads\\\/2015\\\/07\\\/Rinder-300x225.jpg\",\"datePublished\":\"2015-07-14T20:24:54+00:00\",\"dateModified\":\"2023-10-31T22:32:56+00:00\",\"breadcrumb\":{\"@id\":\"https:\\\/\\\/www.klaus-janowitz.de\\\/wordpress\\\/vegan-eine-kleine-netnographie\\\/#breadcrumb\"},\"inLanguage\":\"de\",\"potentialAction\":[{\"@type\":\"ReadAction\",\"target\":[\"https:\\\/\\\/www.klaus-janowitz.de\\\/wordpress\\\/vegan-eine-kleine-netnographie\\\/\"]}]},{\"@type\":\"ImageObject\",\"inLanguage\":\"de\",\"@id\":\"https:\\\/\\\/www.klaus-janowitz.de\\\/wordpress\\\/vegan-eine-kleine-netnographie\\\/#primaryimage\",\"url\":\"https:\\\/\\\/www.klaus-janowitz.de\\\/wordpress\\\/wp-content\\\/uploads\\\/2015\\\/07\\\/Rinder-300x225.jpg\",\"contentUrl\":\"https:\\\/\\\/www.klaus-janowitz.de\\\/wordpress\\\/wp-content\\\/uploads\\\/2015\\\/07\\\/Rinder-300x225.jpg\"},{\"@type\":\"BreadcrumbList\",\"@id\":\"https:\\\/\\\/www.klaus-janowitz.de\\\/wordpress\\\/vegan-eine-kleine-netnographie\\\/#breadcrumb\",\"itemListElement\":[{\"@type\":\"ListItem\",\"position\":1,\"name\":\"Startseite\",\"item\":\"https:\\\/\\\/www.klaus-janowitz.de\\\/wordpress\\\/\"},{\"@type\":\"ListItem\",\"position\":2,\"name\":\"Vegan &#8211; eine (kleine) Netnographie\"}]},{\"@type\":\"WebSite\",\"@id\":\"https:\\\/\\\/www.klaus-janowitz.de\\\/wordpress\\\/#website\",\"url\":\"https:\\\/\\\/www.klaus-janowitz.de\\\/wordpress\\\/\",\"name\":\"Netnographie &amp; Digitaler Wandel\",\"description\":\"Blog rund um die Themen Netnographie, Online-Kultur und Digitalen Wandel\",\"potentialAction\":[{\"@type\":\"SearchAction\",\"target\":{\"@type\":\"EntryPoint\",\"urlTemplate\":\"https:\\\/\\\/www.klaus-janowitz.de\\\/wordpress\\\/?s={search_term_string}\"},\"query-input\":{\"@type\":\"PropertyValueSpecification\",\"valueRequired\":true,\"valueName\":\"search_term_string\"}}],\"inLanguage\":\"de\"}]}<\/script>\n<!-- \/ Yoast SEO plugin. -->","yoast_head_json":{"title":"Vegan - eine (kleine) Netnographie - Netnographie &amp; Digitaler Wandel","robots":{"index":"index","follow":"follow","max-snippet":"max-snippet:-1","max-image-preview":"max-image-preview:large","max-video-preview":"max-video-preview:-1"},"canonical":"https:\/\/www.klaus-janowitz.de\/wordpress\/vegan-eine-kleine-netnographie\/","og_locale":"de_DE","og_type":"article","og_title":"Vegan - eine (kleine) Netnographie - Netnographie &amp; Digitaler Wandel","og_description":"14\/07\/15 kmjan Die Sorge um richtige Ern\u00e4hrung treibt\u00a0viele Menschen um. Es geht nicht nur um Genu\u00df und Gesundheit + finanzieller Erw\u00e4gungen, Werthaltungen spielen eine Rolle. Zwei davon lassen sich hervorheben: Prinzipien der Nachhaltigkeit und vegane Lebensweise.\u00a0In weiten Teilen \u00fcberschneiden sie sich, bei beiden spielt das Unbehagen an industrieller Landwirtschaft und insbes. Massentierhaltung eine Rolle.\u00a0In entscheidenden &hellip; \u201eVegan &#8211; eine (kleine) Netnographie\u201c weiterlesen","og_url":"https:\/\/www.klaus-janowitz.de\/wordpress\/vegan-eine-kleine-netnographie\/","og_site_name":"Netnographie &amp; Digitaler Wandel","article_modified_time":"2023-10-31T22:32:56+00:00","og_image":[{"url":"https:\/\/www.klaus-janowitz.de\/wordpress\/wp-content\/uploads\/2015\/07\/Rinder-300x225.jpg","type":"","width":"","height":""}],"twitter_card":"summary_large_image","twitter_misc":{"Gesch\u00e4tzte Lesezeit":"6\u00a0Minuten"},"schema":{"@context":"https:\/\/schema.org","@graph":[{"@type":"WebPage","@id":"https:\/\/www.klaus-janowitz.de\/wordpress\/vegan-eine-kleine-netnographie\/","url":"https:\/\/www.klaus-janowitz.de\/wordpress\/vegan-eine-kleine-netnographie\/","name":"Vegan - eine (kleine) Netnographie - Netnographie &amp; Digitaler Wandel","isPartOf":{"@id":"https:\/\/www.klaus-janowitz.de\/wordpress\/#website"},"primaryImageOfPage":{"@id":"https:\/\/www.klaus-janowitz.de\/wordpress\/vegan-eine-kleine-netnographie\/#primaryimage"},"image":{"@id":"https:\/\/www.klaus-janowitz.de\/wordpress\/vegan-eine-kleine-netnographie\/#primaryimage"},"thumbnailUrl":"https:\/\/www.klaus-janowitz.de\/wordpress\/wp-content\/uploads\/2015\/07\/Rinder-300x225.jpg","datePublished":"2015-07-14T20:24:54+00:00","dateModified":"2023-10-31T22:32:56+00:00","breadcrumb":{"@id":"https:\/\/www.klaus-janowitz.de\/wordpress\/vegan-eine-kleine-netnographie\/#breadcrumb"},"inLanguage":"de","potentialAction":[{"@type":"ReadAction","target":["https:\/\/www.klaus-janowitz.de\/wordpress\/vegan-eine-kleine-netnographie\/"]}]},{"@type":"ImageObject","inLanguage":"de","@id":"https:\/\/www.klaus-janowitz.de\/wordpress\/vegan-eine-kleine-netnographie\/#primaryimage","url":"https:\/\/www.klaus-janowitz.de\/wordpress\/wp-content\/uploads\/2015\/07\/Rinder-300x225.jpg","contentUrl":"https:\/\/www.klaus-janowitz.de\/wordpress\/wp-content\/uploads\/2015\/07\/Rinder-300x225.jpg"},{"@type":"BreadcrumbList","@id":"https:\/\/www.klaus-janowitz.de\/wordpress\/vegan-eine-kleine-netnographie\/#breadcrumb","itemListElement":[{"@type":"ListItem","position":1,"name":"Startseite","item":"https:\/\/www.klaus-janowitz.de\/wordpress\/"},{"@type":"ListItem","position":2,"name":"Vegan &#8211; eine (kleine) Netnographie"}]},{"@type":"WebSite","@id":"https:\/\/www.klaus-janowitz.de\/wordpress\/#website","url":"https:\/\/www.klaus-janowitz.de\/wordpress\/","name":"Netnographie &amp; Digitaler Wandel","description":"Blog rund um die Themen Netnographie, Online-Kultur und Digitalen Wandel","potentialAction":[{"@type":"SearchAction","target":{"@type":"EntryPoint","urlTemplate":"https:\/\/www.klaus-janowitz.de\/wordpress\/?s={search_term_string}"},"query-input":{"@type":"PropertyValueSpecification","valueRequired":true,"valueName":"search_term_string"}}],"inLanguage":"de"}]}},"jetpack_sharing_enabled":true,"jetpack_shortlink":"https:\/\/wp.me\/P15Wn2-1ya","jetpack_likes_enabled":true,"jetpack-related-posts":[{"id":10090,"url":"https:\/\/www.klaus-janowitz.de\/wordpress\/zukunft-2030\/","url_meta":{"origin":5962,"position":0},"title":"Zukunft 2030 &#8211; Szenarios der Transformation","author":"KlausMJan","date":"5. Juli 2017","format":false,"excerpt":"4\/07\/17\u00a0kmjan Wenn es um Digitalen Wandel bzw.\u00a0Digitale Transformation\u00a0geht es immer auch um Aussagen zur Zukunft. Wohin treibt der Wandel? Wie transformieren sich Systeme?\u00a0Digitale Innovationen haben in den vergangenen Jahrzehnten eine Branche nach der anderen umgekrempelt, \u00a0die \u00f6ffentliche Kommunikation neu definiert, weiterhin treibt Digitalisierung Ver\u00e4nderungen in Wirtschaft und Gesellschaft an. Immer\u2026","rel":"","context":"\u00c4hnlicher Beitrag","block_context":{"text":"\u00c4hnlicher Beitrag","link":""},"img":{"alt_text":"","src":"https:\/\/i0.wp.com\/www.klaus-janowitz.de\/wordpress\/wp-content\/uploads\/2017\/07\/Zukunftslandkarte-277x300.jpg?resize=350%2C200&ssl=1","width":350,"height":200},"classes":[]},{"id":7099,"url":"https:\/\/www.klaus-janowitz.de\/wordpress\/handwerkliches-essen\/","url_meta":{"origin":5962,"position":1},"title":"Handwerkliches Essen in der digitalen Welt","author":"KlausMJan","date":"9. M\u00e4rz 2016","format":false,"excerpt":"9\/03\/16\u00a0kmjan Essen und Trinken sind \u00a0- zumindest in diesem Teil der Welt\u00a0- \u00a0von der Not satt zu\u00a0werden\u00a0befreit. Verf\u00fcgbar ist alles, was der\u00a0Markt verlangt -\u00a0von jeder Herkunft, in allen Qualit\u00e4tsstufen und Preisklassen. Die l\u00e4ngste Zeit waren Essen und Trinken von\u00a0den Jahreszeiten und regionalen Traditionen bestimmt. Das Wissen um Eigenschaften, Erzeugung und\u2026","rel":"","context":"\u00c4hnlicher Beitrag","block_context":{"text":"\u00c4hnlicher Beitrag","link":""},"img":{"alt_text":"","src":"https:\/\/i0.wp.com\/www.klaus-janowitz.de\/wordpress\/wp-content\/uploads\/2016\/03\/IMG_0866-300x300.jpg?resize=350%2C200&ssl=1","width":350,"height":200},"classes":[]},{"id":10828,"url":"https:\/\/www.klaus-janowitz.de\/wordpress\/d2030-deutschland-neu-denken-acht-szenarios-fuer-unsere-zukunft-rez\/","url_meta":{"origin":5962,"position":2},"title":"D2030 &#8211; Deutschland neu denken &#8211; Acht Szenarios f\u00fcr unsere Zukunft &#8211; (Rez.)","author":"KlausMJan","date":"22. M\u00e4rz 2018","format":false,"excerpt":"25\/03\/18\u00a0kmjan Zukunft ist nicht vorhersehbar, aber doch lenk- und gestaltbar.\u00a0Im Sommer 2017 wurden auf der\u00a0Zukunftskonferenz in Berlin Ergebnisse aus dem Projekt\u00a0 D 2030\u00a0einer \u00d6ffentlichkeit vorgestellt.\u00a0Es ging nicht um einzelne (Mega-) Trends oder lineare Prognosen, nicht um best- und worst- cases, sondern um eine Landkarte der M\u00f6glichkeiten, um Szenarien f\u00fcr den\u2026","rel":"","context":"\u00c4hnlicher Beitrag","block_context":{"text":"\u00c4hnlicher Beitrag","link":""},"img":{"alt_text":"","src":"https:\/\/i0.wp.com\/www.klaus-janowitz.de\/wordpress\/wp-content\/uploads\/2018\/03\/D-2030-190x300.jpg?resize=350%2C200","width":350,"height":200},"classes":[]},{"id":716,"url":"https:\/\/www.klaus-janowitz.de\/wordpress\/fairtrade-in-social-media\/","url_meta":{"origin":5962,"position":3},"title":"Fairtrade in Social Media","author":"KlausMJan","date":"17. Juli 2011","format":false,"excerpt":"30\/06\/11\u00a0kmjan Fairer Handel ist eine Handelspartnerschaft, die auf Dialog, Transparenz und gegenseitigem Respekt beruht und mehr Gerechtigkeit im internationalen Handel anstrebt. Durch bessere Handelsbedingungen und die Sicherung sozialer Rechte f\u00fcr benachteiligte Produzenten und Arbeiter leistet der Faire Handel einen Beitrag zu nachhaltiger Entwicklung. Organisationen des fairen Handels (die von Verbrauchern\u2026","rel":"","context":"Mit 1 Kommentar","block_context":{"text":"Mit 1 Kommentar","link":"https:\/\/www.klaus-janowitz.de\/wordpress\/fairtrade-in-social-media\/#comments"},"img":{"alt_text":"","src":"https:\/\/i0.wp.com\/www.klaus-janowitz.de\/wordpress\/wp-content\/uploads\/2011\/06\/fairer_Dialog.jpg?resize=350%2C200","width":350,"height":200,"srcset":"https:\/\/i0.wp.com\/www.klaus-janowitz.de\/wordpress\/wp-content\/uploads\/2011\/06\/fairer_Dialog.jpg?resize=350%2C200 1x, https:\/\/i0.wp.com\/www.klaus-janowitz.de\/wordpress\/wp-content\/uploads\/2011\/06\/fairer_Dialog.jpg?resize=525%2C300 1.5x"},"classes":[]},{"id":4109,"url":"https:\/\/www.klaus-janowitz.de\/wordpress\/vin-naturel\/","url_meta":{"origin":5962,"position":4},"title":"Vin naturel","author":"KlausMJan","date":"12. August 2014","format":false,"excerpt":"7\/08\/14 kmjan Wein ist ein besonderes Getr\u00e4nk: Genu\u00df- und manchmal auch Rauschmittel, mit Kultur und Zivilisation, mit Landschaftsbildern und Geschmackserlebnissen so verbunden, wie kein anderes. Anbau und Ausbau verweisen oft auf uralte Traditionen \u00a0- \u00a0und \u00a0genauso oft werden\u00a0moderne Technik und Zusatzstoffe eingesetzt, um erw\u00fcnschte Geschmacksbilder zu erreichen. Wein erz\u00e4hlt die\u2026","rel":"","context":"\u00c4hnlicher Beitrag","block_context":{"text":"\u00c4hnlicher Beitrag","link":""},"img":{"alt_text":"spontanvergoren, ungefiltert, ungeschwefelt","src":"https:\/\/i0.wp.com\/www.klaus-janowitz.de\/wordpress\/wp-content\/uploads\/2014\/08\/Pinot-243x300.jpg?resize=350%2C200","width":350,"height":200},"classes":[]},{"id":12998,"url":"https:\/\/www.klaus-janowitz.de\/wordpress\/singulaerer-vs-massenkonsum\/","url_meta":{"origin":5962,"position":5},"title":"Singul\u00e4rer-  vs.  Massenkonsum","author":"KlausMJan","date":"17. September 2020","format":false,"excerpt":"17\/09\/20 kmjan In der Markthalle Neun in Berlin - Kreuzberg gibt es das passende Bild: Mittendrin im foodporn der Markthalle steht eine ALDI Filiale, geradezu eingekapselt im Container.\u00a0 Markthalle Neun ist ein geradezu iconisches Projekt der neuen Esskultur - mit allem was dazugeh\u00f6rt: CraftBeer, Vin Naturel, die Metzgerei Kumpel &\u2026","rel":"","context":"\u00c4hnlicher Beitrag","block_context":{"text":"\u00c4hnlicher Beitrag","link":""},"img":{"alt_text":"","src":"https:\/\/i0.wp.com\/www.klaus-janowitz.de\/wordpress\/wp-content\/uploads\/2019\/05\/IMG_2608-e1558009813441-300x225.jpg?resize=350%2C200&ssl=1","width":350,"height":200},"classes":[]}],"_links":{"self":[{"href":"https:\/\/www.klaus-janowitz.de\/wordpress\/wp-json\/wp\/v2\/pages\/5962","targetHints":{"allow":["GET"]}}],"collection":[{"href":"https:\/\/www.klaus-janowitz.de\/wordpress\/wp-json\/wp\/v2\/pages"}],"about":[{"href":"https:\/\/www.klaus-janowitz.de\/wordpress\/wp-json\/wp\/v2\/types\/page"}],"author":[{"embeddable":true,"href":"https:\/\/www.klaus-janowitz.de\/wordpress\/wp-json\/wp\/v2\/users\/1"}],"replies":[{"embeddable":true,"href":"https:\/\/www.klaus-janowitz.de\/wordpress\/wp-json\/wp\/v2\/comments?post=5962"}],"version-history":[{"count":177,"href":"https:\/\/www.klaus-janowitz.de\/wordpress\/wp-json\/wp\/v2\/pages\/5962\/revisions"}],"predecessor-version":[{"id":83874,"href":"https:\/\/www.klaus-janowitz.de\/wordpress\/wp-json\/wp\/v2\/pages\/5962\/revisions\/83874"}],"wp:attachment":[{"href":"https:\/\/www.klaus-janowitz.de\/wordpress\/wp-json\/wp\/v2\/media?parent=5962"}],"curies":[{"name":"wp","href":"https:\/\/api.w.org\/{rel}","templated":true}]}}