{"id":5028,"date":"2015-02-18T22:24:23","date_gmt":"2015-02-18T21:24:23","guid":{"rendered":"http:\/\/www.klaus-janowitz.de\/wordpress\/?page_id=5028"},"modified":"2018-08-28T20:28:03","modified_gmt":"2018-08-28T18:28:03","slug":"gemeinschaft-und-gesellschaft-im-digitalen-wandel","status":"publish","type":"page","link":"https:\/\/www.klaus-janowitz.de\/wordpress\/gemeinschaft-und-gesellschaft-im-digitalen-wandel\/","title":{"rendered":"Gemeinschaft und Gesellschaft im digitalen Wandel"},"content":{"rendered":"<p style=\"text-align: justify;\">18\/02\/15 <a href=\"http:\/\/www.klaus-janowitz.de\/\">kmjan<\/a><br \/>\nDie Verbreitung digitaler Medien und Technologien hat einen kaum zu \u00fcbersch\u00e4tzenden Einflu\u00df auf Wirtschaft, Arbeit und Gesellschaft &#8211;\u00a0auch dann, wenn man sie selber nicht nutzt. In der Diskussion um die\u00a0digitale Gesellschaft geht es um die Verbreitung\u00a0von\u00a0Nutzung\u00a0und\u00a0Kenntnissen, um Datensicherheit und Schutz der Privatsph\u00e4re, die Digitalisierung der Arbeitswelt, um SocialMedia und Vernetzung. Es gibt\u00a0wirtschaftliche, soziale, kulturelle, politische und juristische \u00a0Dimensionen.<br \/>\nGanz entscheidend ist die M\u00f6glichkeit, dass alle Teilnehmer direkt miteinander in Verbindung treten k\u00f6nnen &#8211; ohne \u00fcbergeordnete Instanzen. Das bedeutet neue\u00a0M\u00f6glichkeiten von\u00a0<em>peer to peer<\/em>\u00a0Verbindungen &#8211; und darauf bauen zahlreiche Dienste &#8211; von der <em>Dating App<\/em> zu <em>Crowdsourcing<\/em> und <em>Crowdfounding<\/em>. Die unkomplizierte Verbindung geeigneter Partner und Teams, die Verbindung zum passenden Produkt und zur passenden Dienstleistung anhand bestimmter Kriterien, das <em>Matching,<\/em>\u00a0ist\u00a0auch eines der gro\u00dfen Versprechen des digitalen Wandels.<\/p>\n<figure id=\"attachment_5183\" aria-describedby=\"caption-attachment-5183\" style=\"width: 300px\" class=\"wp-caption alignleft\"><a href=\"https:\/\/i0.wp.com\/www.klaus-janowitz.de\/wordpress\/wp-content\/uploads\/2015\/02\/luftig.jpg\"><img data-recalc-dims=\"1\" fetchpriority=\"high\" decoding=\"async\" class=\"wp-image-5183 size-medium\" src=\"https:\/\/i0.wp.com\/www.klaus-janowitz.de\/wordpress\/wp-content\/uploads\/2015\/02\/luftig-300x300.jpg?resize=300%2C300\" alt=\"Digitaler Wandel \" width=\"300\" height=\"300\" srcset=\"https:\/\/i0.wp.com\/www.klaus-janowitz.de\/wordpress\/wp-content\/uploads\/2015\/02\/luftig.jpg?resize=300%2C300&amp;ssl=1 300w, https:\/\/i0.wp.com\/www.klaus-janowitz.de\/wordpress\/wp-content\/uploads\/2015\/02\/luftig.jpg?resize=150%2C150&amp;ssl=1 150w, https:\/\/i0.wp.com\/www.klaus-janowitz.de\/wordpress\/wp-content\/uploads\/2015\/02\/luftig.jpg?w=800&amp;ssl=1 800w\" sizes=\"(max-width: 300px) 100vw, 300px\" \/><\/a><figcaption id=\"caption-attachment-5183\" class=\"wp-caption-text\">peer to peer Vernetzung im digitalen Wandel; kallejipp \/ photocase.de<\/figcaption><\/figure>\n<p style=\"text-align: justify;\">In der Soziologie kennt man\u00a0das auf\u00a0<a href=\"http:\/\/de.wikipedia.org\/wiki\/Ferdinand_T\u00f6nnies\" target=\"_blank\" rel=\"noopener\">Ferdinand T\u00f6nnies<\/a> (1855 &#8211; 1936) zur\u00fcckgehende Begriffspaar Gemeinschaft und\u00a0Gesellschaft. Gesellschaft ist dabei die Sph\u00e4re des -mehr oder weniger &#8211; rationalen, zweckorientierten Handelns, der Vertr\u00e4ge und Gesch\u00e4fte. Gemeinschaften sind hingegen durch Gef\u00fchle miteinander verbunden\u00a0&#8211;\u00a0letztendlich dem\u00a0der gef\u00fchlten Zugeh\u00f6rigkeit. Traditionelle Formen, wie sie bei T\u00f6nnies genannt wurden, sind die blutsbedingte Gemeinschaft (Verwandtschaft), die ortsbezogene (Nachbarschaft) und die selbstgew\u00e4hlte Gemeinschaft (Freundschaft), im weiteren wird auch die\u00a0Glaubensgemeinschaft hervorgehoben. Gemeinschaften k\u00f6nnen auf &#8220;<em>instinktivem<\/em>&#8221; Gefallen, wie auf gewohnheitsm\u00e4ssiger Anpassung bis hin zu normativem Druck beruhen. Traditionelle Gemeinschaften sind an traditionelle Milieus gebunden, sie sind oft Gegenstand nostalgischer Sehnsucht, manchmal auch r\u00fcckw\u00e4rtsgewandter Ideologisierungen. Sie wurden oft als nat\u00fcrlich empfunden, nicht weiter hinterfragt.\u00a0Traditionelle Milieus, wie z. B. geschlossen konfessionelle Milieus oder\u00a0traditionelle Arbeiter- Milieus sind zwar nicht verschwunden, ihre Bindungskraft incl. ihres reichhaltigen Vereinslebens, hat aber deutlich nachgelassen.<\/p>\n<p style=\"text-align: justify;\"><a href=\"https:\/\/i0.wp.com\/www.klaus-janowitz.de\/wordpress\/wp-content\/uploads\/2014\/12\/2014-01-01_Sinus-Milieus_in_Deutschland_Studentenversion_01.jpg\" target=\"_blank\" rel=\"noopener\"><img data-recalc-dims=\"1\" decoding=\"async\" class=\"alignright wp-image-5066\" src=\"https:\/\/i0.wp.com\/www.klaus-janowitz.de\/wordpress\/wp-content\/uploads\/2014\/12\/2014-01-01_Sinus-Milieus_in_Deutschland_Studentenversion_01-300x225.jpg?resize=360%2C270\" alt=\"2014-01-01_Sinus-Milieus_in_Deutschland_Studentenversion_01\" width=\"360\" height=\"270\" srcset=\"https:\/\/i0.wp.com\/www.klaus-janowitz.de\/wordpress\/wp-content\/uploads\/2014\/12\/2014-01-01_Sinus-Milieus_in_Deutschland_Studentenversion_01.jpg?resize=300%2C225&amp;ssl=1 300w, https:\/\/i0.wp.com\/www.klaus-janowitz.de\/wordpress\/wp-content\/uploads\/2014\/12\/2014-01-01_Sinus-Milieus_in_Deutschland_Studentenversion_01.jpg?resize=1024%2C768&amp;ssl=1 1024w, https:\/\/i0.wp.com\/www.klaus-janowitz.de\/wordpress\/wp-content\/uploads\/2014\/12\/2014-01-01_Sinus-Milieus_in_Deutschland_Studentenversion_01.jpg?w=1575&amp;ssl=1 1575w\" sizes=\"(max-width: 360px) 100vw, 360px\" \/><\/a>Die nebenstehende Darstellung der sog. Sinus-Milieus (<em>wird nach Klick in einem neuen Fenster in vollst\u00e4ndiger Gr\u00f6\u00dfe angezeigt<\/em>)\u00a0ist das wohl bekannteste Modell gesellschaftlicher Milieus nach\u00a0sozialer Lage und grundlegenden Wertorientierungen. Es\u00a0verbindet demographische Eigenschaften wie Bildung, Beruf oder Einkommen mit den realen Lebenswelten\u00a0und\u00a0dient v.a. dem Zielgruppen-Marketing und der Mediaplanung. Seit neuerem gibt es sie auch f\u00fcr <em>digitale Milieus<\/em>. Milieus sind keine Gemeinschaften, sondern soziale Umgebungen\u00a0in denen\u00a0bestimmte Regeln,\u00a0Normen und Verhaltensstandards gelten. Vergemeinschaftungen\u00a0finden aber oft innerhalb eines, oder zumindest benachbarter Milieus statt.<br \/>\nEin weiterer Begriff ist die <em>Szene.\u00a0<\/em>In einer <em>Szene<\/em> begegnen sich Menschen, die \u00fcber gemeinsame Interessen und Leidenschaften oder einen gemeinsamen Lebensstil miteinander verbunden sind &#8211; ohne das die einzelnen Beteiligten zwangsl\u00e4ufig miteinander bekannt sind.<br \/>\nPosttraditionelle Vergemeinschaftungen entstanden\u00a0sehr oft aus zun\u00e4chst subkulturellen Zusammenh\u00e4ngen &#8211; besonders der Pop-Kultur: \u201c<em>Wie bildet Pop-Musik soziale Einheiten, Gangs, Szenen, Milieus, Subkulturen und Gegenkulturen, wie generiert sie das, wof\u00fcr sie mehr als f\u00fcr ihre \u00e4sthetischen oder kulturellen Meriten studiert zu werden verdient: soziale Tatsachen und -so glaubten ja einst Gegner wie ihre Unterst\u00fctzer \u2013 Gefahren?<\/em>\u201d\u00a0So D. Diedrichsen\u00a0in\u00a0<a href=\"http:\/\/www.klaus-janowitz.de\/wordpress\/ueber-pop-musik-rezension\" target=\"_blank\" rel=\"noopener\"><em>\u00dcber Pop-Musik<\/em><\/a>, S. 375. Was f\u00fcr Pop-Musik gilt, gilt auch f\u00fcr andere Fan-Kulturen,\u00a0man denke nur an die von Kozinets online erforschte StarTrek Community.<br \/>\n<span class=\"s1\">An solche popkulturellen Vergemeinschaftungen schlie\u00dft das Konzept\u00a0der <i>Tribus Urbaines\/Urban Tribes <\/i>von <a href=\"http:\/\/de.wikipedia.org\/wiki\/Michel_Maffesoli\" target=\"_blank\" rel=\"noopener\">Michel Maffesoli<\/a>\u00a0<\/span><span class=\"s2\"><i>(Le Temps des tribus. Le d\u00e9clin de l\u2019individualisme dans les soci\u00e9t\u00e9s de masse. Paris, 1988) <\/i>an,\u00a0das v.a. in den Cultural Studies als Neotribalismus rezipiert und in der Konsumforschung zu <a href=\"http:\/\/www.klaus-janowitz.de\/pdf\/Consumer_Tribes.pdf\" target=\"_blank\" rel=\"noopener\"><em>Consumer Tribes<\/em> <\/a>erweitert wurde. In der\u00a0Online- Welt findet man\u00a0solche <a href=\"http:\/\/www.klaus-janowitz.de\/wordpress\/stamme-im-netz-die-tribale-metapher\" target=\"_blank\" rel=\"noopener\">Tribes<\/a> als Fan- und Subkulturen zu sehr unterschiedlichen Themenfeldern &#8211;\u00a0<\/span>Netzwerke oft sehr heterogener Personen, die durch eine gemeinsame Passion oder Emotion miteinander verbunden sind.<\/p>\n<p><!-- Piwik --><br \/>\n<script type=\"text\/javascript\">\/\/ <![CDATA[ var pkBaseURL = ((\"https:\" == document.location.protocol) ? \"https:\/\/www.klaus-janowitz.de\/piwik\/\" : \"http:\/\/www.klaus-janowitz.de\/piwik\/\"); document.write(unescape(\"%3Cscript src='\" + pkBaseURL + \"piwik.js' type='text\/javascript'%3E%3C\/script%3E\")); \/\/ ]]><\/script><script type=\"text\/javascript\">\/\/ <![CDATA[ try { var piwikTracker = Piwik.getTracker(pkBaseURL + \"piwik.php\", 1); piwikTracker.trackPageView(); piwikTracker.enableLinkTracking(); } catch( err ) {} \/\/ ]]><\/script><\/p>\n<p><noscript>&amp;amp;amp;amp;amp;lt;img src=&#8221;http:\/\/www.klaus-janowitz.de\/piwik\/piwik.php?idsite=1&#8243; style=&#8221;border:0&#8243; alt=&#8221;&#8221; \/&amp;amp;amp;amp;amp;gt;&amp;amp;amp;amp;amp;lt;br \/&amp;amp;amp;amp;amp;gt;<\/noscript><!-- End Piwik Tag --><\/p>\n<p><script type=\"text\/javascript\">\/\/ <![CDATA[ var gaJsHost = ((\"https:\" == document.location.protocol) ? \"https:\/\/ssl.\" : \"http:\/\/www.\"); document.write(unescape(\"%3Cscript src='\" + gaJsHost + \"google-analytics.com\/ga.js' type='text\/javascript'%3E%3C\/script%3E\")); \/\/ ]]><\/script><br \/>\n<script type=\"text\/javascript\">\/\/ <![CDATA[ var pageTracker = _gat._getTracker(\"UA-5982947-1\"); pageTracker._trackPageview(); \/\/ ]]><\/script><\/p>\n","protected":false},"excerpt":{"rendered":"<p>18\/02\/15 kmjan Die Verbreitung digitaler Medien und Technologien hat einen kaum zu \u00fcbersch\u00e4tzenden Einflu\u00df auf Wirtschaft, Arbeit und Gesellschaft &#8211;\u00a0auch dann, wenn man sie selber nicht nutzt. In der Diskussion um die\u00a0digitale Gesellschaft geht es um die Verbreitung\u00a0von\u00a0Nutzung\u00a0und\u00a0Kenntnissen, um Datensicherheit und Schutz der Privatsph\u00e4re, die Digitalisierung der Arbeitswelt, um SocialMedia und Vernetzung. Es gibt\u00a0wirtschaftliche, soziale, &hellip; <\/p>\n<p class=\"link-more\"><a href=\"https:\/\/www.klaus-janowitz.de\/wordpress\/gemeinschaft-und-gesellschaft-im-digitalen-wandel\/\" class=\"more-link\"><span class=\"screen-reader-text\">\u201eGemeinschaft und Gesellschaft im digitalen Wandel\u201c <\/span>weiterlesen<\/a><\/p>\n","protected":false},"author":1,"featured_media":0,"parent":0,"menu_order":0,"comment_status":"open","ping_status":"open","template":"","meta":{"jetpack_post_was_ever_published":false,"activitypub_content_warning":"","activitypub_content_visibility":"","activitypub_max_image_attachments":4,"activitypub_interaction_policy_quote":"","activitypub_status":"","footnotes":""},"class_list":["post-5028","page","type-page","status-publish","hentry"],"yoast_head":"<!-- This site is optimized with the Yoast SEO plugin v27.5 - https:\/\/yoast.com\/product\/yoast-seo-wordpress\/ -->\n<title>Gemeinschaft und Gesellschaft im digitalen Wandel - Netnographie &amp; Digitaler Wandel<\/title>\n<meta name=\"robots\" content=\"index, follow, max-snippet:-1, max-image-preview:large, max-video-preview:-1\" \/>\n<link rel=\"canonical\" href=\"https:\/\/www.klaus-janowitz.de\/wordpress\/gemeinschaft-und-gesellschaft-im-digitalen-wandel\/\" \/>\n<meta property=\"og:locale\" content=\"de_DE\" \/>\n<meta property=\"og:type\" content=\"article\" \/>\n<meta property=\"og:title\" content=\"Gemeinschaft und Gesellschaft im digitalen Wandel - Netnographie &amp; Digitaler Wandel\" \/>\n<meta property=\"og:description\" content=\"18\/02\/15 kmjan Die Verbreitung digitaler Medien und Technologien hat einen kaum zu \u00fcbersch\u00e4tzenden Einflu\u00df auf Wirtschaft, Arbeit und Gesellschaft &#8211;\u00a0auch dann, wenn man sie selber nicht nutzt. In der Diskussion um die\u00a0digitale Gesellschaft geht es um die Verbreitung\u00a0von\u00a0Nutzung\u00a0und\u00a0Kenntnissen, um Datensicherheit und Schutz der Privatsph\u00e4re, die Digitalisierung der Arbeitswelt, um SocialMedia und Vernetzung. Es gibt\u00a0wirtschaftliche, soziale, &hellip; \u201eGemeinschaft und Gesellschaft im digitalen Wandel\u201c weiterlesen\" \/>\n<meta property=\"og:url\" content=\"https:\/\/www.klaus-janowitz.de\/wordpress\/gemeinschaft-und-gesellschaft-im-digitalen-wandel\/\" \/>\n<meta property=\"og:site_name\" content=\"Netnographie &amp; Digitaler Wandel\" \/>\n<meta property=\"article:modified_time\" content=\"2018-08-28T18:28:03+00:00\" \/>\n<meta property=\"og:image\" content=\"http:\/\/www.klaus-janowitz.de\/wordpress\/wp-content\/uploads\/2015\/02\/luftig-300x300.jpg\" \/>\n<meta name=\"twitter:card\" content=\"summary_large_image\" \/>\n<meta name=\"twitter:label1\" content=\"Gesch\u00e4tzte Lesezeit\" \/>\n\t<meta name=\"twitter:data1\" content=\"3\u00a0Minuten\" \/>\n<script type=\"application\/ld+json\" class=\"yoast-schema-graph\">{\"@context\":\"https:\\\/\\\/schema.org\",\"@graph\":[{\"@type\":\"WebPage\",\"@id\":\"https:\\\/\\\/www.klaus-janowitz.de\\\/wordpress\\\/gemeinschaft-und-gesellschaft-im-digitalen-wandel\\\/\",\"url\":\"https:\\\/\\\/www.klaus-janowitz.de\\\/wordpress\\\/gemeinschaft-und-gesellschaft-im-digitalen-wandel\\\/\",\"name\":\"Gemeinschaft und Gesellschaft im digitalen Wandel - Netnographie &amp; Digitaler Wandel\",\"isPartOf\":{\"@id\":\"https:\\\/\\\/www.klaus-janowitz.de\\\/wordpress\\\/#website\"},\"primaryImageOfPage\":{\"@id\":\"https:\\\/\\\/www.klaus-janowitz.de\\\/wordpress\\\/gemeinschaft-und-gesellschaft-im-digitalen-wandel\\\/#primaryimage\"},\"image\":{\"@id\":\"https:\\\/\\\/www.klaus-janowitz.de\\\/wordpress\\\/gemeinschaft-und-gesellschaft-im-digitalen-wandel\\\/#primaryimage\"},\"thumbnailUrl\":\"http:\\\/\\\/www.klaus-janowitz.de\\\/wordpress\\\/wp-content\\\/uploads\\\/2015\\\/02\\\/luftig-300x300.jpg\",\"datePublished\":\"2015-02-18T21:24:23+00:00\",\"dateModified\":\"2018-08-28T18:28:03+00:00\",\"breadcrumb\":{\"@id\":\"https:\\\/\\\/www.klaus-janowitz.de\\\/wordpress\\\/gemeinschaft-und-gesellschaft-im-digitalen-wandel\\\/#breadcrumb\"},\"inLanguage\":\"de\",\"potentialAction\":[{\"@type\":\"ReadAction\",\"target\":[\"https:\\\/\\\/www.klaus-janowitz.de\\\/wordpress\\\/gemeinschaft-und-gesellschaft-im-digitalen-wandel\\\/\"]}]},{\"@type\":\"ImageObject\",\"inLanguage\":\"de\",\"@id\":\"https:\\\/\\\/www.klaus-janowitz.de\\\/wordpress\\\/gemeinschaft-und-gesellschaft-im-digitalen-wandel\\\/#primaryimage\",\"url\":\"http:\\\/\\\/www.klaus-janowitz.de\\\/wordpress\\\/wp-content\\\/uploads\\\/2015\\\/02\\\/luftig-300x300.jpg\",\"contentUrl\":\"http:\\\/\\\/www.klaus-janowitz.de\\\/wordpress\\\/wp-content\\\/uploads\\\/2015\\\/02\\\/luftig-300x300.jpg\"},{\"@type\":\"BreadcrumbList\",\"@id\":\"https:\\\/\\\/www.klaus-janowitz.de\\\/wordpress\\\/gemeinschaft-und-gesellschaft-im-digitalen-wandel\\\/#breadcrumb\",\"itemListElement\":[{\"@type\":\"ListItem\",\"position\":1,\"name\":\"Startseite\",\"item\":\"https:\\\/\\\/www.klaus-janowitz.de\\\/wordpress\\\/\"},{\"@type\":\"ListItem\",\"position\":2,\"name\":\"Gemeinschaft und Gesellschaft im digitalen Wandel\"}]},{\"@type\":\"WebSite\",\"@id\":\"https:\\\/\\\/www.klaus-janowitz.de\\\/wordpress\\\/#website\",\"url\":\"https:\\\/\\\/www.klaus-janowitz.de\\\/wordpress\\\/\",\"name\":\"Netnographie &amp; Digitaler Wandel\",\"description\":\"Blog rund um die Themen Netnographie, Online-Kultur und Digitalen Wandel\",\"potentialAction\":[{\"@type\":\"SearchAction\",\"target\":{\"@type\":\"EntryPoint\",\"urlTemplate\":\"https:\\\/\\\/www.klaus-janowitz.de\\\/wordpress\\\/?s={search_term_string}\"},\"query-input\":{\"@type\":\"PropertyValueSpecification\",\"valueRequired\":true,\"valueName\":\"search_term_string\"}}],\"inLanguage\":\"de\"}]}<\/script>\n<!-- \/ Yoast SEO plugin. -->","yoast_head_json":{"title":"Gemeinschaft und Gesellschaft im digitalen Wandel - Netnographie &amp; Digitaler Wandel","robots":{"index":"index","follow":"follow","max-snippet":"max-snippet:-1","max-image-preview":"max-image-preview:large","max-video-preview":"max-video-preview:-1"},"canonical":"https:\/\/www.klaus-janowitz.de\/wordpress\/gemeinschaft-und-gesellschaft-im-digitalen-wandel\/","og_locale":"de_DE","og_type":"article","og_title":"Gemeinschaft und Gesellschaft im digitalen Wandel - Netnographie &amp; Digitaler Wandel","og_description":"18\/02\/15 kmjan Die Verbreitung digitaler Medien und Technologien hat einen kaum zu \u00fcbersch\u00e4tzenden Einflu\u00df auf Wirtschaft, Arbeit und Gesellschaft &#8211;\u00a0auch dann, wenn man sie selber nicht nutzt. In der Diskussion um die\u00a0digitale Gesellschaft geht es um die Verbreitung\u00a0von\u00a0Nutzung\u00a0und\u00a0Kenntnissen, um Datensicherheit und Schutz der Privatsph\u00e4re, die Digitalisierung der Arbeitswelt, um SocialMedia und Vernetzung. Es gibt\u00a0wirtschaftliche, soziale, &hellip; \u201eGemeinschaft und Gesellschaft im digitalen Wandel\u201c weiterlesen","og_url":"https:\/\/www.klaus-janowitz.de\/wordpress\/gemeinschaft-und-gesellschaft-im-digitalen-wandel\/","og_site_name":"Netnographie &amp; Digitaler Wandel","article_modified_time":"2018-08-28T18:28:03+00:00","og_image":[{"url":"http:\/\/www.klaus-janowitz.de\/wordpress\/wp-content\/uploads\/2015\/02\/luftig-300x300.jpg","type":"","width":"","height":""}],"twitter_card":"summary_large_image","twitter_misc":{"Gesch\u00e4tzte Lesezeit":"3\u00a0Minuten"},"schema":{"@context":"https:\/\/schema.org","@graph":[{"@type":"WebPage","@id":"https:\/\/www.klaus-janowitz.de\/wordpress\/gemeinschaft-und-gesellschaft-im-digitalen-wandel\/","url":"https:\/\/www.klaus-janowitz.de\/wordpress\/gemeinschaft-und-gesellschaft-im-digitalen-wandel\/","name":"Gemeinschaft und Gesellschaft im digitalen Wandel - Netnographie &amp; Digitaler Wandel","isPartOf":{"@id":"https:\/\/www.klaus-janowitz.de\/wordpress\/#website"},"primaryImageOfPage":{"@id":"https:\/\/www.klaus-janowitz.de\/wordpress\/gemeinschaft-und-gesellschaft-im-digitalen-wandel\/#primaryimage"},"image":{"@id":"https:\/\/www.klaus-janowitz.de\/wordpress\/gemeinschaft-und-gesellschaft-im-digitalen-wandel\/#primaryimage"},"thumbnailUrl":"http:\/\/www.klaus-janowitz.de\/wordpress\/wp-content\/uploads\/2015\/02\/luftig-300x300.jpg","datePublished":"2015-02-18T21:24:23+00:00","dateModified":"2018-08-28T18:28:03+00:00","breadcrumb":{"@id":"https:\/\/www.klaus-janowitz.de\/wordpress\/gemeinschaft-und-gesellschaft-im-digitalen-wandel\/#breadcrumb"},"inLanguage":"de","potentialAction":[{"@type":"ReadAction","target":["https:\/\/www.klaus-janowitz.de\/wordpress\/gemeinschaft-und-gesellschaft-im-digitalen-wandel\/"]}]},{"@type":"ImageObject","inLanguage":"de","@id":"https:\/\/www.klaus-janowitz.de\/wordpress\/gemeinschaft-und-gesellschaft-im-digitalen-wandel\/#primaryimage","url":"http:\/\/www.klaus-janowitz.de\/wordpress\/wp-content\/uploads\/2015\/02\/luftig-300x300.jpg","contentUrl":"http:\/\/www.klaus-janowitz.de\/wordpress\/wp-content\/uploads\/2015\/02\/luftig-300x300.jpg"},{"@type":"BreadcrumbList","@id":"https:\/\/www.klaus-janowitz.de\/wordpress\/gemeinschaft-und-gesellschaft-im-digitalen-wandel\/#breadcrumb","itemListElement":[{"@type":"ListItem","position":1,"name":"Startseite","item":"https:\/\/www.klaus-janowitz.de\/wordpress\/"},{"@type":"ListItem","position":2,"name":"Gemeinschaft und Gesellschaft im digitalen Wandel"}]},{"@type":"WebSite","@id":"https:\/\/www.klaus-janowitz.de\/wordpress\/#website","url":"https:\/\/www.klaus-janowitz.de\/wordpress\/","name":"Netnographie &amp; Digitaler Wandel","description":"Blog rund um die Themen Netnographie, Online-Kultur und Digitalen Wandel","potentialAction":[{"@type":"SearchAction","target":{"@type":"EntryPoint","urlTemplate":"https:\/\/www.klaus-janowitz.de\/wordpress\/?s={search_term_string}"},"query-input":{"@type":"PropertyValueSpecification","valueRequired":true,"valueName":"search_term_string"}}],"inLanguage":"de"}]}},"jetpack_sharing_enabled":true,"jetpack_shortlink":"https:\/\/wp.me\/P15Wn2-1j6","jetpack_likes_enabled":true,"jetpack-related-posts":[{"id":10223,"url":"https:\/\/www.klaus-janowitz.de\/wordpress\/gesellschaft-4-0-networked-economy-und-networked-sociality\/","url_meta":{"origin":5028,"position":0},"title":"Gesellschaft 4.0 ?- Networked Economy und Networked Sociality","author":"KlausMJan","date":"19. August 2017","format":false,"excerpt":"17\/08\/17\u00a0kmjan Gesellschaft 4.0 ist ein etwas seltsamer Begriff, der sich einreiht in die Serie von 4.0 Begriffen (Arbeit, Technologie, Wirtschaft, Politik,\u00a0Gesundheit), die alle auf\u00a0Industrie 4.0\u00a0zur\u00fcckgehen. Industrie 4.0\u00a0verweist auf automatisierte Digitalisierung als vierter industrieller Revolution -\u00a0nach Mechanisierung, Elektrifizierung und Informatisierung. 4.0\u00a0steht f\u00fcr das von Ministerien, Unternehmen, Verb\u00e4nden etc. getragene Zukunftsprojekt f\u00fcr\u2026","rel":"","context":"\u00c4hnlicher Beitrag","block_context":{"text":"\u00c4hnlicher Beitrag","link":""},"img":{"alt_text":"","src":"https:\/\/i0.wp.com\/www.klaus-janowitz.de\/wordpress\/wp-content\/uploads\/2016\/03\/Buerostuhl-300x300.jpg?resize=350%2C200","width":350,"height":200},"classes":[]},{"id":10348,"url":"https:\/\/www.klaus-janowitz.de\/wordpress\/digitale-zivilisation\/","url_meta":{"origin":5028,"position":1},"title":"Digitale Zivilisation","author":"KlausMJan","date":"7. November 2018","format":false,"excerpt":"8\/11\/18\u00a0kmjan Ein Zwischenschritt: Nach einer Reihe von Rezensionen,\u00a0nun ein Entwurf dazu,Ans\u00e4tze und Begriffe in eine Perspektive zu richten. In den Debatten zur Digitalisierung heisst es immer wieder \"In Wirtschaft und Gesellschaft\", es geht dann um Digitale Transformation,\u00a0\u00a0um Disruptionen,\u00a0 viel agile und manchmal f\u00e4llt der etwas seltsame Begriff Gesellschaft 4.0 (4.0\u2026","rel":"","context":"\u00c4hnlicher Beitrag","block_context":{"text":"\u00c4hnlicher Beitrag","link":""},"img":{"alt_text":"","src":"https:\/\/i0.wp.com\/www.klaus-janowitz.de\/wordpress\/wp-content\/uploads\/2018\/08\/Buecher-300x300.jpg?resize=350%2C200&ssl=1","width":350,"height":200},"classes":[]},{"id":8967,"url":"https:\/\/www.klaus-janowitz.de\/wordpress\/digitale-figurationen\/","url_meta":{"origin":5028,"position":2},"title":"Digitale Figurationen","author":"KlausMJan","date":"22. November 2016","format":false,"excerpt":"22\/11\/16\u00a0kmjan Soziologische Konzepte und Theorien sind dazu da, gesellschaftliche Vorg\u00e4nge und Entwicklungen verstehbar zu machen. Bereits einige\u00a0male hatte ich hier auf die Soziologie von Norbert Elias aufmerksam gemacht. Man kann\u00a0sich fragen, was denn Norbert Elias mit der Digitalisierung zu tun habe? Mit den Lebensdaten 1897 - 1990 hatte er nur\u2026","rel":"","context":"\u00c4hnlicher Beitrag","block_context":{"text":"\u00c4hnlicher Beitrag","link":""},"img":{"alt_text":"","src":"https:\/\/i0.wp.com\/www.klaus-janowitz.de\/wordpress\/wp-content\/uploads\/2015\/04\/Schaltkreise-300x300.jpg?resize=350%2C200","width":350,"height":200},"classes":[]},{"id":6776,"url":"https:\/\/www.klaus-janowitz.de\/wordpress\/next-economy-open\/","url_meta":{"origin":5028,"position":3},"title":"Next Economy Open","author":"KlausMJan","date":"13. Oktober 2015","format":false,"excerpt":"12\/10\/15\u00a0kmjan Am 9.\/10. November 2015 wird in Bonn eine Konferenz neuen Formats stattfinden, die Elemente von\u00a0Bar Camps und Call for Papers\u00a0Vortr\u00e4ge miteinander verbindet. Next Economy Open\u00a0will\u00a0Wirtschaft und Netzszene, Wissenschaft und Gr\u00fcnder zusammenbringen. Manches erinnert an das Leitbild von Wolf Lotters Zivilkapitalismus, und\u00a0passenderweise konnte das Wirtschaftsmagazin brandeins\u00a0auch als Medienpartner gewonnen werden.\u00a0In\u2026","rel":"","context":"\u00c4hnlicher Beitrag","block_context":{"text":"\u00c4hnlicher Beitrag","link":""},"img":{"alt_text":"next_economy","src":"https:\/\/i0.wp.com\/www.klaus-janowitz.de\/wordpress\/wp-content\/uploads\/2015\/10\/next_economy-300x82.jpg?resize=350%2C200","width":350,"height":200},"classes":[]},{"id":7542,"url":"https:\/\/www.klaus-janowitz.de\/wordpress\/networked-sociality-das-neue-soziale-betriebssystem\/","url_meta":{"origin":5028,"position":4},"title":"Ein neues soziales Betriebssystem &#8211; Networked Sociality","author":"KlausMJan","date":"17. Februar 2016","format":false,"excerpt":"17\/02\/16\u00a0kmjan \"The New Social Operating System\" - so\u00a0bezeichnen die beiden kanadisch\/US- amerikanischen Soziologen\u00a0Lee Rainie und Barry Wellman Networked Individualism, zu deutsch Vernetzten Individualismus, das\u00a0sich durchsetzende Muster\u00a0vernetzter Sozialit\u00e4t\/Networked Sociality. Der\u00a0Begriff geht auf Manuel Castells zur\u00fcck: Netzwerke sind \u201epersonalisierte Gemeinschaften\", \"das neue Muster der Soziabilit\u00e4t ist durch einen vernetzten Individualismus gepr\u00e4gt\" (Castells\u2026","rel":"","context":"\u00c4hnlicher Beitrag","block_context":{"text":"\u00c4hnlicher Beitrag","link":""},"img":{"alt_text":"Networked","src":"https:\/\/i0.wp.com\/www.klaus-janowitz.de\/wordpress\/wp-content\/uploads\/2015\/10\/Networked1-200x300.jpg?resize=350%2C200","width":350,"height":200},"classes":[]},{"id":11981,"url":"https:\/\/www.klaus-janowitz.de\/wordpress\/das-zeitalter-des-ueberwachungskapitalismus-rez\/","url_meta":{"origin":5028,"position":5},"title":"Das Zeitalter des \u00dcberwachungskapitalismus (Rez.)","author":"KlausMJan","date":"2. Dezember 2018","format":false,"excerpt":"3\/12\/18\u00a0kmjan 727 Seiten \u2013 davon >100 Anmerkungen und Register \u2013 das ist Schwergewicht, von Umfang wie Thema. Das Cover erinnert an Thomas Pikettys\u00a0Das Kapital im 21. Jahrhundert, Zufall? Jedenfalls liegt hier\u00a0ein, wenn nicht\u00a0das Standardwerk zum Digitalen Kapitalismus vor. Vorangestellt ist eine Definition bzw. Beschreibung des\u00a0\u00dcberwachungskapitalismus, in acht\u00a0 harsch formulierten Thesen.\u2026","rel":"","context":"\u00c4hnlicher Beitrag","block_context":{"text":"\u00c4hnlicher Beitrag","link":""},"img":{"alt_text":"","src":"https:\/\/i0.wp.com\/www.klaus-janowitz.de\/wordpress\/wp-content\/uploads\/2018\/11\/Ueberwachungskapitalismus-193x300.jpeg?resize=350%2C200","width":350,"height":200},"classes":[]}],"_links":{"self":[{"href":"https:\/\/www.klaus-janowitz.de\/wordpress\/wp-json\/wp\/v2\/pages\/5028","targetHints":{"allow":["GET"]}}],"collection":[{"href":"https:\/\/www.klaus-janowitz.de\/wordpress\/wp-json\/wp\/v2\/pages"}],"about":[{"href":"https:\/\/www.klaus-janowitz.de\/wordpress\/wp-json\/wp\/v2\/types\/page"}],"author":[{"embeddable":true,"href":"https:\/\/www.klaus-janowitz.de\/wordpress\/wp-json\/wp\/v2\/users\/1"}],"replies":[{"embeddable":true,"href":"https:\/\/www.klaus-janowitz.de\/wordpress\/wp-json\/wp\/v2\/comments?post=5028"}],"version-history":[{"count":199,"href":"https:\/\/www.klaus-janowitz.de\/wordpress\/wp-json\/wp\/v2\/pages\/5028\/revisions"}],"predecessor-version":[{"id":11543,"href":"https:\/\/www.klaus-janowitz.de\/wordpress\/wp-json\/wp\/v2\/pages\/5028\/revisions\/11543"}],"wp:attachment":[{"href":"https:\/\/www.klaus-janowitz.de\/wordpress\/wp-json\/wp\/v2\/media?parent=5028"}],"curies":[{"name":"wp","href":"https:\/\/api.w.org\/{rel}","templated":true}]}}