{"id":12351,"date":"2019-02-07T17:56:53","date_gmt":"2019-02-07T16:56:53","guid":{"rendered":"https:\/\/www.klaus-janowitz.de\/wordpress\/?page_id=12351"},"modified":"2019-12-07T11:43:12","modified_gmt":"2019-12-07T10:43:12","slug":"digitaler-wohlstand-fuer-alle-schwacher-staat-im-netz","status":"publish","type":"page","link":"https:\/\/www.klaus-janowitz.de\/wordpress\/digitaler-wohlstand-fuer-alle-schwacher-staat-im-netz\/","title":{"rendered":"Digitaler Wohlstand f\u00fcr alle \/Schwacher Staat im Netz  &#8211; Rez."},"content":{"rendered":"<p style=\"text-align: justify;\">10\/02\/19\u00a0<a href=\"http:\/\/www.klaus-janowitz.de\/\">kmjan<\/a><br \/>\n<a href=\"https:\/\/i0.wp.com\/www.klaus-janowitz.de\/wordpress\/wp-content\/uploads\/2019\/01\/Digitaler-Wohlstand.jpeg?ssl=1\"><img data-recalc-dims=\"1\" fetchpriority=\"high\" decoding=\"async\" class=\"alignleft size-medium wp-image-12352\" src=\"https:\/\/i0.wp.com\/www.klaus-janowitz.de\/wordpress\/wp-content\/uploads\/2019\/01\/Digitaler-Wohlstand.jpeg?resize=189%2C300&#038;ssl=1\" alt=\"\" width=\"189\" height=\"300\" srcset=\"https:\/\/i0.wp.com\/www.klaus-janowitz.de\/wordpress\/wp-content\/uploads\/2019\/01\/Digitaler-Wohlstand.jpeg?resize=189%2C300&amp;ssl=1 189w, https:\/\/i0.wp.com\/www.klaus-janowitz.de\/wordpress\/wp-content\/uploads\/2019\/01\/Digitaler-Wohlstand.jpeg?w=545&amp;ssl=1 545w\" sizes=\"(max-width: 189px) 100vw, 189px\" \/><\/a><em>Wohlstand f\u00fcr alle<\/em>, war der Titel eines Buches von Ludwig Erhardt (1957), und es war eine Maxime der Sozialen Marktwirtschaft &#8211;\u00a0 gesellschaftlicher Konsens und\u00a0<em>Grund\u00fcbereinkunft dar\u00fcber, wie die Wirtschaft sein sollte <\/em>(29). Prinzipien wie Sozialpartnerschaft leiten sich daraus her. Auf diesen Versprechen beruhte zun\u00e4chst die Identifikation mit der demokratischen Bundesrepublik,\u00a0\u00a0<em>Nation Building <\/em>der 50er Jahre<em>.<br \/>\n<\/em>Solange die Marktkr\u00e4fte Wohlstand mehren,\u00a0 l\u00e4sst der Staat sie wirken. Seine Aufgabe ist es,\u00a0 mit einer strikten Wettbewerbspolitik ordnungspolitische Leitplanken zu setzen, um Monopole, Kartelle und andere Fehlentwicklungen zu verhindern. Auf den digitalen M\u00e4rkten gelten andere Regeln als fr\u00fcher. Den Autoren <strong>Achim Wambach<\/strong> <span style=\"font-size: small; line-height: 5 px;\">(Pr\u00e4sident Zentrum f\u00fcr Europ\u00e4ische Wirtschaftsforschung, Mannheim)<\/span> und <strong>Hans- Christian M\u00fcller<\/strong> <span style=\"font-size: small; line-height: 5 px;\">(Redakteur Handelsblatt)<\/span> geht es um die Bewahrung des erfolgreichen und identit\u00e4tsstiftenden Modells der Sozialen Marktwirtschaft in der digitalen Wirtschaft. <span style=\"font-size: 1rem;\"><em>Ein Update, n<\/em>icht auf\u00a0<em><a href=\"https:\/\/www.klaus-janowitz.de\/wordpress\/deutschland-4-0-wie-die-digitale-transformation-gelingt-rez\/\" target=\"_blank\" rel=\"noopener noreferrer\">4.0<\/a>, <\/em>aber zur Neuaufstellung &#8220;<em>der guten Wirtschaftsordnung&#8221;<\/em> (13).\u00a0Wettbewerbspolitik spielt dabei ebenso wie Bildungs- und Sozialpolitik eine entscheidende Rolle. Weiterer wesentlicher Punkt\u00a0 ist Steuergerechtigkeit, die die Digitalkonzerne einschliesst. Multinationale Konzerne haben darin Expertise gewonnen, nationale Steuersysteme gegeneinander auszuspielen.<\/span><\/p>\n<p style=\"text-align: justify;\"><span style=\"font-size: 1rem;\"><em>Daten statt Preise, Monopole statt Wettbewerb, Sharing statt Eigentum, Crowdworking statt Sozialpartnerschaft<\/em>\u00a0(24-28) &#8211; mit diesen\u00a0 Gegensatzpaaren wird die Digitalwirtschaft charakterisiert. Insbesondere M\u00e4rkte f\u00fcr datenbasierte Internetdienstleistungen neigen zu Monopolen. Die Machtf\u00fclle der Internetkonzerne, der &#8220;<em>Grossen F\u00fcnf<\/em>&#8221; (Microsoft ist wieder dabei)\u00a0 beruht darauf. Der\u00a0 Markt ist nahezu in die jeweiligen Kerngesch\u00e4fte + einige \u00dcberlappungen aufgeteilt. Dazu kommen Dienste der Sharing- \u00d6konomie, die vormals keine Marktbeziehungen waren.\u00a0Ein Begriff kommt im Text nicht vor:\u00a0<em>Verhaltens\u00fcberschuss<\/em>, auf dessen Entdeckung der Erfolg der Datenwirtschaft beruht\u00a0 \u00a0&#8211; <span style=\"font-size: small; line-height: 5 px;\">(ausf\u00fchrlich beschrieben bei <a href=\"https:\/\/www.klaus-janowitz.de\/wordpress\/das-zeitalter-des-ueberwachungskapitalismus-rez\/\" target=\"_blank\" rel=\"noopener noreferrer\">Shoshana Zuboff<\/a>)<\/span>.<br \/>\nDie Sorge um Verlust von Erwerbsarbeit durch Automatisierung teilen die Autoren nicht.\u00a0 Nicht mehr geben wird es zehntausende\u00a0<em>Jobs bzw Stellen mit gleichem T\u00e4tigkeitsprofil (134). <\/em>Aufgabe des Staates ist es, den Strukturwandel mit Wettbewerbs-, Sozial- und Bildungspolitik zu gestalten, um eine Spaltung in neue Gewinner und Verlierer zu verhindern\u00a0 (142).<em><br \/>\n<\/em>Neben die immer wiederkehrenden Verweise auf Wettbewerbs- bzw. Ordnungspolitik treten einzelne konkrete Vorschl\u00e4ge, wie etwa die (hohen) Mindestbeitr\u00e4ge f\u00fcr Selbst\u00e4ndige in der Kranken- und Pflegeversicherung zu senken (136\/137). Freiberufler sollen in der sozialen Absicherung keine Nachteile davon haben, dass sie als Selbst\u00e4ndige arbeiten.\u00a0<\/span><\/p>\n<p style=\"text-align: justify;\">Das Buch ist sehr \u00fcbersichtlich, liest sich fl\u00fcssig und eing\u00e4ngig und wurde in mehrfach als vorz\u00fcglich und profund hervorgehoben.\u00a0 Gliederung und Register machen es leicht im Text vor- und zur\u00fcckzuspulen, 222 Seiten bedeuten keinen allzu grossen Zeitaufwand. Man hat immer wieder den Eindruck &#8211; wenn&#8217;s denn weiter nichts ist, als mit Wettbewerbs- und Kartellrecht\u00a0 der Internetwirtschaft Grenzen zu setzen &#8211; dann aber los!\u00a0Autor <em>Wambach<\/em> ist zudem Pr\u00e4sident der <em>Monopolkommission<\/em>, die das Bundeswirtschaftsministerium in Wettbewerbsfragen ber\u00e4t. Dazu passt der programmatische Stil, der manchmal an politische Grundsatzerkl\u00e4rungen erinnert.<br \/>\nMittendrin beim Schreiben dieses Beitrags\u00a0 kam passenderweise die Nachricht\u00a0 von der <a href=\"https:\/\/www.bundeskartellamt.de\/SharedDocs\/Meldung\/DE\/Pressemitteilungen\/2019\/07_02_2019_Facebook.html\" target=\"_blank\" rel=\"noopener noreferrer\">Entscheidung des Bundeskartellamtes<\/a> zu\u00a0Facebook, WhatsApp und instagram: <em>Wir nehmen bei Facebook f\u00fcr die Zukunft eine Art innere Entflechtung bei den Daten vor<\/em>\u00a0&#8230;.\u00a0\u00a0<em>Die Kombination von Datenquellen hat ganz ma\u00dfgeblich dazu beigetragen, dass Facebook einen so einzigartigen Gesamtdatenbestand \u00fcber jeden einzelnen Nutzer erstellen und seine Marktmacht erreichen konnte.<\/em> <span style=\"font-size: small; line-height: 5 px;\">(A. Mundt, Pr\u00e4s. Bundeskartellamt).<\/span>\u00a0Der Zusammenhang mit den im Buch vertretenen Positionen wird in einem\u00a0<a href=\"https:\/\/www.tagesspiegel.de\/wirtschaft\/nach-kritik-des-bundeskartellamts-die-facebook-user-haben-keine-alternative\/23961954.html\" target=\"_blank\" rel=\"noopener noreferrer\">Interview<\/a> im Tagesspiegel nochmals deutlich. Inwieweit die Politik des BMWi, zumindest in der Wettbewerbspolitik,\u00a0 davon beeinflusst wird, bleibt abzusch\u00e4tzen.<br \/>\nEin Gedanke: Man sollte das <em>Update<\/em>\u00a0der Sozialen Marktwirtschaft mit den von <strong><a href=\"https:\/\/www.klaus-janowitz.de\/wordpress\/d2030-deutschland-neu-denken-acht-szenarios-fuer-unsere-zukunft-rez\/\" target=\"_blank\" rel=\"noopener noreferrer\">D2030<\/a><\/strong>\u00a0 formulierten Szenarios abgleichen: Wieviel an <em>Neuen Horizonten<\/em> und S<em>pielraum der Zivilgesellschaft<\/em>, wieviel<em> Renaissance der Politik\u00a0<\/em>oder auch wieviel <em>Regulierung<\/em> und <em>Leitkultur <\/em>(Ludwig Erhardt?) steckt darin?<\/p>\n<p style=\"text-align: justify;\"><a href=\"https:\/\/i0.wp.com\/www.klaus-janowitz.de\/wordpress\/wp-content\/uploads\/2019\/02\/Schwacher_Staat_im_Netz.jpeg?ssl=1\"><img data-recalc-dims=\"1\" decoding=\"async\" class=\"alignright size-medium wp-image-12459\" src=\"https:\/\/i0.wp.com\/www.klaus-janowitz.de\/wordpress\/wp-content\/uploads\/2019\/02\/Schwacher_Staat_im_Netz.jpeg?resize=186%2C300&#038;ssl=1\" alt=\"\" width=\"186\" height=\"300\" srcset=\"https:\/\/i0.wp.com\/www.klaus-janowitz.de\/wordpress\/wp-content\/uploads\/2019\/02\/Schwacher_Staat_im_Netz.jpeg?resize=186%2C300&amp;ssl=1 186w, https:\/\/i0.wp.com\/www.klaus-janowitz.de\/wordpress\/wp-content\/uploads\/2019\/02\/Schwacher_Staat_im_Netz.jpeg?resize=768%2C1240&amp;ssl=1 768w, https:\/\/i0.wp.com\/www.klaus-janowitz.de\/wordpress\/wp-content\/uploads\/2019\/02\/Schwacher_Staat_im_Netz.jpeg?resize=634%2C1024&amp;ssl=1 634w, https:\/\/i0.wp.com\/www.klaus-janowitz.de\/wordpress\/wp-content\/uploads\/2019\/02\/Schwacher_Staat_im_Netz.jpeg?w=970&amp;ssl=1 970w\" sizes=\"(max-width: 186px) 100vw, 186px\" \/><\/a>Warum jetzt zwei B\u00fccher verschiedener Autoren in einer Besprechung? In beiden B\u00fcchern geht es um die Rolle des Staates als <em>Setzers von Regeln<\/em> in der Digitalwirtschaft. Beide B\u00fccher kommen aus dem Inneren des politischen Systems bzw. der Ministerialverwaltung.<br \/>\nIn &#8220;<em>Digitaler Wohlstand f\u00fcr alle<\/em>&#8221; wird Wettbewerbspolitik als staatliche Ma\u00dfnahme zur Korrektur der Digitalwirtschaft selbstbewusst in den Vordergrund gestellt. In &#8220;<em>Schwacher Staat im Netz<\/em>&#8221; geht es um die Frage, ob dieser Staat \u00fcberhaupt in der Lage ist, den Rahmen einer Digitalen Gesellschaft zu setzen. Dazu ein kurzer \u00dcberblick.<br \/>\nAutor <strong>Martin Schallbruch<\/strong> war lange Jahre im BMI f\u00fcr Informationstechnik und Cybersicherheit zust\u00e4ndig. Der Einstieg:\u00a0<em>Die Digitalisierung fordert den Staat nicht einfach nur heraus. Sie \u00fcberfordert ihn. Sie stellt in Frage, wie wir 70 Jahre lang unser Gemeinwesen gesteuert, organisiert und verteidigt haben <\/em>(2). Generell ist es Aufgabe des\u00a0<em>Staates vern\u00fcnftige, praktisch taugliche Regeln der Verantwortungszuweisung bereitzustellen\u00a0<\/em>(193)<em>.<br \/>\n<\/em>Es steht auf dem Spiel, dass der demokratisch konstituierte Staat das Setzen und Kontrollieren von Regeln Plattformen \u00fcberl\u00e4sst.<br \/>\nSeine \u00dcberlegungen f\u00fchren schliesslich zu einer Definition \u00fcbergeordneter Ziele (220- 224): <em>Nachvollziehbarkeit<\/em> dar\u00fcber wer welche Verantwortung tr\u00e4gt und welches Recht wann f\u00fcr wen gilt.\u00a0 Ein definierter <em>Versorgungsauftrag<\/em>, das bedeutet, was w\u00e4re etwa der digitale Versorgungs- (bzw. Bereitstellungs-) auftrag im Gesundheitswesen, in der Kultur, oder f\u00fcr die Mobilit\u00e4t? Schlie\u00dflich <em>Digitale Souver\u00e4nit\u00e4t<\/em>\u00a0in der Bedeutung,\u00a0 dass der Staat im digitalen Raum die <em>wesentlichen Problemstellungen des digitalisierten Gemeinwesens versteht<\/em>, im Rahmen eines politischen und rechtlichen Auftrags adressiert und diese auch durchsetzt. Um sich daraus ergebende Aufgaben zu erf\u00fcllen ist ein entsprechendes Know- How, genauso umfassend wie bei den Digitalunternehmen, Voraussetzung.<\/p>\n<p style=\"text-align: justify;\">Schallbruch ist f\u00fcr einen &#8220;<em>starken Staat im Netz<\/em>&#8221; &#8211; und damit meint er einen Staat, der den genannten Aufgaben gerecht wird. Um diese zu gew\u00e4hrleisten\u00a0 bef\u00fcrwortet er ein Digitalministerium. Digitalpolitik ist nicht Fachpolitik, sondern\u00a0 in den Querschnittsfunktionen vergleichbar\u00a0 der Finanz- oder Justizpolitik f\u00fcr Geld und Recht (246).\u00a0 <em>Zur Agenda eines Digitalministeriums geh\u00f6rt mehr als Breitband und StartUp F\u00f6rderung,\u00a0<\/em> ganz oben: <em>Digitalrecht, Versorgungsauftrag<\/em> und \u00fcbergeordnet eine digitale Gesamtarchitektur (246).<\/p>\n<p style=\"text-align: justify;\"><span style=\"font-size: small; line-height: 2px;\"><strong>Achim Wambach &amp; Hans- Christian M\u00fcller<\/strong>: Digitaler Wohlstand f\u00fcr alle. Ein Update der Sozialen Marktwirtschaft ist m\u00f6glich. Campus Verlag,\u00a0 Frankfurt 2018,\u00a0 ISBN: 978-3-593-50929-7\u00a0 \u00a0220 S., 28 \u20ac\u00a0\u00a0<strong>Martin Schallbruch<\/strong>:\u00a0 Schwacher Staat im Netz. Wie die Digitalisierung den Staat in Frage stellt. Springer, Wiesbaden, 2018.\u00a0 ISBN: 978-3-19946-3\u00a0 \u00a0271 S.\u00a0, 19,95 \u20ac.\u00a0 Interview mit <strong>Achim Wambach<\/strong>:\u00a0Die Facebook-User haben keine Alternative &#8211; Der Tagesspiegel. 8.02.2019 (Heike Jahberg)<\/span><\/p>\n<p><!-- Matomo --><br \/>\n<script type=\"text\/javascript\">\n  var _paq = _paq || [];\n  \/* tracker methods like \"setCustomDimension\" should be called before \"trackPageView\" *\/\n  _paq.push(['trackPageView']);\n  _paq.push(['enableLinkTracking']);\n  (function() {\n    var u=\"\/\/www.klaus-janowitz.de\/piwik\/\";\n    _paq.push(['setTrackerUrl', u+'piwik.php']);\n    _paq.push(['setSiteId', '1']);\n    var d=document, g=d.createElement('script'), s=d.getElementsByTagName('script')[0];\n    g.type='text\/javascript'; g.async=true; g.defer=true; g.src=u+'piwik.js'; s.parentNode.insertBefore(g,s);\n  })();\n<\/script><br \/>\n<!-- End Matomo Code --><\/p>\n","protected":false},"excerpt":{"rendered":"<p>10\/02\/19\u00a0kmjan Wohlstand f\u00fcr alle, war der Titel eines Buches von Ludwig Erhardt (1957), und es war eine Maxime der Sozialen Marktwirtschaft &#8211;\u00a0 gesellschaftlicher Konsens und\u00a0Grund\u00fcbereinkunft dar\u00fcber, wie die Wirtschaft sein sollte (29). Prinzipien wie Sozialpartnerschaft leiten sich daraus her. Auf diesen Versprechen beruhte zun\u00e4chst die Identifikation mit der demokratischen Bundesrepublik,\u00a0\u00a0Nation Building der 50er Jahre. Solange &hellip; <\/p>\n<p class=\"link-more\"><a href=\"https:\/\/www.klaus-janowitz.de\/wordpress\/digitaler-wohlstand-fuer-alle-schwacher-staat-im-netz\/\" class=\"more-link\"><span class=\"screen-reader-text\">\u201eDigitaler Wohlstand f\u00fcr alle \/Schwacher Staat im Netz  &#8211; Rez.\u201c <\/span>weiterlesen<\/a><\/p>\n","protected":false},"author":1,"featured_media":0,"parent":0,"menu_order":0,"comment_status":"closed","ping_status":"closed","template":"","meta":{"jetpack_post_was_ever_published":false,"activitypub_content_warning":"","activitypub_content_visibility":"","activitypub_max_image_attachments":4,"activitypub_interaction_policy_quote":"","activitypub_status":"","footnotes":""},"class_list":["post-12351","page","type-page","status-publish","hentry"],"yoast_head":"<!-- This site is optimized with the Yoast SEO plugin v27.5 - https:\/\/yoast.com\/product\/yoast-seo-wordpress\/ -->\n<title>Digitaler Wohlstand f\u00fcr alle \/Schwacher Staat im Netz - Rez. - Netnographie &amp; Digitaler Wandel<\/title>\n<meta name=\"robots\" content=\"index, follow, max-snippet:-1, max-image-preview:large, max-video-preview:-1\" \/>\n<link rel=\"canonical\" href=\"https:\/\/www.klaus-janowitz.de\/wordpress\/digitaler-wohlstand-fuer-alle-schwacher-staat-im-netz\/\" \/>\n<meta property=\"og:locale\" content=\"de_DE\" \/>\n<meta property=\"og:type\" content=\"article\" \/>\n<meta property=\"og:title\" content=\"Digitaler Wohlstand f\u00fcr alle \/Schwacher Staat im Netz - Rez. - Netnographie &amp; Digitaler Wandel\" \/>\n<meta property=\"og:description\" content=\"10\/02\/19\u00a0kmjan Wohlstand f\u00fcr alle, war der Titel eines Buches von Ludwig Erhardt (1957), und es war eine Maxime der Sozialen Marktwirtschaft &#8211;\u00a0 gesellschaftlicher Konsens und\u00a0Grund\u00fcbereinkunft dar\u00fcber, wie die Wirtschaft sein sollte (29). Prinzipien wie Sozialpartnerschaft leiten sich daraus her. Auf diesen Versprechen beruhte zun\u00e4chst die Identifikation mit der demokratischen Bundesrepublik,\u00a0\u00a0Nation Building der 50er Jahre. Solange &hellip; \u201eDigitaler Wohlstand f\u00fcr alle \/Schwacher Staat im Netz &#8211; Rez.\u201c weiterlesen\" \/>\n<meta property=\"og:url\" content=\"https:\/\/www.klaus-janowitz.de\/wordpress\/digitaler-wohlstand-fuer-alle-schwacher-staat-im-netz\/\" \/>\n<meta property=\"og:site_name\" content=\"Netnographie &amp; Digitaler Wandel\" \/>\n<meta property=\"article:modified_time\" content=\"2019-12-07T10:43:12+00:00\" \/>\n<meta property=\"og:image\" content=\"https:\/\/www.klaus-janowitz.de\/wordpress\/wp-content\/uploads\/2019\/01\/Digitaler-Wohlstand-189x300.jpeg\" \/>\n<meta name=\"twitter:card\" content=\"summary_large_image\" \/>\n<meta name=\"twitter:label1\" content=\"Gesch\u00e4tzte Lesezeit\" \/>\n\t<meta name=\"twitter:data1\" content=\"5\u00a0Minuten\" \/>\n<script type=\"application\/ld+json\" class=\"yoast-schema-graph\">{\"@context\":\"https:\\\/\\\/schema.org\",\"@graph\":[{\"@type\":\"WebPage\",\"@id\":\"https:\\\/\\\/www.klaus-janowitz.de\\\/wordpress\\\/digitaler-wohlstand-fuer-alle-schwacher-staat-im-netz\\\/\",\"url\":\"https:\\\/\\\/www.klaus-janowitz.de\\\/wordpress\\\/digitaler-wohlstand-fuer-alle-schwacher-staat-im-netz\\\/\",\"name\":\"Digitaler Wohlstand f\u00fcr alle \\\/Schwacher Staat im Netz - Rez. - Netnographie &amp; Digitaler Wandel\",\"isPartOf\":{\"@id\":\"https:\\\/\\\/www.klaus-janowitz.de\\\/wordpress\\\/#website\"},\"primaryImageOfPage\":{\"@id\":\"https:\\\/\\\/www.klaus-janowitz.de\\\/wordpress\\\/digitaler-wohlstand-fuer-alle-schwacher-staat-im-netz\\\/#primaryimage\"},\"image\":{\"@id\":\"https:\\\/\\\/www.klaus-janowitz.de\\\/wordpress\\\/digitaler-wohlstand-fuer-alle-schwacher-staat-im-netz\\\/#primaryimage\"},\"thumbnailUrl\":\"https:\\\/\\\/www.klaus-janowitz.de\\\/wordpress\\\/wp-content\\\/uploads\\\/2019\\\/01\\\/Digitaler-Wohlstand-189x300.jpeg\",\"datePublished\":\"2019-02-07T16:56:53+00:00\",\"dateModified\":\"2019-12-07T10:43:12+00:00\",\"breadcrumb\":{\"@id\":\"https:\\\/\\\/www.klaus-janowitz.de\\\/wordpress\\\/digitaler-wohlstand-fuer-alle-schwacher-staat-im-netz\\\/#breadcrumb\"},\"inLanguage\":\"de\",\"potentialAction\":[{\"@type\":\"ReadAction\",\"target\":[\"https:\\\/\\\/www.klaus-janowitz.de\\\/wordpress\\\/digitaler-wohlstand-fuer-alle-schwacher-staat-im-netz\\\/\"]}]},{\"@type\":\"ImageObject\",\"inLanguage\":\"de\",\"@id\":\"https:\\\/\\\/www.klaus-janowitz.de\\\/wordpress\\\/digitaler-wohlstand-fuer-alle-schwacher-staat-im-netz\\\/#primaryimage\",\"url\":\"https:\\\/\\\/www.klaus-janowitz.de\\\/wordpress\\\/wp-content\\\/uploads\\\/2019\\\/01\\\/Digitaler-Wohlstand-189x300.jpeg\",\"contentUrl\":\"https:\\\/\\\/www.klaus-janowitz.de\\\/wordpress\\\/wp-content\\\/uploads\\\/2019\\\/01\\\/Digitaler-Wohlstand-189x300.jpeg\"},{\"@type\":\"BreadcrumbList\",\"@id\":\"https:\\\/\\\/www.klaus-janowitz.de\\\/wordpress\\\/digitaler-wohlstand-fuer-alle-schwacher-staat-im-netz\\\/#breadcrumb\",\"itemListElement\":[{\"@type\":\"ListItem\",\"position\":1,\"name\":\"Startseite\",\"item\":\"https:\\\/\\\/www.klaus-janowitz.de\\\/wordpress\\\/\"},{\"@type\":\"ListItem\",\"position\":2,\"name\":\"Digitaler Wohlstand f\u00fcr alle \\\/Schwacher Staat im Netz &#8211; Rez.\"}]},{\"@type\":\"WebSite\",\"@id\":\"https:\\\/\\\/www.klaus-janowitz.de\\\/wordpress\\\/#website\",\"url\":\"https:\\\/\\\/www.klaus-janowitz.de\\\/wordpress\\\/\",\"name\":\"Netnographie &amp; Digitaler Wandel\",\"description\":\"Blog rund um die Themen Netnographie, Online-Kultur und Digitalen Wandel\",\"potentialAction\":[{\"@type\":\"SearchAction\",\"target\":{\"@type\":\"EntryPoint\",\"urlTemplate\":\"https:\\\/\\\/www.klaus-janowitz.de\\\/wordpress\\\/?s={search_term_string}\"},\"query-input\":{\"@type\":\"PropertyValueSpecification\",\"valueRequired\":true,\"valueName\":\"search_term_string\"}}],\"inLanguage\":\"de\"}]}<\/script>\n<!-- \/ Yoast SEO plugin. -->","yoast_head_json":{"title":"Digitaler Wohlstand f\u00fcr alle \/Schwacher Staat im Netz - Rez. - Netnographie &amp; Digitaler Wandel","robots":{"index":"index","follow":"follow","max-snippet":"max-snippet:-1","max-image-preview":"max-image-preview:large","max-video-preview":"max-video-preview:-1"},"canonical":"https:\/\/www.klaus-janowitz.de\/wordpress\/digitaler-wohlstand-fuer-alle-schwacher-staat-im-netz\/","og_locale":"de_DE","og_type":"article","og_title":"Digitaler Wohlstand f\u00fcr alle \/Schwacher Staat im Netz - Rez. - Netnographie &amp; Digitaler Wandel","og_description":"10\/02\/19\u00a0kmjan Wohlstand f\u00fcr alle, war der Titel eines Buches von Ludwig Erhardt (1957), und es war eine Maxime der Sozialen Marktwirtschaft &#8211;\u00a0 gesellschaftlicher Konsens und\u00a0Grund\u00fcbereinkunft dar\u00fcber, wie die Wirtschaft sein sollte (29). Prinzipien wie Sozialpartnerschaft leiten sich daraus her. Auf diesen Versprechen beruhte zun\u00e4chst die Identifikation mit der demokratischen Bundesrepublik,\u00a0\u00a0Nation Building der 50er Jahre. Solange &hellip; \u201eDigitaler Wohlstand f\u00fcr alle \/Schwacher Staat im Netz &#8211; Rez.\u201c weiterlesen","og_url":"https:\/\/www.klaus-janowitz.de\/wordpress\/digitaler-wohlstand-fuer-alle-schwacher-staat-im-netz\/","og_site_name":"Netnographie &amp; Digitaler Wandel","article_modified_time":"2019-12-07T10:43:12+00:00","og_image":[{"url":"https:\/\/www.klaus-janowitz.de\/wordpress\/wp-content\/uploads\/2019\/01\/Digitaler-Wohlstand-189x300.jpeg","type":"","width":"","height":""}],"twitter_card":"summary_large_image","twitter_misc":{"Gesch\u00e4tzte Lesezeit":"5\u00a0Minuten"},"schema":{"@context":"https:\/\/schema.org","@graph":[{"@type":"WebPage","@id":"https:\/\/www.klaus-janowitz.de\/wordpress\/digitaler-wohlstand-fuer-alle-schwacher-staat-im-netz\/","url":"https:\/\/www.klaus-janowitz.de\/wordpress\/digitaler-wohlstand-fuer-alle-schwacher-staat-im-netz\/","name":"Digitaler Wohlstand f\u00fcr alle \/Schwacher Staat im Netz - Rez. - Netnographie &amp; Digitaler Wandel","isPartOf":{"@id":"https:\/\/www.klaus-janowitz.de\/wordpress\/#website"},"primaryImageOfPage":{"@id":"https:\/\/www.klaus-janowitz.de\/wordpress\/digitaler-wohlstand-fuer-alle-schwacher-staat-im-netz\/#primaryimage"},"image":{"@id":"https:\/\/www.klaus-janowitz.de\/wordpress\/digitaler-wohlstand-fuer-alle-schwacher-staat-im-netz\/#primaryimage"},"thumbnailUrl":"https:\/\/www.klaus-janowitz.de\/wordpress\/wp-content\/uploads\/2019\/01\/Digitaler-Wohlstand-189x300.jpeg","datePublished":"2019-02-07T16:56:53+00:00","dateModified":"2019-12-07T10:43:12+00:00","breadcrumb":{"@id":"https:\/\/www.klaus-janowitz.de\/wordpress\/digitaler-wohlstand-fuer-alle-schwacher-staat-im-netz\/#breadcrumb"},"inLanguage":"de","potentialAction":[{"@type":"ReadAction","target":["https:\/\/www.klaus-janowitz.de\/wordpress\/digitaler-wohlstand-fuer-alle-schwacher-staat-im-netz\/"]}]},{"@type":"ImageObject","inLanguage":"de","@id":"https:\/\/www.klaus-janowitz.de\/wordpress\/digitaler-wohlstand-fuer-alle-schwacher-staat-im-netz\/#primaryimage","url":"https:\/\/www.klaus-janowitz.de\/wordpress\/wp-content\/uploads\/2019\/01\/Digitaler-Wohlstand-189x300.jpeg","contentUrl":"https:\/\/www.klaus-janowitz.de\/wordpress\/wp-content\/uploads\/2019\/01\/Digitaler-Wohlstand-189x300.jpeg"},{"@type":"BreadcrumbList","@id":"https:\/\/www.klaus-janowitz.de\/wordpress\/digitaler-wohlstand-fuer-alle-schwacher-staat-im-netz\/#breadcrumb","itemListElement":[{"@type":"ListItem","position":1,"name":"Startseite","item":"https:\/\/www.klaus-janowitz.de\/wordpress\/"},{"@type":"ListItem","position":2,"name":"Digitaler Wohlstand f\u00fcr alle \/Schwacher Staat im Netz &#8211; Rez."}]},{"@type":"WebSite","@id":"https:\/\/www.klaus-janowitz.de\/wordpress\/#website","url":"https:\/\/www.klaus-janowitz.de\/wordpress\/","name":"Netnographie &amp; Digitaler Wandel","description":"Blog rund um die Themen Netnographie, Online-Kultur und Digitalen Wandel","potentialAction":[{"@type":"SearchAction","target":{"@type":"EntryPoint","urlTemplate":"https:\/\/www.klaus-janowitz.de\/wordpress\/?s={search_term_string}"},"query-input":{"@type":"PropertyValueSpecification","valueRequired":true,"valueName":"search_term_string"}}],"inLanguage":"de"}]}},"jetpack_sharing_enabled":true,"jetpack_shortlink":"https:\/\/wp.me\/P15Wn2-3dd","jetpack_likes_enabled":true,"jetpack-related-posts":[{"id":10090,"url":"https:\/\/www.klaus-janowitz.de\/wordpress\/zukunft-2030\/","url_meta":{"origin":12351,"position":0},"title":"Zukunft 2030 &#8211; Szenarios der Transformation","author":"KlausMJan","date":"5. Juli 2017","format":false,"excerpt":"4\/07\/17\u00a0kmjan Wenn es um Digitalen Wandel bzw.\u00a0Digitale Transformation\u00a0geht es immer auch um Aussagen zur Zukunft. Wohin treibt der Wandel? Wie transformieren sich Systeme?\u00a0Digitale Innovationen haben in den vergangenen Jahrzehnten eine Branche nach der anderen umgekrempelt, \u00a0die \u00f6ffentliche Kommunikation neu definiert, weiterhin treibt Digitalisierung Ver\u00e4nderungen in Wirtschaft und Gesellschaft an. Immer\u2026","rel":"","context":"\u00c4hnlicher Beitrag","block_context":{"text":"\u00c4hnlicher Beitrag","link":""},"img":{"alt_text":"","src":"https:\/\/i0.wp.com\/www.klaus-janowitz.de\/wordpress\/wp-content\/uploads\/2017\/07\/Zukunftslandkarte-277x300.jpg?resize=350%2C200&ssl=1","width":350,"height":200},"classes":[]},{"id":10828,"url":"https:\/\/www.klaus-janowitz.de\/wordpress\/d2030-deutschland-neu-denken-acht-szenarios-fuer-unsere-zukunft-rez\/","url_meta":{"origin":12351,"position":1},"title":"D2030 &#8211; Deutschland neu denken &#8211; Acht Szenarios f\u00fcr unsere Zukunft &#8211; (Rez.)","author":"KlausMJan","date":"22. M\u00e4rz 2018","format":false,"excerpt":"25\/03\/18\u00a0kmjan Zukunft ist nicht vorhersehbar, aber doch lenk- und gestaltbar.\u00a0Im Sommer 2017 wurden auf der\u00a0Zukunftskonferenz in Berlin Ergebnisse aus dem Projekt\u00a0 D 2030\u00a0einer \u00d6ffentlichkeit vorgestellt.\u00a0Es ging nicht um einzelne (Mega-) Trends oder lineare Prognosen, nicht um best- und worst- cases, sondern um eine Landkarte der M\u00f6glichkeiten, um Szenarien f\u00fcr den\u2026","rel":"","context":"\u00c4hnlicher Beitrag","block_context":{"text":"\u00c4hnlicher Beitrag","link":""},"img":{"alt_text":"","src":"https:\/\/i0.wp.com\/www.klaus-janowitz.de\/wordpress\/wp-content\/uploads\/2018\/03\/D-2030-190x300.jpg?resize=350%2C200","width":350,"height":200},"classes":[]},{"id":12998,"url":"https:\/\/www.klaus-janowitz.de\/wordpress\/singulaerer-vs-massenkonsum\/","url_meta":{"origin":12351,"position":2},"title":"Singul\u00e4rer-  vs.  Massenkonsum","author":"KlausMJan","date":"17. September 2020","format":false,"excerpt":"17\/09\/20 kmjan In der Markthalle Neun in Berlin - Kreuzberg gibt es das passende Bild: Mittendrin im foodporn der Markthalle steht eine ALDI Filiale, geradezu eingekapselt im Container.\u00a0 Markthalle Neun ist ein geradezu iconisches Projekt der neuen Esskultur - mit allem was dazugeh\u00f6rt: CraftBeer, Vin Naturel, die Metzgerei Kumpel &\u2026","rel":"","context":"\u00c4hnlicher Beitrag","block_context":{"text":"\u00c4hnlicher Beitrag","link":""},"img":{"alt_text":"","src":"https:\/\/i0.wp.com\/www.klaus-janowitz.de\/wordpress\/wp-content\/uploads\/2019\/05\/IMG_2608-e1558009813441-300x225.jpg?resize=350%2C200&ssl=1","width":350,"height":200},"classes":[]},{"id":7755,"url":"https:\/\/www.klaus-janowitz.de\/wordpress\/innovation-und-transformation-rez\/","url_meta":{"origin":12351,"position":3},"title":"Innovation und Transformation (Rez.)","author":"KlausMJan","date":"17. M\u00e4rz 2016","format":false,"excerpt":"17\/03\/16 kmjan Zwei B\u00fccher in denen es um Innovationsf\u00e4higkeit, um die \"Zukunft Deutschlands als Wirtschaftsnation\" (Cole S. 197)\u00a0geht. Es gibt ein oft idealisiertes Bild der deutschen Wirtschaft. Dazu z\u00e4hlen die hidden champions\u00a0aus\u00a0der ostwestf\u00e4lischen oder schw\u00e4bischen Provinz, die mit hochspezialisierten Produkten und herausragender Innovationskraft im Weltmarkt vorne stehen. Und es gibt\u2026","rel":"","context":"\u00c4hnlicher Beitrag","block_context":{"text":"\u00c4hnlicher Beitrag","link":""},"img":{"alt_text":"Innovationsstau","src":"https:\/\/i0.wp.com\/www.klaus-janowitz.de\/wordpress\/wp-content\/uploads\/2016\/02\/Innovationsstau-189x300.jpg?resize=350%2C200","width":350,"height":200},"classes":[]},{"id":13020,"url":"https:\/\/www.klaus-janowitz.de\/wordpress\/individualisierte-massen-rez-zu-vom-sog-der-massen-und-der-neuen-macht-der-einzelnen\/","url_meta":{"origin":12351,"position":4},"title":"Individualisierte Massen- Rez. zu Vom Sog der Massen und der neuen Macht der Einzelnen","author":"KlausMJan","date":"28. Mai 2019","format":false,"excerpt":"30\/05\/19 kmjan Der Titel l\u00e4sst an ganz aktuelle Ereignisse denken: mit den Gelbwesten in Frankreich ist der Sog der Massen zur\u00fcck auf der Stra\u00dfe. Videos ersch\u00fcttern Machtgef\u00fcge und machen die Neue Macht der Einzelnen deutlich: eine der tragenden grossen Organisationen wirkt hilflos gegen\u00fcber einem youtube-Blogger, Massenkommunikation funktioniert mittlerweile eben anders.\u2026","rel":"","context":"\u00c4hnlicher Beitrag","block_context":{"text":"\u00c4hnlicher Beitrag","link":""},"img":{"alt_text":"","src":"https:\/\/i0.wp.com\/www.klaus-janowitz.de\/wordpress\/wp-content\/uploads\/2019\/05\/Vom-Sog-der-Massen-190x300.jpeg?resize=350%2C200&ssl=1","width":350,"height":200},"classes":[]},{"id":24463,"url":"https:\/\/www.klaus-janowitz.de\/wordpress\/neuaufstellung-der-gesellschaft-durch-corona\/","url_meta":{"origin":12351,"position":5},"title":"Neuausrichtung der Gesellschaft durch Corona?","author":"KlausMJan","date":"29. August 2020","format":false,"excerpt":"29\/08\/20 kmjan Bei einer (nicht- repr\u00e4sentativen) adhoc- Umfrage der FES* meinten 2\/3 derTeilnehmer, dass die Corona-Krise langfristig positive Auswirkungen auf das gesellschaftliche Zusammenleben haben wird. Soll man das \u00fcberraschend finden? - Oder einfach als Hinweis darauf, dass die Ver\u00e4nderungsdynamik im Laufe der Corona- Krise Gestaltungsm\u00f6glichkeiten\u00a0 anst\u00f6sst und verbreitert? Braucht es\u2026","rel":"","context":"\u00c4hnlicher Beitrag","block_context":{"text":"\u00c4hnlicher Beitrag","link":""},"img":{"alt_text":"","src":"https:\/\/i0.wp.com\/www.klaus-janowitz.de\/wordpress\/wp-content\/uploads\/2016\/09\/Inside-out-300x300.jpg?resize=350%2C200&ssl=1","width":350,"height":200},"classes":[]}],"_links":{"self":[{"href":"https:\/\/www.klaus-janowitz.de\/wordpress\/wp-json\/wp\/v2\/pages\/12351","targetHints":{"allow":["GET"]}}],"collection":[{"href":"https:\/\/www.klaus-janowitz.de\/wordpress\/wp-json\/wp\/v2\/pages"}],"about":[{"href":"https:\/\/www.klaus-janowitz.de\/wordpress\/wp-json\/wp\/v2\/types\/page"}],"author":[{"embeddable":true,"href":"https:\/\/www.klaus-janowitz.de\/wordpress\/wp-json\/wp\/v2\/users\/1"}],"replies":[{"embeddable":true,"href":"https:\/\/www.klaus-janowitz.de\/wordpress\/wp-json\/wp\/v2\/comments?post=12351"}],"version-history":[{"count":105,"href":"https:\/\/www.klaus-janowitz.de\/wordpress\/wp-json\/wp\/v2\/pages\/12351\/revisions"}],"predecessor-version":[{"id":14206,"href":"https:\/\/www.klaus-janowitz.de\/wordpress\/wp-json\/wp\/v2\/pages\/12351\/revisions\/14206"}],"wp:attachment":[{"href":"https:\/\/www.klaus-janowitz.de\/wordpress\/wp-json\/wp\/v2\/media?parent=12351"}],"curies":[{"name":"wp","href":"https:\/\/api.w.org\/{rel}","templated":true}]}}