{"id":10828,"date":"2018-03-22T12:27:56","date_gmt":"2018-03-22T11:27:56","guid":{"rendered":"http:\/\/www.klaus-janowitz.de\/wordpress\/?page_id=10828"},"modified":"2023-03-01T18:21:31","modified_gmt":"2023-03-01T17:21:31","slug":"d2030-deutschland-neu-denken-acht-szenarios-fuer-unsere-zukunft-rez","status":"publish","type":"page","link":"https:\/\/www.klaus-janowitz.de\/wordpress\/d2030-deutschland-neu-denken-acht-szenarios-fuer-unsere-zukunft-rez\/","title":{"rendered":"D2030 &#8211; Deutschland neu denken &#8211; Acht Szenarios f\u00fcr unsere Zukunft &#8211; (Rez.)"},"content":{"rendered":"<p style=\"text-align: justify;\">25\/03\/18\u00a0<a href=\"http:\/\/www.klaus-janowitz.de\/\">kmjan<\/a><br \/>\nZukunft ist nicht vorhersehbar, aber doch <a href=\"https:\/\/i0.wp.com\/www.klaus-janowitz.de\/wordpress\/wp-content\/uploads\/2018\/03\/D-2030.jpg\"><img data-recalc-dims=\"1\" fetchpriority=\"high\" decoding=\"async\" class=\"alignright wp-image-10821\" src=\"https:\/\/i0.wp.com\/www.klaus-janowitz.de\/wordpress\/wp-content\/uploads\/2018\/03\/D-2030-190x300.jpg?resize=198%2C313\" alt=\"\" width=\"198\" height=\"313\" srcset=\"https:\/\/i0.wp.com\/www.klaus-janowitz.de\/wordpress\/wp-content\/uploads\/2018\/03\/D-2030.jpg?resize=190%2C300&amp;ssl=1 190w, https:\/\/i0.wp.com\/www.klaus-janowitz.de\/wordpress\/wp-content\/uploads\/2018\/03\/D-2030.jpg?resize=768%2C1209&amp;ssl=1 768w, https:\/\/i0.wp.com\/www.klaus-janowitz.de\/wordpress\/wp-content\/uploads\/2018\/03\/D-2030.jpg?resize=650%2C1024&amp;ssl=1 650w, https:\/\/i0.wp.com\/www.klaus-janowitz.de\/wordpress\/wp-content\/uploads\/2018\/03\/D-2030.jpg?resize=1200%2C1890&amp;ssl=1 1200w, https:\/\/i0.wp.com\/www.klaus-janowitz.de\/wordpress\/wp-content\/uploads\/2018\/03\/D-2030.jpg?w=1510&amp;ssl=1 1510w, https:\/\/i0.wp.com\/www.klaus-janowitz.de\/wordpress\/wp-content\/uploads\/2018\/03\/D-2030.jpg?w=1050&amp;ssl=1 1050w\" sizes=\"(max-width: 198px) 100vw, 198px\" \/><\/a>lenk- und gestaltbar.\u00a0Im Sommer 2017 wurden auf der\u00a0<a href=\"http:\/\/www.klaus-janowitz.de\/wordpress\/zukunft-2030\/\" target=\"_blank\" rel=\"noopener\">Zukunftskonferenz in Berlin<\/a> Ergebnisse aus dem Projekt\u00a0 <a href=\"https:\/\/www.d2030.de\/\" target=\"_blank\" rel=\"noopener\"><strong>D 2030<\/strong><\/a>\u00a0einer \u00d6ffentlichkeit vorgestellt.\u00a0Es ging nicht um einzelne (Mega-) Trends oder lineare Prognosen, nicht um <em>best- <\/em>und <em>worst- cases<\/em>, sondern um eine <em>Landkarte der M\u00f6glichkeiten<\/em>, um Szenarien f\u00fcr den politischen, wirtschaftlichen und gesellschaftlichen Raum Deutschland zum Jahre 2030.<br \/>\nJetzt ist das zugeh\u00f6rige Buch erschienen.\u00a0<strong>D2030<\/strong> folgt der Methodik des <strong><em>Szenario- Managements<\/em><\/strong>, mit der Wege und Vorstellungen einer m\u00f6glichen Zukunft <em>sichtbar<\/em> gemacht werden. Umgesetzt wurde die Methodik in einem partizipativen Verfahren &#8211;\u00a0<em>induktiv<\/em> (bzw. <em>bottom-up<\/em>) in mehreren \u00f6ffentlichen (online-) Dialogen.<\/p>\n<figure id=\"attachment_10833\" aria-describedby=\"caption-attachment-10833\" style=\"width: 300px\" class=\"wp-caption alignleft\"><a href=\"https:\/\/i0.wp.com\/www.klaus-janowitz.de\/wordpress\/wp-content\/uploads\/2018\/03\/Grundszenarios_D2030.jpg?ssl=1\" target=\"_blank\" rel=\"noopener\"><img data-recalc-dims=\"1\" decoding=\"async\" class=\"wp-image-10833 size-medium\" src=\"https:\/\/i0.wp.com\/www.klaus-janowitz.de\/wordpress\/wp-content\/uploads\/2018\/03\/Grundszenarios_D2030.jpg?resize=300%2C209&#038;ssl=1\" alt=\"\" width=\"300\" height=\"209\" srcset=\"https:\/\/i0.wp.com\/www.klaus-janowitz.de\/wordpress\/wp-content\/uploads\/2018\/03\/Grundszenarios_D2030.jpg?resize=300%2C209&amp;ssl=1 300w, https:\/\/i0.wp.com\/www.klaus-janowitz.de\/wordpress\/wp-content\/uploads\/2018\/03\/Grundszenarios_D2030.jpg?w=679&amp;ssl=1 679w\" sizes=\"(max-width: 300px) 100vw, 300px\" \/><\/a><figcaption id=\"caption-attachment-10833\" class=\"wp-caption-text\">Abb.: Landkarte der Zukunft mit den Kernfragen, S. 37 (gr\u00f6ssere Ansicht nach Klick)<\/figcaption><\/figure>\n<p style=\"text-align: justify;\">Klar voneinander unterscheidbare Szenarios wurden entworfen und sie werden sehr anschaulich beschrieben:\u00a0<strong><em>Spurtreue Beschleunigung<\/em><\/strong> (<em>wo wir landen, wenn wir uns gegen Ver\u00e4nderung stemmen<\/em>); <em><strong>Neue Horizonte<\/strong><\/em>\u00a0(<em>Freiheit, Gerechtigkeit und offene Fragen im Wunschraum<\/em>); <strong><em>Bewusste Abkopplung<\/em><\/strong> (<em>Chancen und Gefahren eines deutschen Sonderweges<\/em>);\u00a0\u00a0<em><strong>Alte Grenzen<\/strong><\/em> (<em>vorw\u00e4rts in die Vergangenheit<\/em>). Die letzteren beiden (3 u. 4 in der Abb.) denken bestimmte Konstellationen weiter, spielen im weiteren aber keine gr\u00f6ssere Rolle.\u00a0<em><strong>Spurtreue Beschleunigung <\/strong><\/em>und\u00a0<em><strong>Neue Horizonte<\/strong><\/em> mit ihren jeweils drei Varianten (s. Abb.) verdienen die Beachtung. Sie stehen als <strong><em>Gegenwartsraum<\/em><\/strong> und <em><strong>Wunschraum<\/strong><\/em> einander gegen\u00fcber.<\/p>\n<p style=\"text-align: justify;\">Zielperspektive sind die <em><strong>Neuen Horizonte <\/strong><\/em>(Spielr\u00e4ume f\u00fcr die Zivilgesellschaft, St\u00e4rke durch Vielfalt u. Renaissance der Politik), entscheidend daf\u00fcr ist die gelingende Verbindung \u00f6konomischer und gesellschaftlicher Innovationen.\u00a0<em><strong>Spurtreue Beschleunigung <\/strong><\/em>bleibt auf der <em>Spur<\/em>\u00a0von Deregulierung und Privatisierung,\u00a0 Wirtschaftsinteressen vs. Nachhaltigkeitswerten, Wohlstandszuw\u00e4chse kommen v.a. den ohnehin Privilegierten zugute. Die\u00a0<em>Ver\u00e4nderungen<\/em>\u00a0von dort zu <em>Neuen Horizonten<\/em> stellen die Frage nach einem Zielpfad, der Offenheit und Globalit\u00e4t mit Nachhaltigkeit und Gemeinschaftlichkeit verbindet, in den Vordergrund (105).<br \/>\nOhne dahingehende Ver\u00e4nderungen ist im besten Falle ein Wohlf\u00fchl- Wohlstand zu erwarten, wahrscheinlicher eine <em>gesellschaftliche Spaltung trotz wirtschaftlichem Erfolg<\/em>. Letzteres Szenario wurde in den \u00f6ffentlichen Dialogen trotz gro\u00dfer Ferne zur gew\u00fcnschten Zukunft als wahrscheinlichste Perspektive (64 %) angegeben.\u00a0Grunds\u00e4tzlich geht es bei D 2030 darum, vernetztes und langfristiges Denken in sozialen, \u00f6konomischen und politischen Entscheidungsprozessen zu verankern.\u00a0Die Szenarios sollen nicht zeigen, was wird, sondern sie sollen als Denkwerkzeuge verdeutlichen, was m\u00f6glich ist.<\/p>\n<figure id=\"attachment_10849\" aria-describedby=\"caption-attachment-10849\" style=\"width: 251px\" class=\"wp-caption alignleft\"><a href=\"https:\/\/i0.wp.com\/www.klaus-janowitz.de\/wordpress\/wp-content\/uploads\/2018\/03\/Einflussbereiche_Schlu%CC%88sselfaktoren.jpg?ssl=1\" target=\"_blank\" rel=\"https:\/\/i1.wp.com\/www.klaus-janowitz.de\/wordpress\/wp-content\/uploads\/2018\/03\/Einflussbereiche_Schlu%CC%88sselfaktoren.jpg noopener\"><img data-recalc-dims=\"1\" decoding=\"async\" class=\"wp-image-10849 size-medium\" src=\"https:\/\/i0.wp.com\/www.klaus-janowitz.de\/wordpress\/wp-content\/uploads\/2018\/03\/Einflussbereiche_Schlu%CC%88sselfaktoren.jpg?resize=251%2C300&#038;ssl=1\" alt=\"\" width=\"251\" height=\"300\" srcset=\"https:\/\/i0.wp.com\/www.klaus-janowitz.de\/wordpress\/wp-content\/uploads\/2018\/03\/Einflussbereiche_Schlu%CC%88sselfaktoren.jpg?resize=251%2C300&amp;ssl=1 251w, https:\/\/i0.wp.com\/www.klaus-janowitz.de\/wordpress\/wp-content\/uploads\/2018\/03\/Einflussbereiche_Schlu%CC%88sselfaktoren.jpg?resize=768%2C917&amp;ssl=1 768w, https:\/\/i0.wp.com\/www.klaus-janowitz.de\/wordpress\/wp-content\/uploads\/2018\/03\/Einflussbereiche_Schlu%CC%88sselfaktoren.jpg?resize=858%2C1024&amp;ssl=1 858w, https:\/\/i0.wp.com\/www.klaus-janowitz.de\/wordpress\/wp-content\/uploads\/2018\/03\/Einflussbereiche_Schlu%CC%88sselfaktoren.jpg?resize=1200%2C1432&amp;ssl=1 1200w, https:\/\/i0.wp.com\/www.klaus-janowitz.de\/wordpress\/wp-content\/uploads\/2018\/03\/Einflussbereiche_Schlu%CC%88sselfaktoren.jpg?w=1348&amp;ssl=1 1348w, https:\/\/i0.wp.com\/www.klaus-janowitz.de\/wordpress\/wp-content\/uploads\/2018\/03\/Einflussbereiche_Schlu%CC%88sselfaktoren.jpg?w=1050&amp;ssl=1 1050w\" sizes=\"(max-width: 251px) 100vw, 251px\" \/><\/a><figcaption id=\"caption-attachment-10849\" class=\"wp-caption-text\">Abb. Einflu\u00dfbereiche und Schl\u00fcsselfaktoren (S. 22)<\/figcaption><\/figure>\n<p style=\"text-align: justify;\">Methodisch basieren alle Szenarien auf jeweils mehreren Zukunftsprojektionen zu 33 Schl\u00fcsselfaktoren sechs Systembereichen (s. Abb.), die in den \u00f6ffentlichen Dialogen bewertet und weiterentwickelt wurden.<\/p>\n<p style=\"text-align: justify;\">Das Buch ist im wesentlichen eine materialreiche Projektdokumentation, inhaltlich wie methodisch; dazu kommen eine Reihe fiktionaler Berichte\u00a0aus einigen\u00a0<em>Zuk\u00fcnften<\/em>. Man erf\u00e4hrt eine Menge \u00fcber die Methode <em>Szenariotechnik<\/em>, zu Hebelkr\u00e4ften und Schl\u00fcsselfaktoren, die Einflu\u00df nehmen. Es gibt insgesamt 64 graphisch sehr gut aufbereitete Abbildungen. Alle Schl\u00fcsselfaktoren incl. der\u00a0&#8211; jeweils 4-6 Zukunftsprojektionen werden ausf\u00fchrlich beschrieben.<\/p>\n<p style=\"text-align: justify;\">D2030 versteht sich als Politikberatung, so wurde zur Bundestagswahl 2017 ein <a href=\"https:\/\/d2030.de\/\/wp-content\/uploads\/2017\/09\/Memorandum_D2030.pdf\" target=\"_blank\" rel=\"noopener\">Memorandum<\/a> verfasst,\u00a0 geht aber im Adressatenkreis an alle am \u00f6ffentlichen Diskurs zur Zukunft der Gesellschaft bzw. zur Digitalen Transformation Beteiligten. Parteipolitische Pr\u00e4ferenzen sind nicht zu erkennen, D2030 wird von einer breit aufgestellten Initiative aus Wissenschaft, Wirtschaft und Zivilgesellschaft getragen. Allerdings ist man dem politischen Spektrum, dem Werte der Nachhaltigkeit und Subsidiarit\u00e4t naheliegen, zuzurechnen.\u00a0 Schlie\u00dflich der Ansto\u00df zu einem neuen Narrativ der Digitalisierung &#8211; jenseits technikfixierter Visionen (137). Gesellschaftlicher Wandel in Zeiten der Digitalisierung ist eben mehr als das, was etwa der seltsame, der\u00a0 Produktion entlehnte Begriff <em>Gesellschaft 4.0<\/em>\u00a0nahelegt.<\/p>\n<p><span style=\"font-size: x-small; line-height: 5 px;\"><strong>Klaus Burmeister, Alexander Fink, Beate Schulz- Montag\u00a0 &amp; Karl-Heinz Steinm\u00fcller\u00a0<\/strong>.: Deutschland neu denken. Acht Szenarien f\u00fcr unsere Zukunft. Oekom Verlag,\u00a0 M\u00fcnchen 2018, ISBN: 978-3-96238-018-2;\u00a0 246 S.\u00a0 <\/span><\/p>\n<p><!-- Matomo --> <script type=\"text\/javascript\">\n  var _paq = _paq || [];\n  \/* tracker methods like \"setCustomDimension\" should be called before \"trackPageView\" *\/\n  _paq.push(['trackPageView']);\n  _paq.push(['enableLinkTracking']);\n  (function() {\n    var u=\"\/\/www.klaus-janowitz.de\/piwik\/\";\n    _paq.push(['setTrackerUrl', u+'piwik.php']);\n    _paq.push(['setSiteId', '1']);\n    var d=document, g=d.createElement('script'), s=d.getElementsByTagName('script')[0];\n    g.type='text\/javascript'; g.async=true; g.defer=true; g.src=u+'piwik.js'; s.parentNode.insertBefore(g,s);\n  })();\n<\/script><br \/>\n<!-- End Matomo Code --><\/p>\n","protected":false},"excerpt":{"rendered":"<p>25\/03\/18\u00a0kmjan Zukunft ist nicht vorhersehbar, aber doch lenk- und gestaltbar.\u00a0Im Sommer 2017 wurden auf der\u00a0Zukunftskonferenz in Berlin Ergebnisse aus dem Projekt\u00a0 D 2030\u00a0einer \u00d6ffentlichkeit vorgestellt.\u00a0Es ging nicht um einzelne (Mega-) Trends oder lineare Prognosen, nicht um best- und worst- cases, sondern um eine Landkarte der M\u00f6glichkeiten, um Szenarien f\u00fcr den politischen, wirtschaftlichen und gesellschaftlichen Raum &hellip; <\/p>\n<p class=\"link-more\"><a href=\"https:\/\/www.klaus-janowitz.de\/wordpress\/d2030-deutschland-neu-denken-acht-szenarios-fuer-unsere-zukunft-rez\/\" class=\"more-link\"><span class=\"screen-reader-text\">\u201eD2030 &#8211; Deutschland neu denken &#8211; Acht Szenarios f\u00fcr unsere Zukunft &#8211; (Rez.)\u201c <\/span>weiterlesen<\/a><\/p>\n","protected":false},"author":1,"featured_media":0,"parent":0,"menu_order":0,"comment_status":"closed","ping_status":"closed","template":"","meta":{"jetpack_post_was_ever_published":false,"activitypub_content_warning":"","activitypub_content_visibility":"","activitypub_max_image_attachments":4,"activitypub_interaction_policy_quote":"","activitypub_status":"","footnotes":""},"class_list":["post-10828","page","type-page","status-publish","hentry"],"yoast_head":"<!-- This site is optimized with the Yoast SEO plugin v27.5 - https:\/\/yoast.com\/product\/yoast-seo-wordpress\/ -->\n<title>D2030 - Deutschland neu denken - Acht Szenarios f\u00fcr unsere Zukunft - (Rez.) - Netnographie &amp; Digitaler Wandel<\/title>\n<meta name=\"robots\" content=\"index, follow, max-snippet:-1, max-image-preview:large, max-video-preview:-1\" \/>\n<link rel=\"canonical\" href=\"https:\/\/www.klaus-janowitz.de\/wordpress\/d2030-deutschland-neu-denken-acht-szenarios-fuer-unsere-zukunft-rez\/\" \/>\n<meta property=\"og:locale\" content=\"de_DE\" \/>\n<meta property=\"og:type\" content=\"article\" \/>\n<meta property=\"og:title\" content=\"D2030 - Deutschland neu denken - Acht Szenarios f\u00fcr unsere Zukunft - (Rez.) - Netnographie &amp; Digitaler Wandel\" \/>\n<meta property=\"og:description\" content=\"25\/03\/18\u00a0kmjan Zukunft ist nicht vorhersehbar, aber doch lenk- und gestaltbar.\u00a0Im Sommer 2017 wurden auf der\u00a0Zukunftskonferenz in Berlin Ergebnisse aus dem Projekt\u00a0 D 2030\u00a0einer \u00d6ffentlichkeit vorgestellt.\u00a0Es ging nicht um einzelne (Mega-) Trends oder lineare Prognosen, nicht um best- und worst- cases, sondern um eine Landkarte der M\u00f6glichkeiten, um Szenarien f\u00fcr den politischen, wirtschaftlichen und gesellschaftlichen Raum &hellip; \u201eD2030 &#8211; Deutschland neu denken &#8211; Acht Szenarios f\u00fcr unsere Zukunft &#8211; (Rez.)\u201c weiterlesen\" \/>\n<meta property=\"og:url\" content=\"https:\/\/www.klaus-janowitz.de\/wordpress\/d2030-deutschland-neu-denken-acht-szenarios-fuer-unsere-zukunft-rez\/\" \/>\n<meta property=\"og:site_name\" content=\"Netnographie &amp; Digitaler Wandel\" \/>\n<meta property=\"article:modified_time\" content=\"2023-03-01T17:21:31+00:00\" \/>\n<meta property=\"og:image\" content=\"http:\/\/www.klaus-janowitz.de\/wordpress\/wp-content\/uploads\/2018\/03\/D-2030-190x300.jpg\" \/>\n<meta name=\"twitter:card\" content=\"summary_large_image\" \/>\n<meta name=\"twitter:label1\" content=\"Gesch\u00e4tzte Lesezeit\" \/>\n\t<meta name=\"twitter:data1\" content=\"4\u00a0Minuten\" \/>\n<script type=\"application\/ld+json\" class=\"yoast-schema-graph\">{\"@context\":\"https:\\\/\\\/schema.org\",\"@graph\":[{\"@type\":\"WebPage\",\"@id\":\"https:\\\/\\\/www.klaus-janowitz.de\\\/wordpress\\\/d2030-deutschland-neu-denken-acht-szenarios-fuer-unsere-zukunft-rez\\\/\",\"url\":\"https:\\\/\\\/www.klaus-janowitz.de\\\/wordpress\\\/d2030-deutschland-neu-denken-acht-szenarios-fuer-unsere-zukunft-rez\\\/\",\"name\":\"D2030 - Deutschland neu denken - Acht Szenarios f\u00fcr unsere Zukunft - (Rez.) - Netnographie &amp; Digitaler Wandel\",\"isPartOf\":{\"@id\":\"https:\\\/\\\/www.klaus-janowitz.de\\\/wordpress\\\/#website\"},\"primaryImageOfPage\":{\"@id\":\"https:\\\/\\\/www.klaus-janowitz.de\\\/wordpress\\\/d2030-deutschland-neu-denken-acht-szenarios-fuer-unsere-zukunft-rez\\\/#primaryimage\"},\"image\":{\"@id\":\"https:\\\/\\\/www.klaus-janowitz.de\\\/wordpress\\\/d2030-deutschland-neu-denken-acht-szenarios-fuer-unsere-zukunft-rez\\\/#primaryimage\"},\"thumbnailUrl\":\"http:\\\/\\\/www.klaus-janowitz.de\\\/wordpress\\\/wp-content\\\/uploads\\\/2018\\\/03\\\/D-2030-190x300.jpg\",\"datePublished\":\"2018-03-22T11:27:56+00:00\",\"dateModified\":\"2023-03-01T17:21:31+00:00\",\"breadcrumb\":{\"@id\":\"https:\\\/\\\/www.klaus-janowitz.de\\\/wordpress\\\/d2030-deutschland-neu-denken-acht-szenarios-fuer-unsere-zukunft-rez\\\/#breadcrumb\"},\"inLanguage\":\"de\",\"potentialAction\":[{\"@type\":\"ReadAction\",\"target\":[\"https:\\\/\\\/www.klaus-janowitz.de\\\/wordpress\\\/d2030-deutschland-neu-denken-acht-szenarios-fuer-unsere-zukunft-rez\\\/\"]}]},{\"@type\":\"ImageObject\",\"inLanguage\":\"de\",\"@id\":\"https:\\\/\\\/www.klaus-janowitz.de\\\/wordpress\\\/d2030-deutschland-neu-denken-acht-szenarios-fuer-unsere-zukunft-rez\\\/#primaryimage\",\"url\":\"http:\\\/\\\/www.klaus-janowitz.de\\\/wordpress\\\/wp-content\\\/uploads\\\/2018\\\/03\\\/D-2030-190x300.jpg\",\"contentUrl\":\"http:\\\/\\\/www.klaus-janowitz.de\\\/wordpress\\\/wp-content\\\/uploads\\\/2018\\\/03\\\/D-2030-190x300.jpg\"},{\"@type\":\"BreadcrumbList\",\"@id\":\"https:\\\/\\\/www.klaus-janowitz.de\\\/wordpress\\\/d2030-deutschland-neu-denken-acht-szenarios-fuer-unsere-zukunft-rez\\\/#breadcrumb\",\"itemListElement\":[{\"@type\":\"ListItem\",\"position\":1,\"name\":\"Startseite\",\"item\":\"https:\\\/\\\/www.klaus-janowitz.de\\\/wordpress\\\/\"},{\"@type\":\"ListItem\",\"position\":2,\"name\":\"D2030 &#8211; Deutschland neu denken &#8211; Acht Szenarios f\u00fcr unsere Zukunft &#8211; (Rez.)\"}]},{\"@type\":\"WebSite\",\"@id\":\"https:\\\/\\\/www.klaus-janowitz.de\\\/wordpress\\\/#website\",\"url\":\"https:\\\/\\\/www.klaus-janowitz.de\\\/wordpress\\\/\",\"name\":\"Netnographie &amp; Digitaler Wandel\",\"description\":\"Blog rund um die Themen Netnographie, Online-Kultur und Digitalen Wandel\",\"potentialAction\":[{\"@type\":\"SearchAction\",\"target\":{\"@type\":\"EntryPoint\",\"urlTemplate\":\"https:\\\/\\\/www.klaus-janowitz.de\\\/wordpress\\\/?s={search_term_string}\"},\"query-input\":{\"@type\":\"PropertyValueSpecification\",\"valueRequired\":true,\"valueName\":\"search_term_string\"}}],\"inLanguage\":\"de\"}]}<\/script>\n<!-- \/ Yoast SEO plugin. -->","yoast_head_json":{"title":"D2030 - Deutschland neu denken - Acht Szenarios f\u00fcr unsere Zukunft - (Rez.) - Netnographie &amp; Digitaler Wandel","robots":{"index":"index","follow":"follow","max-snippet":"max-snippet:-1","max-image-preview":"max-image-preview:large","max-video-preview":"max-video-preview:-1"},"canonical":"https:\/\/www.klaus-janowitz.de\/wordpress\/d2030-deutschland-neu-denken-acht-szenarios-fuer-unsere-zukunft-rez\/","og_locale":"de_DE","og_type":"article","og_title":"D2030 - Deutschland neu denken - Acht Szenarios f\u00fcr unsere Zukunft - (Rez.) - Netnographie &amp; Digitaler Wandel","og_description":"25\/03\/18\u00a0kmjan Zukunft ist nicht vorhersehbar, aber doch lenk- und gestaltbar.\u00a0Im Sommer 2017 wurden auf der\u00a0Zukunftskonferenz in Berlin Ergebnisse aus dem Projekt\u00a0 D 2030\u00a0einer \u00d6ffentlichkeit vorgestellt.\u00a0Es ging nicht um einzelne (Mega-) Trends oder lineare Prognosen, nicht um best- und worst- cases, sondern um eine Landkarte der M\u00f6glichkeiten, um Szenarien f\u00fcr den politischen, wirtschaftlichen und gesellschaftlichen Raum &hellip; \u201eD2030 &#8211; Deutschland neu denken &#8211; Acht Szenarios f\u00fcr unsere Zukunft &#8211; (Rez.)\u201c weiterlesen","og_url":"https:\/\/www.klaus-janowitz.de\/wordpress\/d2030-deutschland-neu-denken-acht-szenarios-fuer-unsere-zukunft-rez\/","og_site_name":"Netnographie &amp; Digitaler Wandel","article_modified_time":"2023-03-01T17:21:31+00:00","og_image":[{"url":"http:\/\/www.klaus-janowitz.de\/wordpress\/wp-content\/uploads\/2018\/03\/D-2030-190x300.jpg","type":"","width":"","height":""}],"twitter_card":"summary_large_image","twitter_misc":{"Gesch\u00e4tzte Lesezeit":"4\u00a0Minuten"},"schema":{"@context":"https:\/\/schema.org","@graph":[{"@type":"WebPage","@id":"https:\/\/www.klaus-janowitz.de\/wordpress\/d2030-deutschland-neu-denken-acht-szenarios-fuer-unsere-zukunft-rez\/","url":"https:\/\/www.klaus-janowitz.de\/wordpress\/d2030-deutschland-neu-denken-acht-szenarios-fuer-unsere-zukunft-rez\/","name":"D2030 - Deutschland neu denken - Acht Szenarios f\u00fcr unsere Zukunft - (Rez.) - Netnographie &amp; Digitaler Wandel","isPartOf":{"@id":"https:\/\/www.klaus-janowitz.de\/wordpress\/#website"},"primaryImageOfPage":{"@id":"https:\/\/www.klaus-janowitz.de\/wordpress\/d2030-deutschland-neu-denken-acht-szenarios-fuer-unsere-zukunft-rez\/#primaryimage"},"image":{"@id":"https:\/\/www.klaus-janowitz.de\/wordpress\/d2030-deutschland-neu-denken-acht-szenarios-fuer-unsere-zukunft-rez\/#primaryimage"},"thumbnailUrl":"http:\/\/www.klaus-janowitz.de\/wordpress\/wp-content\/uploads\/2018\/03\/D-2030-190x300.jpg","datePublished":"2018-03-22T11:27:56+00:00","dateModified":"2023-03-01T17:21:31+00:00","breadcrumb":{"@id":"https:\/\/www.klaus-janowitz.de\/wordpress\/d2030-deutschland-neu-denken-acht-szenarios-fuer-unsere-zukunft-rez\/#breadcrumb"},"inLanguage":"de","potentialAction":[{"@type":"ReadAction","target":["https:\/\/www.klaus-janowitz.de\/wordpress\/d2030-deutschland-neu-denken-acht-szenarios-fuer-unsere-zukunft-rez\/"]}]},{"@type":"ImageObject","inLanguage":"de","@id":"https:\/\/www.klaus-janowitz.de\/wordpress\/d2030-deutschland-neu-denken-acht-szenarios-fuer-unsere-zukunft-rez\/#primaryimage","url":"http:\/\/www.klaus-janowitz.de\/wordpress\/wp-content\/uploads\/2018\/03\/D-2030-190x300.jpg","contentUrl":"http:\/\/www.klaus-janowitz.de\/wordpress\/wp-content\/uploads\/2018\/03\/D-2030-190x300.jpg"},{"@type":"BreadcrumbList","@id":"https:\/\/www.klaus-janowitz.de\/wordpress\/d2030-deutschland-neu-denken-acht-szenarios-fuer-unsere-zukunft-rez\/#breadcrumb","itemListElement":[{"@type":"ListItem","position":1,"name":"Startseite","item":"https:\/\/www.klaus-janowitz.de\/wordpress\/"},{"@type":"ListItem","position":2,"name":"D2030 &#8211; Deutschland neu denken &#8211; Acht Szenarios f\u00fcr unsere Zukunft &#8211; (Rez.)"}]},{"@type":"WebSite","@id":"https:\/\/www.klaus-janowitz.de\/wordpress\/#website","url":"https:\/\/www.klaus-janowitz.de\/wordpress\/","name":"Netnographie &amp; Digitaler Wandel","description":"Blog rund um die Themen Netnographie, Online-Kultur und Digitalen Wandel","potentialAction":[{"@type":"SearchAction","target":{"@type":"EntryPoint","urlTemplate":"https:\/\/www.klaus-janowitz.de\/wordpress\/?s={search_term_string}"},"query-input":{"@type":"PropertyValueSpecification","valueRequired":true,"valueName":"search_term_string"}}],"inLanguage":"de"}]}},"jetpack_sharing_enabled":true,"jetpack_shortlink":"https:\/\/wp.me\/P15Wn2-2OE","jetpack_likes_enabled":true,"jetpack-related-posts":[{"id":10090,"url":"https:\/\/www.klaus-janowitz.de\/wordpress\/zukunft-2030\/","url_meta":{"origin":10828,"position":0},"title":"Zukunft 2030 &#8211; Szenarios der Transformation","author":"KlausMJan","date":"5. Juli 2017","format":false,"excerpt":"4\/07\/17\u00a0kmjan Wenn es um Digitalen Wandel bzw.\u00a0Digitale Transformation\u00a0geht es immer auch um Aussagen zur Zukunft. Wohin treibt der Wandel? Wie transformieren sich Systeme?\u00a0Digitale Innovationen haben in den vergangenen Jahrzehnten eine Branche nach der anderen umgekrempelt, \u00a0die \u00f6ffentliche Kommunikation neu definiert, weiterhin treibt Digitalisierung Ver\u00e4nderungen in Wirtschaft und Gesellschaft an. Immer\u2026","rel":"","context":"\u00c4hnlicher Beitrag","block_context":{"text":"\u00c4hnlicher Beitrag","link":""},"img":{"alt_text":"","src":"https:\/\/i0.wp.com\/www.klaus-janowitz.de\/wordpress\/wp-content\/uploads\/2017\/07\/Zukunftslandkarte-277x300.jpg?resize=350%2C200&ssl=1","width":350,"height":200},"classes":[]},{"id":16269,"url":"https:\/\/www.klaus-janowitz.de\/wordpress\/post-corona-szenarien\/","url_meta":{"origin":10828,"position":1},"title":"Post- Corona &#8211; Szenarien f\u00fcr die Zeit danach","author":"KlausMJan","date":"28. Mai 2020","format":false,"excerpt":"29\/05\/20 kmjan\u00a0 Corona, ein Ausl\u00f6ser gesellschaftlichen Wandels?\u00a0 - oder sogar eine Zeitenwende? Parallel zur Bew\u00e4ltigung der Covid19-Pandemie, sind die Debatten zur Welt nach Corona im auslaufenden Lockdown er\u00f6ffnet. Die m\u00f6glichen Zuk\u00fcnfte werden oft anhand von Szenarien diskutiert - dabei treten bestimmte\u00a0 Modelle immer wieder hervor. Kurzfristig geht es um das\u2026","rel":"","context":"\u00c4hnlicher Beitrag","block_context":{"text":"\u00c4hnlicher Beitrag","link":""},"img":{"alt_text":"","src":"https:\/\/i0.wp.com\/www.klaus-janowitz.de\/wordpress\/wp-content\/uploads\/2020\/05\/Covid-19_Krise-193x300.jpeg?resize=350%2C200&ssl=1","width":350,"height":200},"classes":[]},{"id":9219,"url":"https:\/\/www.klaus-janowitz.de\/wordpress\/deutschland-4-0-wie-die-digitale-transformation-gelingt-rez\/","url_meta":{"origin":10828,"position":2},"title":"Deutschland 4.0 &#8211; Wie die Digitale Transformation gelingt  (Rez.)","author":"KlausMJan","date":"5. Dezember 2016","format":false,"excerpt":"8\/12\/16\u00a0kmjan Zur Digitalen Transformation\u00a0sind in den letzten Jahren eine ganze Reihe B\u00fccher \u00a0erschienen\u00a0- einige davon habe ich in diesem Blog besprochen: \u201eDematerialisierung \u2013 Die Neuverteilung der Welt in Zeiten des digitalen Darwinismus\u201c von Ralf\u00a0Kreuzer & Karl-Heinz Land; Tim Cole\u00a0 mit \"Digitale Transformation. Warum die deutsche Wirtschaft gerade die digitale Zukunft\u2026","rel":"","context":"\u00c4hnlicher Beitrag","block_context":{"text":"\u00c4hnlicher Beitrag","link":""},"img":{"alt_text":"deutschland_40","src":"https:\/\/i0.wp.com\/www.klaus-janowitz.de\/wordpress\/wp-content\/uploads\/2016\/11\/Deutschland_40-199x300.jpg?resize=350%2C200","width":350,"height":200},"classes":[]},{"id":12351,"url":"https:\/\/www.klaus-janowitz.de\/wordpress\/digitaler-wohlstand-fuer-alle-schwacher-staat-im-netz\/","url_meta":{"origin":10828,"position":3},"title":"Digitaler Wohlstand f\u00fcr alle \/Schwacher Staat im Netz  &#8211; Rez.","author":"KlausMJan","date":"7. Februar 2019","format":false,"excerpt":"10\/02\/19\u00a0kmjan Wohlstand f\u00fcr alle, war der Titel eines Buches von Ludwig Erhardt (1957), und es war eine Maxime der Sozialen Marktwirtschaft -\u00a0 gesellschaftlicher Konsens und\u00a0Grund\u00fcbereinkunft dar\u00fcber, wie die Wirtschaft sein sollte (29). Prinzipien wie Sozialpartnerschaft leiten sich daraus her. Auf diesen Versprechen beruhte zun\u00e4chst die Identifikation mit der demokratischen Bundesrepublik,\u00a0\u00a0Nation\u2026","rel":"","context":"\u00c4hnlicher Beitrag","block_context":{"text":"\u00c4hnlicher Beitrag","link":""},"img":{"alt_text":"","src":"https:\/\/i0.wp.com\/www.klaus-janowitz.de\/wordpress\/wp-content\/uploads\/2019\/01\/Digitaler-Wohlstand-189x300.jpeg?resize=350%2C200&ssl=1","width":350,"height":200},"classes":[]},{"id":7755,"url":"https:\/\/www.klaus-janowitz.de\/wordpress\/innovation-und-transformation-rez\/","url_meta":{"origin":10828,"position":4},"title":"Innovation und Transformation (Rez.)","author":"KlausMJan","date":"17. M\u00e4rz 2016","format":false,"excerpt":"17\/03\/16 kmjan Zwei B\u00fccher in denen es um Innovationsf\u00e4higkeit, um die \"Zukunft Deutschlands als Wirtschaftsnation\" (Cole S. 197)\u00a0geht. Es gibt ein oft idealisiertes Bild der deutschen Wirtschaft. Dazu z\u00e4hlen die hidden champions\u00a0aus\u00a0der ostwestf\u00e4lischen oder schw\u00e4bischen Provinz, die mit hochspezialisierten Produkten und herausragender Innovationskraft im Weltmarkt vorne stehen. Und es gibt\u2026","rel":"","context":"\u00c4hnlicher Beitrag","block_context":{"text":"\u00c4hnlicher Beitrag","link":""},"img":{"alt_text":"Innovationsstau","src":"https:\/\/i0.wp.com\/www.klaus-janowitz.de\/wordpress\/wp-content\/uploads\/2016\/02\/Innovationsstau-189x300.jpg?resize=350%2C200","width":350,"height":200},"classes":[]},{"id":12543,"url":"https:\/\/www.klaus-janowitz.de\/wordpress\/innovation-und-gesellschaft\/","url_meta":{"origin":10828,"position":5},"title":"Innovation und Gesellschaft","author":"KlausMJan","date":"27. M\u00e4rz 2019","format":false,"excerpt":"25\/03\/19 kmjan Innovation bzw.\u00a0innovativ z\u00e4hlt zu den Begriffen, die derart\u00a0 inflation\u00e4r gebraucht werden, dass man sie oft gleich in die Buzzword Ecke legen will. Dennoch bleibt der Begriff zentral und es haftet ihm ein Zukunftsversprechen an. Imaginationen der technologischen Zukunft nennt der Autor Jens Beckert sein\u00a0Kapitel zu Innovation. Innovationsraten haben\u2026","rel":"","context":"\u00c4hnlicher Beitrag","block_context":{"text":"\u00c4hnlicher Beitrag","link":""},"img":{"alt_text":"","src":"https:\/\/i0.wp.com\/www.klaus-janowitz.de\/wordpress\/wp-content\/uploads\/2019\/02\/Hirnblitz-300x200.jpg?resize=350%2C200&ssl=1","width":350,"height":200},"classes":[]}],"_links":{"self":[{"href":"https:\/\/www.klaus-janowitz.de\/wordpress\/wp-json\/wp\/v2\/pages\/10828","targetHints":{"allow":["GET"]}}],"collection":[{"href":"https:\/\/www.klaus-janowitz.de\/wordpress\/wp-json\/wp\/v2\/pages"}],"about":[{"href":"https:\/\/www.klaus-janowitz.de\/wordpress\/wp-json\/wp\/v2\/types\/page"}],"author":[{"embeddable":true,"href":"https:\/\/www.klaus-janowitz.de\/wordpress\/wp-json\/wp\/v2\/users\/1"}],"replies":[{"embeddable":true,"href":"https:\/\/www.klaus-janowitz.de\/wordpress\/wp-json\/wp\/v2\/comments?post=10828"}],"version-history":[{"count":71,"href":"https:\/\/www.klaus-janowitz.de\/wordpress\/wp-json\/wp\/v2\/pages\/10828\/revisions"}],"predecessor-version":[{"id":77886,"href":"https:\/\/www.klaus-janowitz.de\/wordpress\/wp-json\/wp\/v2\/pages\/10828\/revisions\/77886"}],"wp:attachment":[{"href":"https:\/\/www.klaus-janowitz.de\/wordpress\/wp-json\/wp\/v2\/media?parent=10828"}],"curies":[{"name":"wp","href":"https:\/\/api.w.org\/{rel}","templated":true}]}}